{"id":1913,"date":"2020-01-10T13:05:47","date_gmt":"2020-01-10T13:05:47","guid":{"rendered":"https:\/\/indi.cat\/?page_id=1913"},"modified":"2020-01-10T13:07:12","modified_gmt":"2020-01-10T13:07:12","slug":"indi-science-segunda-edicion","status":"publish","type":"page","link":"https:\/\/indi.cat\/es\/indi-science\/indi-science-segunda-edicion\/","title":{"rendered":"IND+I Science &#8211; Segunda edici\u00f3n"},"content":{"rendered":"<div class=\"wpb-content-wrapper\"><p>[vc_row][vc_column][vc_single_image image=\u00bb1754&#8243; img_size=\u00bbfull\u00bb alignment=\u00bbcenter\u00bb image_hovers=\u00bbfalse\u00bb lazy_loading=\u00bbtrue\u00bb][vc_single_image image=\u00bb29&#8243; img_size=\u00bbfull\u00bb alignment=\u00bbcenter\u00bb][\/vc_column][\/vc_row][vc_row type=\u00bbvc_default\u00bb full_width=\u00bbstretch_row\u00bb css=\u00bb.vc_custom_1516375646734{background-color: #000000 !important;}\u00bb][vc_column][vc_row_inner css=\u00bb.vc_custom_1516374774697{background-color: #000000 !important;}\u00bb][vc_column_inner][vc_column_text el_class=\u00bbtitu-blanc\u00bb]<\/p>\n<p style=\"text-align: center;\"><b>SE BUSCAN<br \/>\nDOCTORANDOS<\/b><\/p>\n<p>[\/vc_column_text][\/vc_column_inner][\/vc_row_inner][vc_row_inner css=\u00bb.vc_custom_1516375606475{margin-bottom: 40px !important;}\u00bb][vc_column_inner][vc_column_text el_class=\u00bbblanc intro\u00bb]<\/p>\n<p style=\"text-align: center;\">El IND+I, encuentro anual de referencia en innovaci\u00f3n e industria en Viladecans, junto con la Universitat Polit\u00e8cnica de Catalunya i la Universitat de Barcelona, en colaboraci\u00f3n con el \u00c1rea Metropolitana de Barcelona, el Pacte Industrial de la Regi\u00f3 Metropolitana de Barcelona y el Pla Estrat\u00e8gic Metropolit\u00e0 de Barcelona, promueven el IND+I Science para reconocer, divulgar y hacer realidad la aplicaci\u00f3n de la investigaci\u00f3n que se hace en las universidades catalanas o por estudiantes catalanes en universidades extranjeras.<\/p>\n<p style=\"text-align: center;\">El IND+I Science pretende actuar como un espacio aglutinador y, especialmente, hacer la transferencia de conocimiento hacia las pol\u00edticas p\u00fablicas.<\/p>\n<p style=\"text-align: center;\">A trav\u00e9s del IND+I Science se otorgar\u00e1n los siguientes tres premios de 3.000 euros cada uno:<\/p>\n<ol>\n<li style=\"text-align: center;\">Sistemas y pol\u00edticas de innovaci\u00f3n<\/li>\n<li style=\"text-align: center;\">Agenda de desarrollo metropolitano<\/li>\n<li style=\"text-align: center;\">Industria verde para el crecimiento sostenible<\/li>\n<\/ol>\n<p style=\"text-align: center;\"><strong>La fecha l\u00edmite para la entrega de las propuestas es el 20 de Diciembre de 2018<\/strong><\/p>\n<p>[\/vc_column_text][vc_btn title=\u00bbCONSULTA LAS BASES\u00bb style=\u00bboutline-custom\u00bb outline_custom_color=\u00bb#00a8b4&#8243; outline_custom_hover_background=\u00bb#00a8b4&#8243; outline_custom_hover_text=\u00bb#ffffff\u00bb shape=\u00bbsquare\u00bb align=\u00bbcenter\u00bb link=\u00bburl:http%3A%2F%2Findi.cviladecans.cat%2Fwp-content%2Fuploads%2FConvo-indi-science-cast-2018_V03.pdf|title:CONSULTA%20LAS%20BASES|target:%20_blank|\u00bb][vc_btn title=\u00bbPRESENTA TU PROPUESTA\u00bb style=\u00bboutline-custom\u00bb outline_custom_color=\u00bb#00a8b4&#8243; outline_custom_hover_background=\u00bb#00a8b4&#8243; outline_custom_hover_text=\u00bb#ffffff\u00bb shape=\u00bbsquare\u00bb align=\u00bbcenter\u00bb link=\u00bburl:https%3A%2F%2Fes.surveymonkey.com%2Fr%2F5ZHYM92|title:PRESENTA%20TU%20PROPUESTA|target:%20_blank|\u00bb][\/vc_column_inner][\/vc_row_inner][\/vc_column][\/vc_row][vc_row][vc_column css=\u00bb.vc_custom_1513361611661{margin-top: 3em !important;}\u00bb][vc_raw_html]JTNDZGl2JTIwY2xhc3MlM0QlMjJpbmljaWF0aXZhJTIyJTNFJTBBJTA5JTNDc3BhbiUzRVVuYSUyMGluaWNpYXRpdmElMjBkZSUzQSUzQyUyRnNwYW4lM0UlMEElMDklM0NpbWclMjBzcmMlM0QlMjJodHRwcyUzQSUyRiUyRmluZGkuY2F0JTJGd3AtY29udGVudCUyRnVwbG9hZHMlMkZ2aWxhZGVjYW5zLnBuZyUyMiUyMHRpdGxlJTNEJTIyQWp1bnRhbWVudCUyMGRlJTIwVmlsYWRlY2FucyUyMiUzRSUwQSUwOSUzQ2ltZyUyMHNyYyUzRCUyMmh0dHBzJTNBJTJGJTJGaW5kaS5jYXQlMkZ3cC1jb250ZW50JTJGdXBsb2FkcyUyRmFtYi5qcGclMjIlMjB0aXRsZSUzRCUyMkFNQiUyMiUzRSUwQSUwOSUzQ2ltZyUyMHNyYyUzRCUyMmh0dHBzJTNBJTJGJTJGaW5kaS5jYXQlMkZ3cC1jb250ZW50JTJGdXBsb2FkcyUyRnBhY3RlLnBuZyUyMiUyMHRpdGxlJTNEJTIyUGFjdGUlMjBpbmR1c3RyaWFsJTIwZGUlMjBsYSUyMFJlZ2klQzMlQjMlMjBNZXRyb3BvbGl0YW5hJTIwZGUlMjBCYXJjZWxvbmElMjIlM0UlMEElMDklM0NpbWclMjBzcmMlM0QlMjJodHRwcyUzQSUyRiUyRmluZGkuY2F0JTJGd3AtY29udGVudCUyRnVwbG9hZHMlMkZwbGEucG5nJTIyJTIwdGl0bGUlM0QlMjJwbGElMjIlM0UlMEElMDklM0NpbWclMjBzcmMlM0QlMjJodHRwcyUzQSUyRiUyRmluZGkuY2F0JTJGd3AtY29udGVudCUyRnVwbG9hZHMlMkZsb2dvcy5qcGclMjIlMjB0aXRsZSUzRCUyMlVQQyUyMC0lMjBVQiUyMiUyMGhlaWdodCUzRCUyMjgwJTIyJTNFJTBBJTNDJTJGZGl2JTNF[\/vc_raw_html][\/vc_column][\/vc_row]<\/p>\n<\/div>","protected":false},"excerpt":{"rendered":"<p>[vc_row][vc_column][vc_single_image image=\u00bb1754&#8243; img_size=\u00bbfull\u00bb alignment=\u00bbcenter\u00bb image_hovers=\u00bbfalse\u00bb lazy_loading=\u00bbtrue\u00bb][vc_single_image image=\u00bb29&#8243; img_size=\u00bbfull\u00bb alignment=\u00bbcenter\u00bb][\/vc_column][\/vc_row][vc_row type=\u00bbvc_default\u00bb full_width=\u00bbstretch_row\u00bb css=\u00bb.vc_custom_1516375646734{background-color: #000000 !important;}\u00bb][vc_column][vc_row_inner css=\u00bb.vc_custom_1516374774697{background-color: #000000 !important;}\u00bb][vc_column_inner][vc_column_text el_class=\u00bbtitu-blanc\u00bb] SE BUSCAN DOCTORANDOS [\/vc_column_text][\/vc_column_inner][\/vc_row_inner][vc_row_inner css=\u00bb.vc_custom_1516375606475{margin-bottom: 40px !important;}\u00bb][vc_column_inner][vc_column_text el_class=\u00bbblanc intro\u00bb] El IND+I, encuentro anual de referencia en innovaci\u00f3n e industria en Viladecans, junto con la Universitat Polit\u00e8cnica de Catalunya i la Universitat de Barcelona, en colaboraci\u00f3n con el&hellip;<\/p>\n","protected":false},"author":1,"featured_media":0,"parent":826,"menu_order":0,"comment_status":"closed","ping_status":"closed","template":"","meta":{"footnotes":""},"class_list":["post-1913","page","type-page","status-publish","hentry","description-off"],"yoast_head":"<!-- This site is optimized with the Yoast SEO plugin v27.2 - https:\/\/yoast.com\/product\/yoast-seo-wordpress\/ -->\n<title>IND+I Science - Segunda edici\u00f3n - IND+I 2025<\/title>\n<meta name=\"robots\" content=\"index, follow, max-snippet:-1, max-image-preview:large, max-video-preview:-1\" \/>\n<link rel=\"canonical\" href=\"https:\/\/indi.cat\/es\/indi-science\/indi-science-segunda-edicion\/\" \/>\n<meta property=\"og:locale\" content=\"es_ES\" \/>\n<meta property=\"og:type\" content=\"article\" \/>\n<meta property=\"og:title\" content=\"IND+I Science - Segunda edici\u00f3n - IND+I 2025\" \/>\n<meta property=\"og:description\" content=\"[vc_row][vc_column][vc_single_image image=\u00bb1754&#8243; img_size=\u00bbfull\u00bb alignment=\u00bbcenter\u00bb image_hovers=\u00bbfalse\u00bb lazy_loading=\u00bbtrue\u00bb][vc_single_image image=\u00bb29&#8243; img_size=\u00bbfull\u00bb alignment=\u00bbcenter\u00bb][\/vc_column][\/vc_row][vc_row type=\u00bbvc_default\u00bb full_width=\u00bbstretch_row\u00bb css=\u00bb.vc_custom_1516375646734{background-color: #000000 !important;}\u00bb][vc_column][vc_row_inner css=\u00bb.vc_custom_1516374774697{background-color: #000000 !important;}\u00bb][vc_column_inner][vc_column_text el_class=\u00bbtitu-blanc\u00bb] SE BUSCAN DOCTORANDOS [\/vc_column_text][\/vc_column_inner][\/vc_row_inner][vc_row_inner css=\u00bb.vc_custom_1516375606475{margin-bottom: 40px !important;}\u00bb][vc_column_inner][vc_column_text el_class=\u00bbblanc intro\u00bb] El IND+I, encuentro anual de referencia en innovaci\u00f3n e industria en Viladecans, junto con la Universitat Polit\u00e8cnica de Catalunya i la Universitat de Barcelona, en colaboraci\u00f3n con el&hellip;\" \/>\n<meta property=\"og:url\" content=\"https:\/\/indi.cat\/es\/indi-science\/indi-science-segunda-edicion\/\" \/>\n<meta property=\"og:site_name\" content=\"IND+I 2025\" \/>\n<meta property=\"article:modified_time\" content=\"2020-01-10T13:07:12+00:00\" \/>\n<meta name=\"twitter:card\" content=\"summary_large_image\" \/>\n<meta name=\"twitter:site\" content=\"@INDI_viladecans\" \/>\n<script type=\"application\/ld+json\" class=\"yoast-schema-graph\">{\"@context\":\"https:\/\/schema.org\",\"@graph\":[{\"@type\":\"WebPage\",\"@id\":\"https:\/\/indi.cat\/es\/indi-science\/indi-science-segunda-edicion\/\",\"url\":\"https:\/\/indi.cat\/es\/indi-science\/indi-science-segunda-edicion\/\",\"name\":\"IND+I Science - Segunda edici\u00f3n - IND+I 2025\",\"isPartOf\":{\"@id\":\"https:\/\/indi.cat\/#website\"},\"datePublished\":\"2020-01-10T13:05:47+00:00\",\"dateModified\":\"2020-01-10T13:07:12+00:00\",\"breadcrumb\":{\"@id\":\"https:\/\/indi.cat\/es\/indi-science\/indi-science-segunda-edicion\/#breadcrumb\"},\"inLanguage\":\"es\",\"potentialAction\":[{\"@type\":\"ReadAction\",\"target\":[\"https:\/\/indi.cat\/es\/indi-science\/indi-science-segunda-edicion\/\"]}]},{\"@type\":\"BreadcrumbList\",\"@id\":\"https:\/\/indi.cat\/es\/indi-science\/indi-science-segunda-edicion\/#breadcrumb\",\"itemListElement\":[{\"@type\":\"ListItem\",\"position\":1,\"name\":\"Home\",\"item\":\"https:\/\/indi.cat\/es\/\"},{\"@type\":\"ListItem\",\"position\":2,\"name\":\"IND+I Science\",\"item\":\"https:\/\/indi.cat\/es\/indi-science\/\"},{\"@type\":\"ListItem\",\"position\":3,\"name\":\"IND+I Science &#8211; Segunda edici\u00f3n\"}]},{\"@type\":\"WebSite\",\"@id\":\"https:\/\/indi.cat\/#website\",\"url\":\"https:\/\/indi.cat\/\",\"name\":\"IND+I 2025\",\"description\":\"Viladecans\",\"potentialAction\":[{\"@type\":\"SearchAction\",\"target\":{\"@type\":\"EntryPoint\",\"urlTemplate\":\"https:\/\/indi.cat\/?s={search_term_string}\"},\"query-input\":{\"@type\":\"PropertyValueSpecification\",\"valueRequired\":true,\"valueName\":\"search_term_string\"}}],\"inLanguage\":\"es\"}]}<\/script>\n<!-- \/ Yoast SEO plugin. -->","yoast_head_json":{"title":"IND+I Science - Segunda edici\u00f3n - IND+I 2025","robots":{"index":"index","follow":"follow","max-snippet":"max-snippet:-1","max-image-preview":"max-image-preview:large","max-video-preview":"max-video-preview:-1"},"canonical":"https:\/\/indi.cat\/es\/indi-science\/indi-science-segunda-edicion\/","og_locale":"es_ES","og_type":"article","og_title":"IND+I Science - Segunda edici\u00f3n - IND+I 2025","og_description":"[vc_row][vc_column][vc_single_image image=\u00bb1754&#8243; img_size=\u00bbfull\u00bb alignment=\u00bbcenter\u00bb image_hovers=\u00bbfalse\u00bb lazy_loading=\u00bbtrue\u00bb][vc_single_image image=\u00bb29&#8243; img_size=\u00bbfull\u00bb alignment=\u00bbcenter\u00bb][\/vc_column][\/vc_row][vc_row type=\u00bbvc_default\u00bb full_width=\u00bbstretch_row\u00bb css=\u00bb.vc_custom_1516375646734{background-color: #000000 !important;}\u00bb][vc_column][vc_row_inner css=\u00bb.vc_custom_1516374774697{background-color: #000000 !important;}\u00bb][vc_column_inner][vc_column_text el_class=\u00bbtitu-blanc\u00bb] SE BUSCAN DOCTORANDOS [\/vc_column_text][\/vc_column_inner][\/vc_row_inner][vc_row_inner css=\u00bb.vc_custom_1516375606475{margin-bottom: 40px !important;}\u00bb][vc_column_inner][vc_column_text el_class=\u00bbblanc intro\u00bb] El IND+I, encuentro anual de referencia en innovaci\u00f3n e industria en Viladecans, junto con la Universitat Polit\u00e8cnica de Catalunya i la Universitat de Barcelona, en colaboraci\u00f3n con el&hellip;","og_url":"https:\/\/indi.cat\/es\/indi-science\/indi-science-segunda-edicion\/","og_site_name":"IND+I 2025","article_modified_time":"2020-01-10T13:07:12+00:00","twitter_card":"summary_large_image","twitter_site":"@INDI_viladecans","schema":{"@context":"https:\/\/schema.org","@graph":[{"@type":"WebPage","@id":"https:\/\/indi.cat\/es\/indi-science\/indi-science-segunda-edicion\/","url":"https:\/\/indi.cat\/es\/indi-science\/indi-science-segunda-edicion\/","name":"IND+I Science - Segunda edici\u00f3n - IND+I 2025","isPartOf":{"@id":"https:\/\/indi.cat\/#website"},"datePublished":"2020-01-10T13:05:47+00:00","dateModified":"2020-01-10T13:07:12+00:00","breadcrumb":{"@id":"https:\/\/indi.cat\/es\/indi-science\/indi-science-segunda-edicion\/#breadcrumb"},"inLanguage":"es","potentialAction":[{"@type":"ReadAction","target":["https:\/\/indi.cat\/es\/indi-science\/indi-science-segunda-edicion\/"]}]},{"@type":"BreadcrumbList","@id":"https:\/\/indi.cat\/es\/indi-science\/indi-science-segunda-edicion\/#breadcrumb","itemListElement":[{"@type":"ListItem","position":1,"name":"Home","item":"https:\/\/indi.cat\/es\/"},{"@type":"ListItem","position":2,"name":"IND+I Science","item":"https:\/\/indi.cat\/es\/indi-science\/"},{"@type":"ListItem","position":3,"name":"IND+I Science &#8211; Segunda edici\u00f3n"}]},{"@type":"WebSite","@id":"https:\/\/indi.cat\/#website","url":"https:\/\/indi.cat\/","name":"IND+I 2025","description":"Viladecans","potentialAction":[{"@type":"SearchAction","target":{"@type":"EntryPoint","urlTemplate":"https:\/\/indi.cat\/?s={search_term_string}"},"query-input":{"@type":"PropertyValueSpecification","valueRequired":true,"valueName":"search_term_string"}}],"inLanguage":"es"}]}},"_links":{"self":[{"href":"https:\/\/indi.cat\/es\/wp-json\/wp\/v2\/pages\/1913","targetHints":{"allow":["GET"]}}],"collection":[{"href":"https:\/\/indi.cat\/es\/wp-json\/wp\/v2\/pages"}],"about":[{"href":"https:\/\/indi.cat\/es\/wp-json\/wp\/v2\/types\/page"}],"author":[{"embeddable":true,"href":"https:\/\/indi.cat\/es\/wp-json\/wp\/v2\/users\/1"}],"replies":[{"embeddable":true,"href":"https:\/\/indi.cat\/es\/wp-json\/wp\/v2\/comments?post=1913"}],"version-history":[{"count":0,"href":"https:\/\/indi.cat\/es\/wp-json\/wp\/v2\/pages\/1913\/revisions"}],"up":[{"embeddable":true,"href":"https:\/\/indi.cat\/es\/wp-json\/wp\/v2\/pages\/826"}],"wp:attachment":[{"href":"https:\/\/indi.cat\/es\/wp-json\/wp\/v2\/media?parent=1913"}],"curies":[{"name":"wp","href":"https:\/\/api.w.org\/{rel}","templated":true}]}}