{"id":1402,"date":"2018-06-22T05:08:42","date_gmt":"2018-06-22T05:08:42","guid":{"rendered":"http:\/\/indi.cviladecans.cat\/?page_id=1402\/"},"modified":"2025-10-14T15:49:02","modified_gmt":"2025-10-14T13:49:02","slug":"club3","status":"publish","type":"page","link":"https:\/\/indi.cat\/es\/club3\/","title":{"rendered":"Club3"},"content":{"rendered":"<div class=\"wpb-content-wrapper\"><p>[vc_row type=\u00bbvc_default\u00bb full_width=\u00bbstretch_row\u00bb content_placement=\u00bbmiddle\u00bb][vc_column][vc_single_image image=\u00bb226&#8243; img_size=\u00bbfull\u00bb alignment=\u00bbcenter\u00bb image_hovers=\u00bbfalse\u00bb][\/vc_column][\/vc_row][vc_row type=\u00bbvc_default\u00bb full_width=\u00bbstretch_row\u00bb content_placement=\u00bbmiddle\u00bb][vc_column][vc_column_text el_class=\u00bbtitu-negre\u00bb]<\/p>\n<p style=\"text-align: center;\">Pendientes de los libros relevantes sobre innovaci\u00f3n<\/p>\n<p>[\/vc_column_text][vc_column_text]<\/p>\n<div style=\"max-width: 470px; text-align: justify; margin: auto;\">\n<p>El <b>IND+I Club <\/b>es una red de reflexi\u00f3n e intercambio participativo entre personas interesadas en el \u00e1mbito de la industria y la innovaci\u00f3n. Est\u00e1 abierto a todos y da continuidad al encuentro anual <b>IND+I <\/b>que se celebra en Viladecans anualmente.<\/p>\n<p><b>La actividad principal que realiza el IND+I Club es un Club de lectura<\/b>, en el que varios voluntarios <b>presentan y comentan libros <\/b>que les han parecido <b>relevantes en materia de innovaci\u00f3n e industria<\/b>.<\/p>\n<p>Sin duda, una ocasi\u00f3n excepcional para ponerse al d\u00eda de <b>las \u00faltimas tendencias. \u00bfTe animas a leer y presentar uno?<\/b><\/p>\n<\/div>\n<p>[\/vc_column_text][\/vc_column][\/vc_row][vc_row type=\u00bbvc_default\u00bb full_width=\u00bbstretch_row_content_no_spaces\u00bb content_placement=\u00bbmiddle\u00bb css=\u00bb.vc_custom_1489056578006{padding-top: 15px !important;padding-bottom: 15px !important;background-color: #000000 !important;}\u00bb][vc_column][vc_column_text css=\u00bb\u00bb el_class=\u00bbtitu-blanc\u00bb]<\/p>\n<p style=\"text-align: center;\">9a Sesi\u00f3n IND+I CLUB 2025<\/p>\n<p>[\/vc_column_text][\/vc_column][\/vc_row][vc_row type=\u00bbvc_default\u00bb full_width=\u00bbstretch_row\u00bb content_placement=\u00bbmiddle\u00bb][vc_column][vc_single_image image=\u00bb29&#8243; img_size=\u00bbfull\u00bb alignment=\u00bbcenter\u00bb image_hovers=\u00bbfalse\u00bb][\/vc_column][\/vc_row][vc_row type=\u00bbvc_default\u00bb full_width=\u00bbstretch_row\u00bb content_placement=\u00bbmiddle\u00bb css=\u00bb.vc_custom_1489057490422{margin-top: 20px !important;}\u00bb][vc_column][vc_column_text css=\u00bb\u00bb el_class=\u00bbsub-titu-negre\u00bb]<\/p>\n<p style=\"text-align: center;\"><strong>22\/10\/2025, 10:00h<\/strong><br \/>\n<strong>IND+I Club Cerdanyola del Vall\u00e8s<\/strong><br \/>\nEspai Granados \u2013 Plaza Enric Granados, 1, <span class=\"il\">Cerdanyola<\/span>\u00a0del Vall\u00e8s<\/p>\n<p style=\"text-align: center;\"><a href=\"https:\/\/webs.uab.cat\/setmanainnovacio\/activitats-2025\/indi-club\/#inscripcio-indiclub\" target=\"_blank\" rel=\"noopener\">Formulario de inscripci\u00f3n<\/a><\/p>\n<p>[\/vc_column_text][\/vc_column][\/vc_row][vc_row][vc_column][vc_separator color=\u00bbcustom\u00bb border_width=\u00bb5&#8243; accent_color=\u00bb#00a8b4&#8243;][\/vc_column][\/vc_row][vc_row type=\u00bbvc_default\u00bb full_width=\u00bbstretch_row\u00bb content_placement=\u00bbmiddle\u00bb css=\u00bb.vc_custom_1541507098100{margin-bottom: 5em !important;}\u00bb][vc_column][vc_column_text css=\u00bb\u00bb el_class=\u00bbintro\u00bb]<\/p>\n<p data-start=\"62\" data-end=\"362\"><strong data-start=\"62\" data-end=\"73\">10.00 h<\/strong> Bienvenida institucional a cargo de <strong data-start=\"110\" data-end=\"127\">Carlos Cord\u00f3n<\/strong>, alcalde de Cerdanyola del Vall\u00e8s.<br data-start=\"162\" data-end=\"165\" \/><strong data-start=\"165\" data-end=\"176\">10.05 h<\/strong> Presentaci\u00f3n del <strong data-start=\"194\" data-end=\"203\">IND+I<\/strong>, a cargo de <strong data-start=\"216\" data-end=\"235\">\u00c0urea Rodr\u00edguez<\/strong>, experta en innovaci\u00f3n y miembro del Consejo IND+I.<br data-start=\"287\" data-end=\"290\" \/><strong data-start=\"290\" data-end=\"301\">10.15 h<\/strong> Lecturas de innovaci\u00f3n \u2013 encuentro con autores y lectores:<\/p>\n<ul>\n<li data-start=\"364\" data-end=\"544\"><strong data-start=\"364\" data-end=\"388\">Luis Fonseca Ch\u00e1caro<\/strong>, doctor en F\u00edsica (UAB) y director del Instituto de Microelectr\u00f3nica de Barcelona \u2013 IMB CNM (CSIC), presentar\u00e1 <em data-start=\"500\" data-end=\"524\">La guerra de los chips<\/em>, de Chris Miller.<\/li>\n<li data-start=\"364\" data-end=\"544\"><strong data-start=\"546\" data-end=\"568\">Meritxell Bassolas<\/strong>, directora de Proyectos Estrat\u00e9gicos del Centro de Visi\u00f3n por Computador, presentar\u00e1 el art\u00edculo <em data-start=\"666\" data-end=\"679\">En voz alta<\/em>, de Lluc\u00eda Ramis.<\/li>\n<li data-start=\"364\" data-end=\"544\"><strong data-start=\"701\" data-end=\"729\">Alejandro S\u00e1nchez Grueso<\/strong>, doctor en Ciencias F\u00edsicas y director de la Oficina de Relaciones con la Industria del Sincrotr\u00f3n ALBA, presentar\u00e1 <em data-start=\"846\" data-end=\"907\">La Gran Ciencia en el siglo XXI: impacto econ\u00f3mico y social<\/em>, del cual es coautor de un cap\u00edtulo.<\/li>\n<\/ul>\n<p data-start=\"948\" data-end=\"1029\"><strong data-start=\"948\" data-end=\"959\">11.15 h<\/strong> Turno abierto de preguntas y debate.<br data-start=\"996\" data-end=\"999\" \/><strong data-start=\"999\" data-end=\"1010\">11.30 h<\/strong> Cierre del acto.<\/p>\n<p data-start=\"1031\" data-end=\"1131\">Modera: <strong>Conchi Mart\u00ednez<\/strong>, concejala de Innovaci\u00f3n del Ayuntamiento de Cerdanyola del Vall\u00e8s.<\/p>\n<p>[\/vc_column_text][\/vc_column][\/vc_row][vc_row type=\u00bbvc_default\u00bb full_width=\u00bbstretch_row_content_no_spaces\u00bb content_placement=\u00bbmiddle\u00bb css=\u00bb.vc_custom_1489056578006{padding-top: 15px !important;padding-bottom: 15px !important;background-color: #000000 !important;}\u00bb][vc_column][vc_column_text css=\u00bb\u00bb el_class=\u00bbtitu-blanc\u00bb]<\/p>\n<p style=\"text-align: center;\">8a Sesi\u00f3n IND+I CLUB 2025<\/p>\n<p>[\/vc_column_text][\/vc_column][\/vc_row][vc_row type=\u00bbvc_default\u00bb full_width=\u00bbstretch_row\u00bb content_placement=\u00bbmiddle\u00bb][vc_column][vc_single_image image=\u00bb29&#8243; img_size=\u00bbfull\u00bb alignment=\u00bbcenter\u00bb image_hovers=\u00bbfalse\u00bb][\/vc_column][\/vc_row][vc_row type=\u00bbvc_default\u00bb full_width=\u00bbstretch_row\u00bb content_placement=\u00bbmiddle\u00bb css=\u00bb.vc_custom_1489057490422{margin-top: 20px !important;}\u00bb][vc_column][vc_column_text css=\u00bb\u00bb el_class=\u00bbsub-titu-negre\u00bb]<\/p>\n<p style=\"text-align: center;\"><strong>09\/09\/2025, 18:00h<\/strong><br \/>\n<strong>IND+I Club Barcelona<\/strong><br \/>\nSala de Actos del Can\u00f2drom \u2013 Ateneu d\u2019Innovaci\u00f3 Digital i Democr\u00e0tica. Calle de Concepci\u00f3n Arenal, 165, Sant Andreu, 08027 Barcelona.<\/p>\n<p style=\"text-align: center;\"><a href=\"https:\/\/docs.google.com\/forms\/d\/1LZ7yJOGJACAHzn5Jp75dA7jyMEm3bMuAQy_4I3eTYtg\/viewform\" target=\"_blank\" rel=\"noopener\">Formulario de inscripci\u00f3n<\/a><\/p>\n<p>[\/vc_column_text][\/vc_column][\/vc_row][vc_row][vc_column][vc_separator color=\u00bbcustom\u00bb border_width=\u00bb5&#8243; accent_color=\u00bb#00a8b4&#8243;][\/vc_column][\/vc_row][vc_row type=\u00bbvc_default\u00bb full_width=\u00bbstretch_row\u00bb content_placement=\u00bbmiddle\u00bb css=\u00bb.vc_custom_1541507098100{margin-bottom: 5em !important;}\u00bb][vc_column][vc_column_text css=\u00bb\u00bb el_class=\u00bbintro\u00bb]<strong>18.00 h<\/strong> Bienvenida institucional a cargo de Oriol Estela, coordinador general del PEMB.<\/p>\n<p><strong>18.10 h<\/strong> Presentaci\u00f3n del IND+I, a cargo de Oriol Estela, economista, ge\u00f3grafo, coordinador general del PEMB y miembro del Consejo IND+I.<\/p>\n<p><strong>18.20 h<\/strong> Lecturas de innovaci\u00f3n \u2013 Encuentro con autores y lectores:<\/p>\n<ul>\n<li><strong>Liliana Arroyo Moliner,<\/strong> doctora en sociolog\u00eda y especialista en innovaci\u00f3n social digital, comentar\u00e1 <em>Searches: Selfhood in the Digital Age<\/em>, de Vauhini Vara, una lectura centrada en la soberan\u00eda tecnol\u00f3gica y la identidad digital.<\/li>\n<li><strong>Joana Barbany Freixa,<\/strong> presidenta del cl\u00faster digital de Catalu\u00f1a y directora en Page Group, presentar\u00e1 su libro <em>Rehumanizando la tecnolog\u00eda<\/em>. Claves para sobrevivir como especie en la era digital.<\/li>\n<li><strong>David Rodr\u00edguez Borr\u00e0s,<\/strong> economista, polit\u00f3logo y secretario t\u00e9cnico del PEMB, presentar\u00e1 <em>La paradoja del beneficio<\/em>, de Jan Eeckhout.<\/li>\n<\/ul>\n<p><strong>20.20 h<\/strong> Turno abierto de preguntas y debate.<\/p>\n<p><strong>20.30 h<\/strong> Clausura del acto.<\/p>\n<p>Modera: <strong>Oriol Estela,<\/strong> coordinador general del PEMB.[\/vc_column_text][\/vc_column][\/vc_row][vc_row type=\u00bbvc_default\u00bb full_width=\u00bbstretch_row_content_no_spaces\u00bb content_placement=\u00bbmiddle\u00bb css=\u00bb.vc_custom_1489056578006{padding-top: 15px !important;padding-bottom: 15px !important;background-color: #000000 !important;}\u00bb][vc_column][vc_column_text css=\u00bb\u00bb el_class=\u00bbtitu-blanc\u00bb]<\/p>\n<p style=\"text-align: center;\">7a Sesi\u00f3n IND+I CLUB 2025<\/p>\n<p>[\/vc_column_text][\/vc_column][\/vc_row][vc_row type=\u00bbvc_default\u00bb full_width=\u00bbstretch_row\u00bb content_placement=\u00bbmiddle\u00bb][vc_column][vc_single_image image=\u00bb29&#8243; img_size=\u00bbfull\u00bb alignment=\u00bbcenter\u00bb image_hovers=\u00bbfalse\u00bb][\/vc_column][\/vc_row][vc_row type=\u00bbvc_default\u00bb full_width=\u00bbstretch_row\u00bb content_placement=\u00bbmiddle\u00bb css=\u00bb.vc_custom_1489057490422{margin-top: 20px !important;}\u00bb][vc_column][vc_column_text css=\u00bb\u00bb el_class=\u00bbsub-titu-negre\u00bb]<\/p>\n<p style=\"text-align: center;\"><strong>04\/06\/2025, 9:00h<\/strong><br \/>\n<strong>IND+I Club Sestao<\/strong><br \/>\nSesi\u00f3n Presencial en la Biblioteca municipal Sabina de la Cruz, Kasko Plaza, 3, 48910 Sestao, Bizkaia. On line por ZOOM.<\/p>\n<p style=\"text-align: center;\"><a href=\"https:\/\/docs.google.com\/forms\/d\/e\/1FAIpQLSfKdmSgWfLmBmAsXPBxS4KhURPEGMx-MU65AWDj78oBIWxltQ\/viewform\" target=\"_blank\" rel=\"noopener\">Formulario de inscripci\u00f3n<\/a><\/p>\n<p>[\/vc_column_text][\/vc_column][\/vc_row][vc_row][vc_column][vc_separator color=\u00bbcustom\u00bb border_width=\u00bb5&#8243; accent_color=\u00bb#00a8b4&#8243;][\/vc_column][\/vc_row][vc_row type=\u00bbvc_default\u00bb full_width=\u00bbstretch_row\u00bb content_placement=\u00bbmiddle\u00bb css=\u00bb.vc_custom_1541507098100{margin-bottom: 5em !important;}\u00bb][vc_column][vc_column_text css=\u00bb\u00bb el_class=\u00bbintro\u00bb]<\/p>\n<p style=\"text-align: center;\"><strong>AGENDA IND+I CLUB SESTAO<\/strong><\/p>\n<p>9:00\u00a0<strong>Bienvenida Institucional<\/strong>\u00a0a cargo de\u00a0<strong>Gorka \u00c1lvarez<\/strong> alcalde de Sestao.<\/p>\n<p>9:10\u00a0<strong>Presentaci\u00f3n del IND+I,<\/strong>\u00a0a cargo\u00a0<strong>Joan Bassolas<\/strong>\u00a0 de la Secretaria T\u00e9cnica de\u00a0 IND+I.<\/p>\n<p>9:20 <strong>Lecturas de innovaci\u00f3n<\/strong>. Encuentro con los autores y lectores:<\/p>\n<ul>\n<li><strong>I\u00f1igo Bonet Badiola<\/strong>, responsable t\u00e9cnico en Sostenibilidad, Innovaci\u00f3n y Urbanismo de Sestao Berri presentar\u00e1 los libros\u00a0\u201cEscuela de Aprendices\u201d de Marina Garc\u00e9s y \u201cEl problema de la vivienda\u201d de Javier Bur\u00f3n<\/li>\n<li><strong>Maialen Oregi Arbide,\u00a0<\/strong>directora de Mercado en BUILDINN Basque Construction Cluster\u00a0presentar\u00e1\u00a0del libro\u00a0\u201cCuriosidad: felicidad y \u00e9xito\u201d de Alfons Cornella.<\/li>\n<li><strong>Cristina Llamas<\/strong>, responsable de Arquitectura y Urbanismo de VISESA (Vivienda y Suelo de Euskadi SA)\u00a0presenta\u00a0\u201cEl libro Blanco de la vivienda Industrializada\u201d.<\/li>\n<\/ul>\n<p>10:15\u00a0<strong>Turno de preguntas y debate<\/strong>.<\/p>\n<p>10.30\u00a0<strong>Clausura del acto.<\/strong><\/p>\n<p>Modera\u00a0<strong>Carlos Garcia de Andoin,\u00a0<\/strong>concejal de Promoci\u00f3n Econ\u00f3mica y Empleo del Ayuntamiento de Sestao.[\/vc_column_text][\/vc_column][\/vc_row][vc_row type=\u00bbvc_default\u00bb full_width=\u00bbstretch_row_content_no_spaces\u00bb content_placement=\u00bbmiddle\u00bb css=\u00bb.vc_custom_1489056578006{padding-top: 15px !important;padding-bottom: 15px !important;background-color: #000000 !important;}\u00bb][vc_column][vc_column_text css=\u00bb\u00bb el_class=\u00bbtitu-blanc\u00bb]<\/p>\n<p style=\"text-align: center;\">6a Sesi\u00f3n IND+I CLUB 2025<\/p>\n<p>[\/vc_column_text][\/vc_column][\/vc_row][vc_row type=\u00bbvc_default\u00bb full_width=\u00bbstretch_row\u00bb content_placement=\u00bbmiddle\u00bb][vc_column][vc_single_image image=\u00bb29&#8243; img_size=\u00bbfull\u00bb alignment=\u00bbcenter\u00bb image_hovers=\u00bbfalse\u00bb][\/vc_column][\/vc_row][vc_row type=\u00bbvc_default\u00bb full_width=\u00bbstretch_row\u00bb content_placement=\u00bbmiddle\u00bb css=\u00bb.vc_custom_1489057490422{margin-top: 20px !important;}\u00bb][vc_column][vc_column_text css=\u00bb\u00bb el_class=\u00bbsub-titu-negre\u00bb]<\/p>\n<p style=\"text-align: center;\"><strong>20\/05\/2025, 17:30h<\/strong><br \/>\n<strong>IND+I Club Vilablareix<\/strong><br \/>\nSesi\u00f3n Presencial en la Sala de Confer\u00e8ncies de Can Guart (Carrer de la Farigola, 50, Vilablareix)<\/p>\n<p style=\"text-align: center;\"><a href=\"https:\/\/forms.gle\/VffFHmFj7z8Zc7286\" target=\"_blank\" rel=\"noopener\">Formulario de inscripci\u00f3n<\/a><\/p>\n<p>[\/vc_column_text][\/vc_column][\/vc_row][vc_row][vc_column][vc_separator color=\u00bbcustom\u00bb border_width=\u00bb5&#8243; accent_color=\u00bb#00a8b4&#8243;][\/vc_column][\/vc_row][vc_row type=\u00bbvc_default\u00bb full_width=\u00bbstretch_row\u00bb content_placement=\u00bbmiddle\u00bb css=\u00bb.vc_custom_1541507098100{margin-bottom: 5em !important;}\u00bb][vc_column][vc_column_text css=\u00bb\u00bb el_class=\u00bbintro\u00bb]<\/p>\n<p style=\"text-align: center;\"><strong>AGENDA IND+I CLUB VILABLAREIX<\/strong><\/p>\n<p>17:30\u00a0<strong>Bienvenida Institucional<\/strong>\u00a0a cargo de\u00a0<strong>Adri\u00e0 Sureda,<\/strong>\u00a0concejal de Promoci\u00f3n Econ\u00f3mica.<\/p>\n<p>17:35\u00a0<strong>Presentaci\u00f3n del IND+I,<\/strong> a cargo <strong>Xavier Testar<\/strong>, \u00a0Adjunto al Vicerrectorado de Emprendedur\u00eda, Innovaci\u00f3n y Transferencia en Universidad de Barcelona y miembro del Consejo IND+I.<\/p>\n<p>17.45\u00a0<strong>Lecturas de innovaci\u00f3n<\/strong>. Encuentro con los autores y lectores:<\/p>\n<ul>\n<li><strong>Josep Lagares<\/strong>, presidente ejecutivo de Metalquimia, presentar\u00e1 su libro \u00abTime-Out. Creativaci\u00f3n o extinci\u00f3n, es nuestra elecci\u00f3n&#8230;\u00bb<\/li>\n<li><strong>Meritxell de la Varga<\/strong>, Directora de Tressa CSE y especialista y experta \u00a0en innovaci\u00f3n y estrategia empresarial, presentar\u00e1 el libro\u00a0\u00abResultados de la Innovaci\u00f3n abierta. Olvidemos el sensacionalismo y volvamos al negocio\u00bb de Henry Chesbrough<\/li>\n<\/ul>\n<p>18.30\u00a0<strong>Turno de preguntas y debate<\/strong>.<br \/>\n19.00 <strong>Clausura del acto.<\/strong><\/p>\n<p>Modera\u00a0<strong>Xavier T\u00e8star<\/strong>, miembro del Consejo IND+I.[\/vc_column_text][\/vc_column][\/vc_row][vc_row type=\u00bbvc_default\u00bb full_width=\u00bbstretch_row_content_no_spaces\u00bb content_placement=\u00bbmiddle\u00bb css=\u00bb.vc_custom_1489056578006{padding-top: 15px !important;padding-bottom: 15px !important;background-color: #000000 !important;}\u00bb][vc_column][vc_column_text css=\u00bb\u00bb el_class=\u00bbtitu-blanc\u00bb]<\/p>\n<p style=\"text-align: center;\">5a Sesi\u00f3n IND+I CLUB 2025<\/p>\n<p>[\/vc_column_text][\/vc_column][\/vc_row][vc_row type=\u00bbvc_default\u00bb full_width=\u00bbstretch_row\u00bb content_placement=\u00bbmiddle\u00bb][vc_column][vc_single_image image=\u00bb29&#8243; img_size=\u00bbfull\u00bb alignment=\u00bbcenter\u00bb image_hovers=\u00bbfalse\u00bb][\/vc_column][\/vc_row][vc_row type=\u00bbvc_default\u00bb full_width=\u00bbstretch_row\u00bb content_placement=\u00bbmiddle\u00bb css=\u00bb.vc_custom_1489057490422{margin-top: 20px !important;}\u00bb][vc_column][vc_column_text css=\u00bb\u00bb el_class=\u00bbsub-titu-negre\u00bb]<\/p>\n<p style=\"text-align: center;\"><strong>9\/04\/2025, 17:30h<\/strong><br \/>\n<strong>IND+I Club Ermua<\/strong><br \/>\nSesi\u00f3n h\u00edbrida: Presencial en Izarra Centre, Zearkale Kalea, 36, 48260 Ermua, Bizkaia y en formato virtual<\/p>\n<p style=\"text-align: center;\"><a href=\"https:\/\/forms.gle\/Z7X6LmZwb8rfQruF7\" target=\"_blank\" rel=\"noopener\">Formulario de inscripci\u00f3n<\/a><\/p>\n<p>[\/vc_column_text][\/vc_column][\/vc_row][vc_row][vc_column][vc_separator color=\u00bbcustom\u00bb border_width=\u00bb5&#8243; accent_color=\u00bb#00a8b4&#8243;][\/vc_column][\/vc_row][vc_row type=\u00bbvc_default\u00bb full_width=\u00bbstretch_row\u00bb content_placement=\u00bbmiddle\u00bb css=\u00bb.vc_custom_1541507098100{margin-bottom: 5em !important;}\u00bb][vc_column][vc_column_text css=\u00bb\u00bb el_class=\u00bbintro\u00bb]<\/p>\n<p style=\"text-align: center;\"><strong>AGENDA IND+I CLUB ERMUA<\/strong><\/p>\n<p>17.30 <strong>Bienvenida institucional <\/strong>a cargo de <strong>Beatriz G\u00e1miz<\/strong>\u00a0<strong>Mata<\/strong><strong>,<\/strong>\u00a0alcaldesa de Ermua.<\/p>\n<p>17.40\u00a0<strong>Presentaci\u00f3n del IND+I<\/strong>,\u00a0a cargo\u00a0de <strong>\u00c0urea Rodriguez<\/strong>, secretaria\u00a0del Consejo\u00a0IND+I<\/p>\n<p>17.45\u00a0<strong>Lecturas de innovaci\u00f3n:<\/strong><\/p>\n<ul>\n<li><strong>Nerea Rojas-Mendieta<\/strong>, Cultural Project Manager ECBN (European Creative Business Network)\u00a0 presentar\u00e1 el libro del que es co-autora junto con <strong>Be\u00f1at Urrutikoetxea Arrieta<\/strong>:\u00a0<em>Emprender, \u00bfpor amor al arte? En\u00a0La gesti\u00f3n cultural en la era digital<\/em><\/li>\n<li><strong>Mari Jose Aranguren<\/strong> Directora de Orkestra, Instituto Vasco de Competitividad y Catedr\u00e1tica de Econom\u00eda en la Universidad de Deusto presenta el <em>Informe de Competitividad del Pa\u00eds Vasco 2024<\/em>.<\/li>\n<\/ul>\n<p>18.30\u00a0<strong>Turno\u00a0de preguntas y\u00a0debate.<\/strong><\/p>\n<p>19:00\u00a0<strong>Cierre del acto<\/strong>.[\/vc_column_text][\/vc_column][\/vc_row][vc_row type=\u00bbvc_default\u00bb full_width=\u00bbstretch_row_content_no_spaces\u00bb content_placement=\u00bbmiddle\u00bb css=\u00bb.vc_custom_1489056578006{padding-top: 15px !important;padding-bottom: 15px !important;background-color: #000000 !important;}\u00bb][vc_column][vc_column_text css=\u00bb\u00bb el_class=\u00bbtitu-blanc\u00bb]<\/p>\n<p style=\"text-align: center;\">4a Sesi\u00f3n IND+I CLUB 2025<\/p>\n<p>[\/vc_column_text][\/vc_column][\/vc_row][vc_row type=\u00bbvc_default\u00bb full_width=\u00bbstretch_row\u00bb content_placement=\u00bbmiddle\u00bb][vc_column][vc_single_image image=\u00bb29&#8243; img_size=\u00bbfull\u00bb alignment=\u00bbcenter\u00bb image_hovers=\u00bbfalse\u00bb][\/vc_column][\/vc_row][vc_row type=\u00bbvc_default\u00bb full_width=\u00bbstretch_row\u00bb content_placement=\u00bbmiddle\u00bb css=\u00bb.vc_custom_1489057490422{margin-top: 20px !important;}\u00bb][vc_column][vc_column_text css=\u00bb\u00bb el_class=\u00bbsub-titu-negre\u00bb]<\/p>\n<p style=\"text-align: center;\"><strong>27\/03\/2025, 17:00h<\/strong><br \/>\n<strong>IND+I Club UPC<\/strong><br \/>\nSesi\u00f3n h\u00edbrida: Presencial en la Biblioteca Rector Gabriel Ferrat\u00e9. UPC, carrer de Jordi Girona 1-3, 08034 Barcelona y en formato virtual<\/p>\n<p style=\"text-align: center;\"><a href=\"https:\/\/docs.google.com\/forms\/d\/e\/1FAIpQLSdtbKQZl0_IKf_Sq4Io94WrMedTm0qJuXWjqt3_VO0dhJJq-A\/viewform\" target=\"_blank\" rel=\"noopener\">Formulario de inscripci\u00f3n<\/a><\/p>\n<p>[\/vc_column_text][\/vc_column][\/vc_row][vc_row][vc_column][vc_separator color=\u00bbcustom\u00bb border_width=\u00bb5&#8243; accent_color=\u00bb#00a8b4&#8243;][\/vc_column][\/vc_row][vc_row type=\u00bbvc_default\u00bb full_width=\u00bbstretch_row\u00bb content_placement=\u00bbmiddle\u00bb css=\u00bb.vc_custom_1541507098100{margin-bottom: 5em !important;}\u00bb][vc_column][vc_column_text css=\u00bb\u00bb el_class=\u00bbintro\u00bb]<\/p>\n<p style=\"text-align: center;\"><strong>AGENDA IND+I CLUB UPC<\/strong><\/p>\n<p>17.00 <strong>Bienvenida institucional <\/strong>a cargo de <strong>Climent Molins,<\/strong> Vicerrector de la Universidad Polit\u00e9cnica de Catalu\u00f1a y de <strong>Carme Fenoll<\/strong> Directora del \u00c1rea de Cultura y Comunidad y Directora del Servicio de Bibliotecas de la UPC.<\/p>\n<p>17.10\u00a0<strong>Presentaci\u00f3n del IND+I<\/strong>,\u00a0a cargo\u00a0de <strong>Climent Molins<\/strong>, miembro del Consejo IND+I.<\/p>\n<p>17.15 <strong>Lecturas de innovaci\u00f3n:<\/strong><\/p>\n<ul>\n<li><strong>Jordi Torres<\/strong>. Catedr\u00e1tico de la UPC, miembro del grupo de investigaci\u00f3n CROMAI (Computing Resources Orchestration and Management for AI) en la Facultad de Inform\u00e1tica de Barcelona, \u200b\u200bpresentar\u00e1 el libro del que es su autor:<em> \u00abLa intel\u00b7lig\u00e8ncia artificial explicada als humans\u00bb.<\/em><\/li>\n<li><strong>Eva Vidal.<\/strong> Doctora en ingenier\u00eda de telecomunicaciones. Miembro del grupo de investigaci\u00f3n EduSTEAM de la Escuela T\u00e9cnica Superior de Ingenier\u00eda de Telecomunicaci\u00f3n de Barcelona, \u200b\u200bpresentar\u00e1 el libro <em>\u00abEl enemigo conoce el sistema\u00bb<\/em> de Marta Peirano.<\/li>\n<li><strong>Josep Pegueroles.<\/strong> Ingeniero de Telecomunicaciones de la Escuela T\u00e9cnica Superior de Ingenier\u00eda de Telecomunicaciones de Barcelona y doctor en Telem\u00e1tica, es experto en redes de comunicaciones, ciberseguridad y seguridad de la informaci\u00f3n, presentar\u00e1 el libro \u201c<em>Civilizaci\u00f3n artificial<\/em>\u201d\u00a0de Jos\u00e9 Mar\u00eda Lassalle.<\/li>\n<\/ul>\n<p>18.00\u00a0<strong>Turno\u00a0de preguntas y\u00a0debate.<\/strong><\/p>\n<p>18:30 <strong>Cierre del acto.<\/strong>[\/vc_column_text][\/vc_column][\/vc_row][vc_row type=\u00bbvc_default\u00bb full_width=\u00bbstretch_row_content_no_spaces\u00bb content_placement=\u00bbmiddle\u00bb css=\u00bb.vc_custom_1489056578006{padding-top: 15px !important;padding-bottom: 15px !important;background-color: #000000 !important;}\u00bb][vc_column][vc_column_text css=\u00bb\u00bb el_class=\u00bbtitu-blanc\u00bb]<\/p>\n<p style=\"text-align: center;\">3a Sesi\u00f3n IND+I CLUB 2025<\/p>\n<p>[\/vc_column_text][\/vc_column][\/vc_row][vc_row type=\u00bbvc_default\u00bb full_width=\u00bbstretch_row\u00bb content_placement=\u00bbmiddle\u00bb][vc_column][vc_single_image image=\u00bb29&#8243; img_size=\u00bbfull\u00bb alignment=\u00bbcenter\u00bb image_hovers=\u00bbfalse\u00bb][\/vc_column][\/vc_row][vc_row type=\u00bbvc_default\u00bb full_width=\u00bbstretch_row\u00bb content_placement=\u00bbmiddle\u00bb css=\u00bb.vc_custom_1489057490422{margin-top: 20px !important;}\u00bb][vc_column][vc_column_text css=\u00bb\u00bb el_class=\u00bbsub-titu-negre\u00bb]<\/p>\n<p style=\"text-align: center;\"><strong>18\/03\/2025, 18:00h<\/strong><br \/>\n<strong>IND+I Club Avil\u00e9s<\/strong><br \/>\nSesi\u00f3n h\u00edbrida: Presencial en el Espacio Maqua, C. de la C\u00e1mara, 23, 33402 Avil\u00e9s y en formato virtual<\/p>\n<p style=\"text-align: center;\"><a href=\"https:\/\/docs.google.com\/forms\/d\/1Tu9iNvVT1tfwpZtStZDOqPRSETNyBNHro54L-cKU-d4\/viewform\" target=\"_blank\" rel=\"noopener\">Formulario de inscripci\u00f3n<\/a><\/p>\n<p>[\/vc_column_text][\/vc_column][\/vc_row][vc_row][vc_column][vc_separator color=\u00bbcustom\u00bb border_width=\u00bb5&#8243; accent_color=\u00bb#00a8b4&#8243;][\/vc_column][\/vc_row][vc_row type=\u00bbvc_default\u00bb full_width=\u00bbstretch_row\u00bb content_placement=\u00bbmiddle\u00bb css=\u00bb.vc_custom_1541507098100{margin-bottom: 5em !important;}\u00bb][vc_column][vc_column_text css=\u00bb\u00bb el_class=\u00bbintro\u00bb]<\/p>\n<p style=\"text-align: center;\"><strong>AGENDA IND+I CLUB AVIL\u00c9S<\/strong><\/p>\n<p>18.00\u00a0<strong>Bienvenida institucional <\/strong>a cargo de <strong>Manuel Campa<\/strong>, Concejal de desarrollo Urbano y Econ\u00f3mico de Avil\u00e9s.<\/p>\n<p>18.08 <strong>Presentaci\u00f3n del IND+I,\u00a0<\/strong>a cargo\u00a0de <strong>Eva Pando<\/strong>, Presidenta de la Fundaci\u00f3n Caja Rural de Asturias y miembro del Consejo IND+I.<\/p>\n<p>18.15\u00a0<strong>Lecturas d\u2019innovaci\u00f3n:<\/strong><\/p>\n<ul>\n<li><strong>Amador Men\u00e9ndez<\/strong>, investigador de la Fundaci\u00f3n Idonial y uno de los divulgadores cient\u00edficos con m\u00e1s prestigio de Ast\u00farias, nos presentar\u00e1 libro del que es autor\u00a0<strong>\u201cHistoria del futuro. Tecnolog\u00edas que cambiar\u00e1n nuestras vidas\u00bb.<\/strong><\/li>\n<li><strong>Laura Garc\u00eda<\/strong>. Investigadora en la startup ROOM230, especializada en construcci\u00f3n industrializada nos acercar\u00e1 al informe\u00a0<strong>\u201cDise\u00f1o para Fabricaci\u00f3n y Ensamblaje y Dise\u00f1o para Reutilizaci\u00f3n<\/strong>\u201d de Construct Innovate.<\/li>\n<\/ul>\n<p>19.00\u00a0<strong>Turno\u00a0de preguntas y\u00a0debate.<\/strong><\/p>\n<p>19:30\u00a0<strong>Cierre del acto.<\/strong>[\/vc_column_text][\/vc_column][\/vc_row][vc_row type=\u00bbvc_default\u00bb full_width=\u00bbstretch_row_content_no_spaces\u00bb content_placement=\u00bbmiddle\u00bb css=\u00bb.vc_custom_1489056578006{padding-top: 15px !important;padding-bottom: 15px !important;background-color: #000000 !important;}\u00bb][vc_column][vc_column_text css=\u00bb\u00bb el_class=\u00bbtitu-blanc\u00bb]<\/p>\n<p style=\"text-align: center;\">2a Sesi\u00f3n IND+I CLUB 2025<\/p>\n<p>[\/vc_column_text][\/vc_column][\/vc_row][vc_row type=\u00bbvc_default\u00bb full_width=\u00bbstretch_row\u00bb content_placement=\u00bbmiddle\u00bb][vc_column][vc_single_image image=\u00bb29&#8243; img_size=\u00bbfull\u00bb alignment=\u00bbcenter\u00bb image_hovers=\u00bbfalse\u00bb][\/vc_column][\/vc_row][vc_row type=\u00bbvc_default\u00bb full_width=\u00bbstretch_row\u00bb content_placement=\u00bbmiddle\u00bb css=\u00bb.vc_custom_1489057490422{margin-top: 20px !important;}\u00bb][vc_column][vc_column_text css=\u00bb\u00bb el_class=\u00bbsub-titu-negre\u00bb]<\/p>\n<p style=\"text-align: center;\"><strong>18\/02\/2025, 12:00h<\/strong><br \/>\n<strong>IND+I Club Sagunto<\/strong><br \/>\nSesi\u00f3n h\u00edbrida: Presencial en la Nave Almac\u00e9n de Efectos y Repuestos, en la Calle Fundici\u00f3n, n\u00famero 80, 46520 Puerto de Sagunto (Valencia) y por ZOOM en formato virtual.<\/p>\n<p style=\"text-align: center;\"><a href=\"https:\/\/docs.google.com\/forms\/d\/e\/1FAIpQLSc4otZKR3bUH7FL7wkh3bM--u2rQIv5KJENQf0br89MPsA0vg\/viewform\" target=\"_blank\" rel=\"noopener\">Formulario de inscripci\u00f3n<\/a><\/p>\n<p>[\/vc_column_text][\/vc_column][\/vc_row][vc_row][vc_column][vc_separator color=\u00bbcustom\u00bb border_width=\u00bb5&#8243; accent_color=\u00bb#00a8b4&#8243;][\/vc_column][\/vc_row][vc_row type=\u00bbvc_default\u00bb full_width=\u00bbstretch_row\u00bb content_placement=\u00bbmiddle\u00bb css=\u00bb.vc_custom_1541507098100{margin-bottom: 5em !important;}\u00bb][vc_column][vc_column_text css=\u00bb\u00bb el_class=\u00bbintro\u00bb]<\/p>\n<p style=\"text-align: center;\"><strong>AGENDA IND+I CLUB SAGUNTO<\/strong><\/p>\n<p>12:00 <strong>Bienvenida institucional<\/strong> a cargo de Toni Iborra, concejal de Industria del Ayuntamiento de Sagunto.<\/p>\n<p>12:05 <strong>Presentaci\u00f3n del IND+I<\/strong>, a cargo de \u00c0urea Rodr\u00edguez, experta en Innovaci\u00f3n y miembro del Consejo IND+I.<\/p>\n<p>12:15 <strong>Lecturas de innovaci\u00f3n<\/strong>:<\/p>\n<ul>\n<li><b>Dario Moreno Lerga<\/b>, alcalde de Sagunto, presentar\u00e1 el libro <i>\u201cCiudades, ecosistemas de innovaci\u00f3n transformadora: Pr\u00e1cticas inspiradoras\u201d<\/i> de Roberto San Salvador del Valle.<\/li>\n<li><b>Cristina Plumed<\/b>, presidenta de la Asociaci\u00f3n de Empresarios del Camp de Morvedre (ASECAM), presentar\u00e1 el <i>\u201cEstudio para el Plan de Movilidad\u201d<\/i>.<\/li>\n<li><b>Eugenio Mallol<\/b>, jefe de comunicaci\u00f3n de Atlas Tecnol\u00f3gico, presentar\u00e1 el informe del que es coautor <i>\u201cEl tiempo de los valientes, de las ideas a la innovaci\u00f3n\u201d<\/i>.<\/li>\n<li><b>Jordi Maz\u00f3n<\/b>, concejal de movilidad de Viladecans y profesor de la UPC, presentar\u00e1 el art\u00edculo del que es autor: <i>\u201cTransects of urban CO2 measurements on a bicycle-based atmospheric sensor\u201d<\/i>.<\/li>\n<\/ul>\n<p>13:15 <strong>Turno abierto de palabras<\/strong>.<\/p>\n<p>13:30 <strong>Clausura del acto<\/strong>.[\/vc_column_text][\/vc_column][\/vc_row][vc_row type=\u00bbvc_default\u00bb full_width=\u00bbstretch_row_content_no_spaces\u00bb content_placement=\u00bbmiddle\u00bb css=\u00bb.vc_custom_1489056578006{padding-top: 15px !important;padding-bottom: 15px !important;background-color: #000000 !important;}\u00bb][vc_column][vc_column_text css=\u00bb\u00bb el_class=\u00bbtitu-blanc\u00bb]<\/p>\n<p style=\"text-align: center;\">1a Sesi\u00f3n IND+I CLUB 2025<\/p>\n<p>[\/vc_column_text][\/vc_column][\/vc_row][vc_row type=\u00bbvc_default\u00bb full_width=\u00bbstretch_row\u00bb content_placement=\u00bbmiddle\u00bb][vc_column][vc_single_image image=\u00bb29&#8243; img_size=\u00bbfull\u00bb alignment=\u00bbcenter\u00bb image_hovers=\u00bbfalse\u00bb][\/vc_column][\/vc_row][vc_row type=\u00bbvc_default\u00bb full_width=\u00bbstretch_row\u00bb content_placement=\u00bbmiddle\u00bb css=\u00bb.vc_custom_1489057490422{margin-top: 20px !important;}\u00bb][vc_column][vc_column_text css=\u00bb\u00bb el_class=\u00bbsub-titu-negre\u00bb]<\/p>\n<p style=\"text-align: center;\"><strong>21\/01\/2025, 17:00h<\/strong><br \/>\n<strong>IND+I Club Madrid<\/strong><br \/>\nSesi\u00f3n h\u00edbrida: Presencial en la sede de ICEI (Instituto Complutense de Estudios Internacionales) en la Ctra. de H\u00famera, 96e, 28223, Pozuelo de Alarc\u00f3n (Madrid) y por ZOOM en formato virtual.<\/p>\n<p style=\"text-align: center;\"><a href=\"https:\/\/forms.gle\/WGQkmADkoBiXF1nh7\" target=\"_blank\" rel=\"noopener\">Formulario de inscripci\u00f3n<\/a><\/p>\n<p>[\/vc_column_text][\/vc_column][\/vc_row][vc_row][vc_column][vc_separator color=\u00bbcustom\u00bb border_width=\u00bb5&#8243; accent_color=\u00bb#00a8b4&#8243;][\/vc_column][\/vc_row][vc_row type=\u00bbvc_default\u00bb full_width=\u00bbstretch_row\u00bb content_placement=\u00bbmiddle\u00bb css=\u00bb.vc_custom_1541507098100{margin-bottom: 5em !important;}\u00bb][vc_column][vc_column_text css=\u00bb\u00bb el_class=\u00bbintro\u00bb]<\/p>\n<p style=\"text-align: center;\"><strong>AGENDA IND+I CLUB MADRID<br \/>\n<\/strong><\/p>\n<p>&nbsp;<\/p>\n<p>17.00 <strong>Bienvenida institucional.<\/strong><\/p>\n<p>17.05 <strong>Presentaci\u00f3n del IND+I, <\/strong>a cargo de \u00c0urea Rodr\u00edguez, experta en Innovaci\u00f3n y miembro del Consejo IND+I.<\/p>\n<p>17.15 <strong>Lecturas de innovaci\u00f3n:<\/strong><\/p>\n<ul>\n<li><strong>Francisco Mar\u00edn<\/strong>, Ingeniero Superior de Telecomunicaciones por la UPM y Vicepresidente del FEI, presenta el informe \u201cThe future of European Competitiveness\u201d de Mario Draghi.<\/li>\n<li><strong>Eva Garc\u00eda Lizcaino<\/strong>, Organizational transformation specialist, BASF Digital Solutions presenta el libro \u201cNeuroscience for change at work\u201d.<\/li>\n<li><strong>Jos\u00e9 Lu\u00eds Grande Quesada, <\/strong>Incubation Manager de\u00a0 Empr\u00e8n UPC, Servicio de gesti\u00f3n de la Innovaci\u00f3n de la Universitat Polit\u00e8cnica de Catalunya (UPC) presenta el libro \u201cArtificial: La nueva inteligencia y el contorno de lo humano\u201d.<\/li>\n<\/ul>\n<p>18:00 <strong>Turno\u00a0de preguntas y\u00a0debate.<\/strong><\/p>\n<p>18:30 <strong>Cierre del acto.<\/strong>[\/vc_column_text][\/vc_column][\/vc_row][vc_row type=\u00bbvc_default\u00bb full_width=\u00bbstretch_row\u00bb content_placement=\u00bbmiddle\u00bb][vc_column][vc_single_image image=\u00bb29&#8243; img_size=\u00bbfull\u00bb alignment=\u00bbcenter\u00bb image_hovers=\u00bbfalse\u00bb][\/vc_column][\/vc_row][vc_row type=\u00bbvc_default\u00bb full_width=\u00bbstretch_row\u00bb content_placement=\u00bbmiddle\u00bb][vc_column][vc_column_text el_class=\u00bbtitu-negre\u00bb]<\/p>\n<p style=\"text-align: center;\">FORMULARIO IND+I CLUB<\/p>\n<p>[\/vc_column_text][\/vc_column][\/vc_row][vc_row type=\u00bbvc_default\u00bb full_width=\u00bbstretch_row\u00bb content_placement=\u00bbmiddle\u00bb][vc_column][vc_column_text el_class=\u00bbtitu-negre\u00bb]\n<div class=\"wpcf7 no-js\" id=\"wpcf7-f249-o1\" lang=\"es-ES\" dir=\"ltr\" data-wpcf7-id=\"249\">\n<div class=\"screen-reader-response\"><p role=\"status\" aria-live=\"polite\" aria-atomic=\"true\"><\/p> <ul><\/ul><\/div>\n<form action=\"\/es\/wp-json\/wp\/v2\/pages\/1402#wpcf7-f249-o1\" method=\"post\" class=\"wpcf7-form init\" aria-label=\"Formulario de contacto\" novalidate=\"novalidate\" data-status=\"init\">\n<fieldset class=\"hidden-fields-container\"><input type=\"hidden\" name=\"_wpcf7\" value=\"249\" \/><input type=\"hidden\" name=\"_wpcf7_version\" value=\"6.1.5\" \/><input type=\"hidden\" name=\"_wpcf7_locale\" value=\"es_ES\" \/><input type=\"hidden\" name=\"_wpcf7_unit_tag\" value=\"wpcf7-f249-o1\" \/><input type=\"hidden\" name=\"_wpcf7_container_post\" value=\"0\" \/><input type=\"hidden\" name=\"_wpcf7_posted_data_hash\" value=\"\" \/><input type=\"hidden\" name=\"_wpcf7_recaptcha_response\" value=\"\" \/>\n<\/fieldset>\n<div id=\"responsive-form\" class=\"clearfix\">\n\t<div class=\"form-row\">\n\t\t<div class=\"column-half\">\n\t\t\t<p><span class=\"wpcf7-form-control-wrap\" data-name=\"your-name\"><input size=\"40\" maxlength=\"400\" class=\"wpcf7-form-control wpcf7-text wpcf7-validates-as-required\" aria-required=\"true\" aria-invalid=\"false\" placeholder=\"Nombre\" value=\"\" type=\"text\" name=\"your-name\" \/><\/span>\n\t\t\t<\/p>\n\t\t<\/div>\n\t\t<div class=\"column-half\">\n\t\t\t<p><span class=\"wpcf7-form-control-wrap\" data-name=\"your-apellidos\"><input size=\"40\" maxlength=\"400\" class=\"wpcf7-form-control wpcf7-text wpcf7-validates-as-required\" aria-required=\"true\" aria-invalid=\"false\" placeholder=\"Apellidos\" value=\"\" type=\"text\" name=\"your-apellidos\" \/><\/span>\n\t\t\t<\/p>\n\t\t<\/div>\n\t<\/div>\n\t<div class=\"form-row\">\n\t\t<div class=\"column-half\">\n\t\t\t<p><span class=\"wpcf7-form-control-wrap\" data-name=\"your-tlf\"><input size=\"40\" maxlength=\"400\" class=\"wpcf7-form-control wpcf7-text wpcf7-validates-as-required\" aria-required=\"true\" aria-invalid=\"false\" placeholder=\"Tel\u00e9fono\" value=\"\" type=\"text\" name=\"your-tlf\" \/><\/span>\n\t\t\t<\/p>\n\t\t<\/div>\n\t\t<div class=\"column-half\">\n\t\t\t<p><span class=\"wpcf7-form-control-wrap\" data-name=\"your-email\"><input size=\"40\" maxlength=\"400\" class=\"wpcf7-form-control wpcf7-email wpcf7-validates-as-required wpcf7-text wpcf7-validates-as-email\" aria-required=\"true\" aria-invalid=\"false\" placeholder=\"Correo electr\u00f3nico\" value=\"\" type=\"email\" name=\"your-email\" \/><\/span>\n\t\t\t<\/p>\n\t\t<\/div>\n\t<\/div>\n\t<div class=\"form-row\">\n\t\t<div class=\"column-half\">\n\t\t\t<p><span class=\"wpcf7-form-control-wrap\" data-name=\"your-profesion\"><input size=\"40\" maxlength=\"400\" class=\"wpcf7-form-control wpcf7-text wpcf7-validates-as-required\" aria-required=\"true\" aria-invalid=\"false\" placeholder=\"Cargo\" value=\"\" type=\"text\" name=\"your-profesion\" \/><\/span>\n\t\t\t<\/p>\n\t\t<\/div>\n\t\t<div class=\"column-half\">\n\t\t\t<p><span class=\"wpcf7-form-control-wrap\" data-name=\"your-organizacion\"><input size=\"40\" maxlength=\"400\" class=\"wpcf7-form-control wpcf7-text wpcf7-validates-as-required\" aria-required=\"true\" aria-invalid=\"false\" placeholder=\"Organizaci\u00f3n\" value=\"\" type=\"text\" name=\"your-organizacion\" \/><\/span>\n\t\t\t<\/p>\n\t\t<\/div>\n\t<\/div>\n\t<div class=\"form-row\">\n\t\t<div class=\"column-half\">\n\t\t\t<p><span class=\"wpcf7-form-control-wrap\" data-name=\"your-poblacion\"><input size=\"40\" maxlength=\"400\" class=\"wpcf7-form-control wpcf7-text wpcf7-validates-as-required\" aria-required=\"true\" aria-invalid=\"false\" placeholder=\"Municipio donde trabajo\" value=\"\" type=\"text\" name=\"your-poblacion\" \/><\/span>\n\t\t\t<\/p>\n\t\t<\/div>\n\t\t<div class=\"column-half\">\n\t\t\t<p><span class=\"wpcf7-form-control-wrap\" data-name=\"your-dni\"><input size=\"40\" maxlength=\"400\" class=\"wpcf7-form-control wpcf7-text wpcf7-validates-as-required\" aria-required=\"true\" aria-invalid=\"false\" placeholder=\"DNI\" value=\"\" type=\"text\" name=\"your-dni\" \/><\/span>\n\t\t\t<\/p>\n\t\t<\/div>\n\t<\/div>\n\t<div class=\"form-row\">\n\t\t<div class=\"column-half\">\n\t\t\t<p><span class=\"wpcf7-form-control-wrap\" data-name=\"your-linkedin\"><input size=\"40\" maxlength=\"400\" class=\"wpcf7-form-control wpcf7-text\" aria-invalid=\"false\" placeholder=\"Usuario Linkedin\" value=\"\" type=\"text\" name=\"your-linkedin\" \/><\/span>\n\t\t\t<\/p>\n\t\t<\/div>\n\t\t<div class=\"column-half\">\n\t\t\t<p><span class=\"wpcf7-form-control-wrap\" data-name=\"your-twitter\"><input size=\"40\" maxlength=\"400\" class=\"wpcf7-form-control wpcf7-text\" aria-invalid=\"false\" placeholder=\"Usuario Twitter\" value=\"\" type=\"text\" name=\"your-twitter\" \/><\/span>\n\t\t\t<\/p>\n\t\t<\/div>\n\t<\/div>\n\t<div class=\"form-row\">\n\t\t<div class=\"column-full\">\n\t\t\t<p><span style=\"font-size:14px; color:#00a8b4\">Tipo de organizaci\u00f3n (Indica una de las opciones)<\/span><br \/>\n<span class=\"wpcf7-form-control-wrap\" data-name=\"organizacion\"><select class=\"wpcf7-form-control wpcf7-select wpcf7-validates-as-required\" aria-required=\"true\" aria-invalid=\"false\" name=\"organizacion\"><option value=\"\">&#8212;Por favor, elige una opci\u00f3n&#8212;<\/option><option value=\"Empresa\">Empresa<\/option><option value=\"Administraci\u00f3n P\u00fablica\">Administraci\u00f3n P\u00fablica<\/option><option value=\"Universidad\">Universidad<\/option><option value=\"Otros\">Otros<\/option><\/select><\/span>\n\t\t\t<\/p>\n\t\t<\/div>\n\t<\/div>\n<\/div><!--end responsive-form-->\n<div style=\"max-width:600px; text-align:right;\">\n\t<p><input class=\"wpcf7-form-control wpcf7-submit has-spinner\" type=\"submit\" value=\"Enviar\" \/>\n\t<\/p>\n<\/div><div class=\"wpcf7-response-output\" aria-hidden=\"true\"><\/div>\n<\/form>\n<\/div>\n[\/vc_column_text][\/vc_column][\/vc_row][vc_row][vc_column][vc_column_text]<\/p>\n<div style=\"max-width: 600px; text-align: justify; font-size: 12px; margin: auto; line-height: 14px;\">De acuerdo con la Ley org\u00e1nica 15\/1999, del 13 de diciembre, de protecci\u00f3n de datos de car\u00e1cter personal, os comunicamos que la informaci\u00f3n contenida en este formulario se incluir\u00e1 en un fichero llamado Vilagenda, titularidad del Ayuntamiento de Viladecans, cuya finalidad es la transmisi\u00f3n de informaci\u00f3n diversa e invitaciones a actos. Pod\u00e9is ejercer los derechos de acceso, rectificaci\u00f3n, cancelaci\u00f3n y oposici\u00f3n dirigi\u00e9ndoos a Viladecans Informaci\u00f3, a Pla\u00e7a Europa 7, aportando una copia del DNI.<\/div>\n<p>[\/vc_column_text][\/vc_column][\/vc_row][vc_row][vc_column][vc_raw_html]JTNDc3R5bGUlM0UlMEEubWVudS1pdGVtLTI2NSUyMGElMjAubWVudS1pdGVtLXRleHQlMjAubWVudS10ZXh0JTIwJTdCJTBBJTIwJTIwJTIwJTIwY29sb3IlM0ElMjAlMjMwMGE4YjQlMjAlMjFpbXBvcnRhbnQlM0IlMEElN0QlMEEubW9yaXR6JTIwJTdCdmlzaWJpbGl0eSUzQSUyMHZpc2libGUlM0IlMjAlMjFpbXBvcnRhbnQlM0IlN0QlMEElM0MlMkZzdHlsZSUzRQ==[\/vc_raw_html][\/vc_column][\/vc_row]<\/p>\n<\/div>","protected":false},"excerpt":{"rendered":"<p>[vc_row type=\u00bbvc_default\u00bb full_width=\u00bbstretch_row\u00bb content_placement=\u00bbmiddle\u00bb][vc_column][vc_single_image image=\u00bb226&#8243; img_size=\u00bbfull\u00bb alignment=\u00bbcenter\u00bb image_hovers=\u00bbfalse\u00bb][\/vc_column][\/vc_row][vc_row type=\u00bbvc_default\u00bb full_width=\u00bbstretch_row\u00bb content_placement=\u00bbmiddle\u00bb][vc_column][vc_column_text el_class=\u00bbtitu-negre\u00bb] Pendientes de los libros relevantes sobre innovaci\u00f3n [\/vc_column_text][vc_column_text] El IND+I Club es una red de reflexi\u00f3n e intercambio participativo entre personas interesadas en el \u00e1mbito de la industria y la innovaci\u00f3n. Est\u00e1 abierto a todos y da continuidad al encuentro anual IND+I que&hellip;<\/p>\n","protected":false},"author":1,"featured_media":0,"parent":0,"menu_order":0,"comment_status":"closed","ping_status":"closed","template":"","meta":{"footnotes":""},"class_list":["post-1402","page","type-page","status-publish","hentry","description-off"],"yoast_head":"<!-- This site is optimized with the Yoast SEO plugin v27.2 - https:\/\/yoast.com\/product\/yoast-seo-wordpress\/ -->\n<title>Club3 - IND+I 2025<\/title>\n<meta name=\"robots\" content=\"index, follow, max-snippet:-1, max-image-preview:large, max-video-preview:-1\" \/>\n<link rel=\"canonical\" href=\"https:\/\/indi.cat\/es\/club3\/\" \/>\n<meta property=\"og:locale\" content=\"es_ES\" \/>\n<meta property=\"og:type\" content=\"article\" \/>\n<meta property=\"og:title\" content=\"Club3 - IND+I 2025\" \/>\n<meta property=\"og:description\" content=\"[vc_row type=\u00bbvc_default\u00bb full_width=\u00bbstretch_row\u00bb content_placement=\u00bbmiddle\u00bb][vc_column][vc_single_image image=\u00bb226&#8243; img_size=\u00bbfull\u00bb alignment=\u00bbcenter\u00bb image_hovers=\u00bbfalse\u00bb][\/vc_column][\/vc_row][vc_row type=\u00bbvc_default\u00bb full_width=\u00bbstretch_row\u00bb content_placement=\u00bbmiddle\u00bb][vc_column][vc_column_text el_class=\u00bbtitu-negre\u00bb] Pendientes de los libros relevantes sobre innovaci\u00f3n [\/vc_column_text][vc_column_text] El IND+I Club es una red de reflexi\u00f3n e intercambio participativo entre personas interesadas en el \u00e1mbito de la industria y la innovaci\u00f3n. Est\u00e1 abierto a todos y da continuidad al encuentro anual IND+I que&hellip;\" \/>\n<meta property=\"og:url\" content=\"https:\/\/indi.cat\/es\/club3\/\" \/>\n<meta property=\"og:site_name\" content=\"IND+I 2025\" \/>\n<meta property=\"article:modified_time\" content=\"2025-10-14T13:49:02+00:00\" \/>\n<meta name=\"twitter:card\" content=\"summary_large_image\" \/>\n<meta name=\"twitter:site\" content=\"@INDI_viladecans\" \/>\n<script type=\"application\/ld+json\" class=\"yoast-schema-graph\">{\"@context\":\"https:\/\/schema.org\",\"@graph\":[{\"@type\":\"WebPage\",\"@id\":\"https:\/\/indi.cat\/es\/club3\/\",\"url\":\"https:\/\/indi.cat\/es\/club3\/\",\"name\":\"Club3 - IND+I 2025\",\"isPartOf\":{\"@id\":\"https:\/\/indi.cat\/#website\"},\"datePublished\":\"2018-06-22T05:08:42+00:00\",\"dateModified\":\"2025-10-14T13:49:02+00:00\",\"breadcrumb\":{\"@id\":\"https:\/\/indi.cat\/es\/club3\/#breadcrumb\"},\"inLanguage\":\"es\",\"potentialAction\":[{\"@type\":\"ReadAction\",\"target\":[\"https:\/\/indi.cat\/es\/club3\/\"]}]},{\"@type\":\"BreadcrumbList\",\"@id\":\"https:\/\/indi.cat\/es\/club3\/#breadcrumb\",\"itemListElement\":[{\"@type\":\"ListItem\",\"position\":1,\"name\":\"Home\",\"item\":\"https:\/\/indi.cat\/es\/\"},{\"@type\":\"ListItem\",\"position\":2,\"name\":\"Club3\"}]},{\"@type\":\"WebSite\",\"@id\":\"https:\/\/indi.cat\/#website\",\"url\":\"https:\/\/indi.cat\/\",\"name\":\"IND+I 2025\",\"description\":\"Viladecans\",\"potentialAction\":[{\"@type\":\"SearchAction\",\"target\":{\"@type\":\"EntryPoint\",\"urlTemplate\":\"https:\/\/indi.cat\/?s={search_term_string}\"},\"query-input\":{\"@type\":\"PropertyValueSpecification\",\"valueRequired\":true,\"valueName\":\"search_term_string\"}}],\"inLanguage\":\"es\"}]}<\/script>\n<!-- \/ Yoast SEO plugin. -->","yoast_head_json":{"title":"Club3 - IND+I 2025","robots":{"index":"index","follow":"follow","max-snippet":"max-snippet:-1","max-image-preview":"max-image-preview:large","max-video-preview":"max-video-preview:-1"},"canonical":"https:\/\/indi.cat\/es\/club3\/","og_locale":"es_ES","og_type":"article","og_title":"Club3 - IND+I 2025","og_description":"[vc_row type=\u00bbvc_default\u00bb full_width=\u00bbstretch_row\u00bb content_placement=\u00bbmiddle\u00bb][vc_column][vc_single_image image=\u00bb226&#8243; img_size=\u00bbfull\u00bb alignment=\u00bbcenter\u00bb image_hovers=\u00bbfalse\u00bb][\/vc_column][\/vc_row][vc_row type=\u00bbvc_default\u00bb full_width=\u00bbstretch_row\u00bb content_placement=\u00bbmiddle\u00bb][vc_column][vc_column_text el_class=\u00bbtitu-negre\u00bb] Pendientes de los libros relevantes sobre innovaci\u00f3n [\/vc_column_text][vc_column_text] El IND+I Club es una red de reflexi\u00f3n e intercambio participativo entre personas interesadas en el \u00e1mbito de la industria y la innovaci\u00f3n. Est\u00e1 abierto a todos y da continuidad al encuentro anual IND+I que&hellip;","og_url":"https:\/\/indi.cat\/es\/club3\/","og_site_name":"IND+I 2025","article_modified_time":"2025-10-14T13:49:02+00:00","twitter_card":"summary_large_image","twitter_site":"@INDI_viladecans","schema":{"@context":"https:\/\/schema.org","@graph":[{"@type":"WebPage","@id":"https:\/\/indi.cat\/es\/club3\/","url":"https:\/\/indi.cat\/es\/club3\/","name":"Club3 - IND+I 2025","isPartOf":{"@id":"https:\/\/indi.cat\/#website"},"datePublished":"2018-06-22T05:08:42+00:00","dateModified":"2025-10-14T13:49:02+00:00","breadcrumb":{"@id":"https:\/\/indi.cat\/es\/club3\/#breadcrumb"},"inLanguage":"es","potentialAction":[{"@type":"ReadAction","target":["https:\/\/indi.cat\/es\/club3\/"]}]},{"@type":"BreadcrumbList","@id":"https:\/\/indi.cat\/es\/club3\/#breadcrumb","itemListElement":[{"@type":"ListItem","position":1,"name":"Home","item":"https:\/\/indi.cat\/es\/"},{"@type":"ListItem","position":2,"name":"Club3"}]},{"@type":"WebSite","@id":"https:\/\/indi.cat\/#website","url":"https:\/\/indi.cat\/","name":"IND+I 2025","description":"Viladecans","potentialAction":[{"@type":"SearchAction","target":{"@type":"EntryPoint","urlTemplate":"https:\/\/indi.cat\/?s={search_term_string}"},"query-input":{"@type":"PropertyValueSpecification","valueRequired":true,"valueName":"search_term_string"}}],"inLanguage":"es"}]}},"_links":{"self":[{"href":"https:\/\/indi.cat\/es\/wp-json\/wp\/v2\/pages\/1402","targetHints":{"allow":["GET"]}}],"collection":[{"href":"https:\/\/indi.cat\/es\/wp-json\/wp\/v2\/pages"}],"about":[{"href":"https:\/\/indi.cat\/es\/wp-json\/wp\/v2\/types\/page"}],"author":[{"embeddable":true,"href":"https:\/\/indi.cat\/es\/wp-json\/wp\/v2\/users\/1"}],"replies":[{"embeddable":true,"href":"https:\/\/indi.cat\/es\/wp-json\/wp\/v2\/comments?post=1402"}],"version-history":[{"count":0,"href":"https:\/\/indi.cat\/es\/wp-json\/wp\/v2\/pages\/1402\/revisions"}],"wp:attachment":[{"href":"https:\/\/indi.cat\/es\/wp-json\/wp\/v2\/media?parent=1402"}],"curies":[{"name":"wp","href":"https:\/\/api.w.org\/{rel}","templated":true}]}}