{"id":111752,"date":"2025-03-31T13:03:58","date_gmt":"2025-03-31T11:03:58","guid":{"rendered":"https:\/\/indi.cat\/?page_id=111752"},"modified":"2026-03-05T13:34:10","modified_gmt":"2026-03-05T12:34:10","slug":"indi-day-edicion-2024","status":"publish","type":"page","link":"https:\/\/indi.cat\/es\/indi-day\/indi-day-edicion-2024\/","title":{"rendered":"IND+I Day &#8211; Edici\u00f3n 2024"},"content":{"rendered":"<div class=\"wpb-content-wrapper\"><p>[vc_row type=\u00bbvc_default\u00bb content_placement=\u00bbmiddle\u00bb css=\u00bb.vc_custom_1710350494382{margin-top: 5em !important;}\u00bb][vc_column][vc_single_image image=\u00bb111402&#8243; img_size=\u00bblarge\u00bb alignment=\u00bbcenter\u00bb onclick=\u00bbcustom_link\u00bb img_link_target=\u00bb_blank\u00bb css=\u00bb.vc_custom_1710350485571{padding-top: 15px !important;}\u00bb image_hovers=\u00bbfalse\u00bb el_class=\u00bbmanifest\u00bb link=\u00bbhttps:\/\/event.meetmaps.com\/3968656266\/es\/info?utm_source=IND%2BI_2022+%28CAST%29&amp;utm_campaign=edff8bc0f7-EMAIL_CAMPAIGN_2022_03_15_08_21_COPY_02&amp;utm_medium=email&amp;utm_term=0_8d6b91265b-edff8bc0f7-610066820&#8243;][vc_single_image image=\u00bb1539&#8243; img_size=\u00bbfull\u00bb alignment=\u00bbcenter\u00bb image_hovers=\u00bbfalse\u00bb][vc_single_image image=\u00bb1499&#8243; img_size=\u00bbfull\u00bb alignment=\u00bbcenter\u00bb image_hovers=\u00bbfalse\u00bb][\/vc_column][\/vc_row][vc_row type=\u00bbvc_default\u00bb full_width=\u00bbstretch_row\u00bb content_placement=\u00bbmiddle\u00bb bg_type=\u00bbbg_color\u00bb css=\u00bb.vc_custom_1709046221275{margin-bottom: 5em !important;}\u00bb bg_color_value=\u00bb#000000&#8243;][vc_column][vc_column_text el_class=\u00bbblanc intro\u00bb]<\/p>\n<p style=\"text-align: center;\"><img decoding=\"async\" class=\"size-full wp-image-30 alignnone\" src=\"https:\/\/indi.cat\/wp-content\/uploads\/ma.png\" alt=\"\" width=\"31\" height=\"46\" \/> \u00a1HAU!<\/p>\n<p>[\/vc_column_text][vc_column_text el_class=\u00bbblanc intro\u00bb]<\/p>\n<p style=\"text-align: left;\"><strong>En la 8\u00aa edici\u00f3n del IND+I Day<\/strong>\u00a0desgranaremos la\u00a0<strong>industria regenerativa<\/strong>: aquella que busca contribuir positivamente a la econom\u00eda y a su entorno, promoviendo la restauraci\u00f3n y la regeneraci\u00f3n de los recursos naturales y de la sociedad.<\/p>\n<p>Cada vez son m\u00e1s las empresas que\u00a0<strong>apuestan por un comportamiento positivo por el medio ambiente y por las comunidades,<\/strong>\u00a0bas\u00e1ndose en la innovaci\u00f3n y en el compromiso con la humanidad y el planeta para desarrollar nuevas soluciones que, adem\u00e1s de generar valor econ\u00f3mico, incorporen tambi\u00e9n valores \u00e9ticos.<\/p>\n<p>Durante el IND+I Day 2024 analizaremos qu\u00e9 est\u00e1 pasando globalmente, pero, sobre todo, c\u00f3mo esto es una\u00a0<strong>oportunidad de generar valor para las empresas<\/strong>. Como no tenemos un planeta B, queremos una industria A.[\/vc_column_text][vc_btn title=\u00bbINSCR\u00cdBETE\u00bb style=\u00bboutline\u00bb shape=\u00bbsquare\u00bb color=\u00bbturquoise\u00bb size=\u00bblg\u00bb align=\u00bbcenter\u00bb i_icon_fontawesome=\u00bbfas fa-ticket-alt\u00bb css_animation=\u00bbfadeIn\u00bb add_icon=\u00bbtrue\u00bb el_id=\u00bbeventbrite-widget-modal-trigger-567616515277&#8243; el_class=\u00bbbotons-inscripcio\u00bb link=\u00bburl:https%3A%2F%2Fevent.meetmaps.com%2F3968656266%2Fes%2Finfo%3Futm_source%3DIND%252BI_2022%2B%2528CAST%2529%26utm_campaign%3Dedff8bc0f7-EMAIL_CAMPAIGN_2022_03_15_08_21_COPY_02%26utm_medium%3Demail%26utm_term%3D0_8d6b91265b-edff8bc0f7-610066820&#8243;][\/vc_column][\/vc_row][vc_row type=\u00bbvc_default\u00bb full_width=\u00bbstretch_row\u00bb content_placement=\u00bbmiddle\u00bb css=\u00bb.vc_custom_1489057490422{margin-top: 20px !important;}\u00bb][vc_column][vc_column_text css_animation=\u00bbfadeIn\u00bb el_class=\u00bbtitu-blau\u00bb]<\/p>\n<p style=\"text-align: center;\">IND+I UPDATE<\/p>\n<p>[\/vc_column_text][vc_row_inner][vc_column_inner width=\u00bb1\/3&#8243;][\/vc_column_inner][vc_column_inner width=\u00bb1\/3&#8243;][vc_single_image image=\u00bb111445&#8243; img_size=\u00bb250&#215;250&#8243; alignment=\u00bbcenter\u00bb css_animation=\u00bbfadeIn\u00bb][vc_column_text css_animation=\u00bbfadeIn\u00bb]<\/p>\n<h3 style=\"text-align: center;\"><strong>Xavier Ferr\u00e0s<\/strong><\/h3>\n<p style=\"text-align: center;\">Presidente cient\u00edfico del Consejo IND+I 2023 y profesor de ESADE<\/p>\n<p>[\/vc_column_text][\/vc_column_inner][vc_column_inner width=\u00bb1\/3&#8243;][\/vc_column_inner][\/vc_row_inner][vc_column_text css_animation=\u00bbfadeIn\u00bb el_class=\u00bbtitu-blau\u00bb]<\/p>\n<p style=\"text-align: center;\">IND+I TALKS<\/p>\n<p>[\/vc_column_text][vc_row_inner][vc_column_inner width=\u00bb1\/3&#8243;][vc_single_image image=\u00bb111447&#8243; img_size=\u00bb250&#215;250&#8243; alignment=\u00bbcenter\u00bb css_animation=\u00bbfadeIn\u00bb][vc_column_text css_animation=\u00bbfadeIn\u00bb]<\/p>\n<h3 style=\"text-align: center;\"><strong>Elisabet Alier<\/strong><\/h3>\n<p style=\"text-align: center;\">Presidenta del Consejo de Administraci\u00f3n de Alier<\/p>\n<p>[\/vc_column_text][\/vc_column_inner][vc_column_inner width=\u00bb1\/3&#8243;][vc_single_image image=\u00bb111431&#8243; img_size=\u00bb250&#215;250&#8243; alignment=\u00bbcenter\u00bb css_animation=\u00bbfadeIn\u00bb][vc_column_text]<\/p>\n<h3 style=\"text-align: center;\"><strong>Juan Moreno<\/strong><\/h3>\n<p style=\"text-align: center;\">Director de Estrategia de La Farga<\/p>\n<p>[\/vc_column_text][\/vc_column_inner][vc_column_inner width=\u00bb1\/3&#8243;][vc_single_image image=\u00bb111449&#8243; img_size=\u00bb250&#215;250&#8243; alignment=\u00bbcenter\u00bb css_animation=\u00bbfadeIn\u00bb][vc_column_text]<\/p>\n<h3 style=\"text-align: center;\"><strong>Esther Carreras<\/strong><\/h3>\n<p style=\"text-align: center;\">Responsable de Comunicaci\u00f3n de La Fageda<\/p>\n<p>[\/vc_column_text][\/vc_column_inner][\/vc_row_inner][vc_row_inner][vc_column_inner width=\u00bb1\/6&#8243;][\/vc_column_inner][vc_column_inner width=\u00bb1\/3&#8243;][vc_single_image image=\u00bb111429&#8243; img_size=\u00bb250&#215;250&#8243; alignment=\u00bbcenter\u00bb css_animation=\u00bbfadeIn\u00bb][vc_column_text]<\/p>\n<h3 style=\"text-align: center;\"><strong>Aldo Sollazzo<\/strong><\/h3>\n<p style=\"text-align: center;\">CEO de Noumena<\/p>\n<p>[\/vc_column_text][\/vc_column_inner][vc_column_inner width=\u00bb1\/3&#8243;][vc_single_image image=\u00bb111451&#8243; img_size=\u00bb250&#215;250&#8243; alignment=\u00bbcenter\u00bb css_animation=\u00bbfadeIn\u00bb][vc_column_text]<\/p>\n<h3 style=\"text-align: center;\"><strong>Mario Rovirosa<\/strong><\/h3>\n<p style=\"text-align: center;\">CEO de Ferrer<\/p>\n<p>[\/vc_column_text][\/vc_column_inner][vc_column_inner width=\u00bb1\/6&#8243;][\/vc_column_inner][\/vc_row_inner][vc_column_text css_animation=\u00bbfadeIn\u00bb el_class=\u00bbtitu-blau\u00bb]<\/p>\n<p style=\"text-align: center;\">IND+I SCIENCE<\/p>\n<p>[\/vc_column_text][vc_row_inner][vc_column_inner width=\u00bb1\/6&#8243;][\/vc_column_inner][vc_column_inner width=\u00bb1\/3&#8243;][vc_single_image image=\u00bb111504&#8243; img_size=\u00bb250&#215;250&#8243; alignment=\u00bbcenter\u00bb css_animation=\u00bbfadeIn\u00bb][vc_column_text]<\/p>\n<h3 style=\"text-align: center;\"><strong>Arnau Queralt<\/strong><\/h3>\n<p style=\"text-align: center;\">Director del Consell Assessor per al Desenvolupament Sostenible<\/p>\n<p>[\/vc_column_text][\/vc_column_inner][vc_column_inner width=\u00bb1\/3&#8243;][vc_single_image image=\u00bb111506&#8243; img_size=\u00bb250&#215;250&#8243; alignment=\u00bbcenter\u00bb css_animation=\u00bbfadeIn\u00bb][vc_column_text]<\/p>\n<h3 style=\"text-align: center;\"><strong>Joana Tobella<\/strong><\/h3>\n<p style=\"text-align: center;\">Directora de Innovaci\u00f3n de Aig\u00fces de Barcelona<\/p>\n<p>[\/vc_column_text][\/vc_column_inner][vc_column_inner width=\u00bb1\/6&#8243;][\/vc_column_inner][\/vc_row_inner][vc_row_inner][vc_column_inner width=\u00bb1\/6&#8243;][\/vc_column_inner][vc_column_inner width=\u00bb1\/3&#8243;][vc_single_image image=\u00bb111460&#8243; img_size=\u00bb250&#215;250&#8243; alignment=\u00bbcenter\u00bb css_animation=\u00bbfadeIn\u00bb][vc_column_text]<\/p>\n<h3 style=\"text-align: center;\"><strong>Alejandro Dorado<\/strong><\/h3>\n<p style=\"text-align: center;\">Comisionado para la Econom\u00eda Circular del Ministerio para la Transici\u00f3n Ecol\u00f3gica y el Reto Demogr\u00e1fico<\/p>\n<p>[\/vc_column_text][\/vc_column_inner][vc_column_inner width=\u00bb1\/3&#8243;][vc_single_image image=\u00bb111488&#8243; img_size=\u00bb250&#215;250&#8243; alignment=\u00bbcenter\u00bb css_animation=\u00bbfadeIn\u00bb][vc_column_text]<\/p>\n<h3 style=\"text-align: center;\"><strong>Carles Vel\u00e1zquez<br \/>\n<\/strong><\/h3>\n<p style=\"text-align: center;\">Director de Sostenibilidad de Roca<\/p>\n<p>[\/vc_column_text][\/vc_column_inner][vc_column_inner width=\u00bb1\/6&#8243;][\/vc_column_inner][\/vc_row_inner][vc_column_text css_animation=\u00bbfadeIn\u00bb el_class=\u00bbtitu-blau\u00bb]<\/p>\n<p style=\"text-align: center;\">IND+I INSIGHTS<\/p>\n<p>[\/vc_column_text][vc_row_inner][vc_column_inner width=\u00bb1\/6&#8243;][\/vc_column_inner][vc_column_inner width=\u00bb1\/3&#8243;][vc_single_image image=\u00bb111439&#8243; img_size=\u00bb250&#215;250&#8243; alignment=\u00bbcenter\u00bb css_animation=\u00bbfadeIn\u00bb][vc_column_text]<\/p>\n<h3 style=\"text-align: center;\"><strong>Daniel Wahl<\/strong><\/h3>\n<p style=\"text-align: center;\">Sustainability Consultancy Innovation Education<\/p>\n<p>[\/vc_column_text][\/vc_column_inner][vc_column_inner width=\u00bb1\/3&#8243;][vc_single_image image=\u00bb111437&#8243; img_size=\u00bb250&#215;250&#8243; alignment=\u00bbcenter\u00bb css_animation=\u00bbfadeIn\u00bb][vc_column_text]<\/p>\n<h3 style=\"text-align: center;\"><strong>Anna Palli<\/strong><\/h3>\n<p style=\"text-align: center;\">Jefa de Vigilancia tecnol\u00f3gica y Garant\u00eda de Calidad del IRTA<\/p>\n<p>[\/vc_column_text][\/vc_column_inner][vc_column_inner width=\u00bb1\/6&#8243;][\/vc_column_inner][\/vc_row_inner][vc_column_text css_animation=\u00bbfadeIn\u00bb el_class=\u00bbtitu-blau\u00bb]<\/p>\n<p style=\"text-align: center;\">IND+I 2025<\/p>\n<p>[\/vc_column_text][vc_row_inner][vc_column_inner width=\u00bb1\/3&#8243;][vc_single_image image=\u00bb111453&#8243; img_size=\u00bb250&#215;250&#8243; alignment=\u00bbcenter\u00bb css_animation=\u00bbfadeIn\u00bb][vc_column_text]<\/p>\n<h3 style=\"text-align: center;\"><strong>Antonio Hidalgo<\/strong><\/h3>\n<p style=\"text-align: center;\">Catedr\u00e1tico Pol\u00edtica Industrial<br \/>\nUniversidad Polit\u00e9cnica de Madrid<\/p>\n<p>[\/vc_column_text][\/vc_column_inner][vc_column_inner width=\u00bb1\/3&#8243;][vc_single_image image=\u00bb111441&#8243; img_size=\u00bb250&#215;250&#8243; alignment=\u00bbcenter\u00bb css_animation=\u00bbfadeIn\u00bb][vc_column_text]<\/p>\n<h3 style=\"text-align: center;\"><strong>Jordi Garcia Brustenga<\/strong><\/h3>\n<p style=\"text-align: center;\">Director General de Estrategia Industrial y de la<br \/>\npyme, Ministerio de Industria y Turismo<\/p>\n<p>[\/vc_column_text][\/vc_column_inner][vc_column_inner width=\u00bb1\/3&#8243;][vc_single_image image=\u00bb111490&#8243; img_size=\u00bb250&#215;250&#8243; alignment=\u00bbcenter\u00bb css_animation=\u00bbfadeIn\u00bb][vc_column_text]<\/p>\n<h3 style=\"text-align: center;\"><strong>Oriol Alcoba<\/strong><\/h3>\n<p style=\"text-align: center;\">Director General d\u2019Ind\u00fastria de la Generalita<\/p>\n<p>[\/vc_column_text][\/vc_column_inner][\/vc_row_inner][vc_row_inner][vc_column_inner][vc_column_text css_animation=\u00bbfadeIn\u00bb el_class=\u00bbtitu-blau\u00bb]<\/p>\n<p style=\"text-align: center;\">MODERA EL<br \/>\nIND+I SCIENCE<\/p>\n<p>[\/vc_column_text][\/vc_column_inner][\/vc_row_inner][vc_row_inner][vc_column_inner width=\u00bb1\/6&#8243;][\/vc_column_inner][vc_column_inner width=\u00bb1\/3&#8243;][vc_single_image image=\u00bb111455&#8243; img_size=\u00bb250&#215;250&#8243; alignment=\u00bbcenter\u00bb css_animation=\u00bbfadeIn\u00bb][vc_column_text]<\/p>\n<h3 style=\"text-align: center;\"><strong>Sergio Colado<\/strong><\/h3>\n<div class=\"traductor-textarea form-group\">\n<div class=\"textarea-desti col-xs-12 col-sm-6\">\n<div class=\"form-control second-textarea\" style=\"text-align: center;\">CEO Nechi Ingenier\u00eda y Vocal de la Red Espa\u00f1ola del Pacto Mundial de Naciones Unidas<\/div>\n<\/div>\n<\/div>\n<div class=\"traductor-checkbox form-group\">\n<div class=\"row\">\n<div class=\"col-sm-offset-2 col-sm-5\"><\/div>\n<\/div>\n<\/div>\n<p>[\/vc_column_text][\/vc_column_inner][vc_column_inner width=\u00bb1\/3&#8243;][vc_single_image image=\u00bb111457&#8243; img_size=\u00bb250&#215;250&#8243; alignment=\u00bbcenter\u00bb css_animation=\u00bbfadeIn\u00bb][vc_column_text]<\/p>\n<h3 style=\"text-align: center;\"><strong>Roc\u00edo Hern\u00e1ndez<\/strong><\/h3>\n<p style=\"text-align: center;\">T\u00e9cnica de fertilizaci\u00f3n y suelos en ADV d&#8217;Horta del Baix Llobregat<\/p>\n<p>[\/vc_column_text][\/vc_column_inner][vc_column_inner width=\u00bb1\/6&#8243;][\/vc_column_inner][\/vc_row_inner][vc_row_inner][vc_column_inner width=\u00bb1\/6&#8243;][\/vc_column_inner][vc_column_inner width=\u00bb1\/3&#8243;][vc_column_text css_animation=\u00bbfadeIn\u00bb el_class=\u00bbtitu-blau\u00bb]<\/p>\n<p style=\"text-align: center;\">PRESENTA LA JORNADA<\/p>\n<p>[\/vc_column_text][\/vc_column_inner][vc_column_inner width=\u00bb1\/3&#8243;][vc_column_text css_animation=\u00bbfadeIn\u00bb el_class=\u00bbtitu-blau\u00bb]<\/p>\n<p style=\"text-align: center;\">CLAUSURA<\/p>\n<p>[\/vc_column_text][\/vc_column_inner][vc_column_inner width=\u00bb1\/6&#8243;][\/vc_column_inner][\/vc_row_inner][vc_row_inner][vc_column_inner width=\u00bb1\/6&#8243;][\/vc_column_inner][vc_column_inner width=\u00bb1\/3&#8243;][vc_single_image image=\u00bb111443&#8243; img_size=\u00bb250&#215;250&#8243; alignment=\u00bbcenter\u00bb css_animation=\u00bbfadeIn\u00bb][vc_column_text]<\/p>\n<h3 style=\"text-align: center;\"><strong>Jorge Luengo<\/strong><\/h3>\n<p style=\"text-align: center;\">Mago y mentalista<\/p>\n<p>[\/vc_column_text][\/vc_column_inner][vc_column_inner width=\u00bb1\/3&#8243;][vc_single_image image=\u00bb111507&#8243; img_size=\u00bb250&#215;250&#8243; alignment=\u00bbcenter\u00bb css_animation=\u00bbfadeIn\u00bb][vc_column_text]<\/p>\n<h3 style=\"text-align: center;\"><strong>Elisa Rivera<\/strong><\/h3>\n<p style=\"text-align: center;\">Directora General de Planificaci\u00f3n, Coordinaci\u00f3n y Transferencia del Conocimiento Ministerio de Ciencia, Innovaci\u00f3n y Universidades<\/p>\n<p>[\/vc_column_text][\/vc_column_inner][vc_column_inner width=\u00bb1\/6&#8243;][\/vc_column_inner][\/vc_row_inner][\/vc_column][\/vc_row][vc_row type=\u00bbvc_default\u00bb full_width=\u00bbstretch_row\u00bb content_placement=\u00bbmiddle\u00bb full_width_row=\u00bbtrue\u00bb css=\u00bb.vc_custom_1680106203204{background-color: #ffffff !important;}\u00bb el_id=\u00bbprograma\u00bb][vc_column][vc_column_text el_class=\u00bbtitu-negre\u00bb]<\/p>\n<p style=\"text-align: center;\">Programa<\/p>\n<p>[\/vc_column_text][vc_single_image image=\u00bb1499&#8243; img_size=\u00bbfull\u00bb alignment=\u00bbcenter\u00bb css=\u00bb.vc_custom_1488970024704{margin-top: -20px !important;}\u00bb image_hovers=\u00bbfalse\u00bb][\/vc_column][\/vc_row][vc_row type=\u00bbvc_default\u00bb css=\u00bb.vc_custom_1710350971863{margin-bottom: 5em !important;}\u00bb][vc_column width=\u00bb1\/6&#8243;][\/vc_column][vc_column width=\u00bb2\/3&#8243;][vc_separator color=\u00bbcustom\u00bb border_width=\u00bb5&#8243; css=\u00bb.vc_custom_1489053167640{margin-bottom: 16px !important;}\u00bb accent_color=\u00bb#00a8b4&#8243;][vc_row_inner][vc_column_inner width=\u00bb1\/6&#8243;][vc_column_text css=\u00bb.vc_custom_1651135886052{margin-bottom: 7px !important;}\u00bb]8.30 h[\/vc_column_text][\/vc_column_inner][vc_column_inner width=\u00bb5\/6&#8243;][vc_column_text css=\u00bb.vc_custom_1710350625215{margin-bottom: 7px !important;}\u00bb]Acreditaciones[\/vc_column_text][\/vc_column_inner][\/vc_row_inner][vc_separator color=\u00bbcustom\u00bb css=\u00bb.vc_custom_1553098603451{margin-bottom: 16px !important;}\u00bb accent_color=\u00bb#00a8b4&#8243;][vc_row_inner][vc_column_inner width=\u00bb1\/6&#8243;][vc_column_text css=\u00bb.vc_custom_1648727961712{margin-bottom: 7px !important;}\u00bb]9.00 h[\/vc_column_text][\/vc_column_inner][vc_column_inner width=\u00bb5\/6&#8243;][vc_column_text css=\u00bb.vc_custom_1710347651130{margin-bottom: 7px !important;}\u00bb]Presenta la jornada: <strong>Jorge Luengo<\/strong>[\/vc_column_text][\/vc_column_inner][\/vc_row_inner][vc_separator color=\u00bbcustom\u00bb css=\u00bb.vc_custom_1553098603451{margin-bottom: 16px !important;}\u00bb accent_color=\u00bb#00a8b4&#8243;][vc_row_inner][vc_column_inner width=\u00bb1\/6&#8243;][vc_column_text css=\u00bb.vc_custom_1617724236749{margin-bottom: 7px !important;}\u00bb]9.00 h[\/vc_column_text][\/vc_column_inner][vc_column_inner width=\u00bb5\/6&#8243;][vc_column_text css=\u00bb.vc_custom_1722595017161{margin-bottom: 7px !important;}\u00bb]<em><strong>Bienvenida Institucional &#8211; <\/strong><\/em><a href=\"https:\/\/youtu.be\/f7ba5hnyF9E\" target=\"_blank\" rel=\"noopener\">Ver la bienvenida<\/a><em><strong><br \/>\n<\/strong><\/em>[\/vc_column_text][\/vc_column_inner][\/vc_row_inner][vc_separator color=\u00bbcustom\u00bb css=\u00bb.vc_custom_1489052187577{margin-top: 5px !important;margin-bottom: 16px !important;}\u00bb accent_color=\u00bb#00a8b4&#8243;][vc_row_inner][vc_column_inner width=\u00bb1\/6&#8243;][vc_column_text css=\u00bb.vc_custom_1680103584884{margin-bottom: 7px !important;}\u00bb]9.30 h[\/vc_column_text][\/vc_column_inner][vc_column_inner width=\u00bb5\/6&#8243;][vc_column_text css=\u00bb.vc_custom_1722595042755{margin-bottom: 7px !important;}\u00bb]<em><strong>IND+I Update<\/strong><\/em><\/p>\n<p><strong>Xavier Ferr\u00e0s Hern\u00e1ndez &#8211; <\/strong><a href=\"https:\/\/youtu.be\/HX2bt2buXLc?si=2rcUmjECbX-9BNjE\" target=\"_blank\" rel=\"noopener\">Ver presentaci\u00f3n<\/a><br \/>\n<em>Profesor de ESADE<\/em>[\/vc_column_text][\/vc_column_inner][\/vc_row_inner][vc_separator color=\u00bbcustom\u00bb css=\u00bb.vc_custom_1489052195958{margin-top: 5px !important;margin-bottom: 16px !important;}\u00bb accent_color=\u00bb#00a8b4&#8243;][vc_row_inner][vc_column_inner width=\u00bb1\/6&#8243;][vc_column_text css=\u00bb.vc_custom_1710347768464{margin-bottom: 7px !important;}\u00bb]9.50 h[\/vc_column_text][\/vc_column_inner][vc_column_inner width=\u00bb5\/6&#8243;][vc_column_text css=\u00bb.vc_custom_1722595064382{margin-bottom: 7px !important;}\u00bb]<em><strong>IND+I Talks: No tenemos un planeta B, tenemos una industria A<br \/>\n<\/strong><\/em><\/p>\n<p><strong>Elisabet Alier &#8211; <\/strong><a href=\"https:\/\/youtu.be\/Q1Ya-NQmf5k\" target=\"_blank\" rel=\"noopener\">Ver presentaci\u00f3n<\/a><br \/>\n<em>Presidenta Consejo de Administraci\u00f3n de Alier<\/em>[\/vc_column_text][\/vc_column_inner][\/vc_row_inner][vc_row_inner][vc_column_inner width=\u00bb1\/6&#8243;][\/vc_column_inner][vc_column_inner width=\u00bb5\/6&#8243;][vc_separator color=\u00bbcustom\u00bb css=\u00bb.vc_custom_1489051986868{margin-top: 3px !important;margin-bottom: 9px !important;}\u00bb accent_color=\u00bb#00a8b4&#8243;][\/vc_column_inner][\/vc_row_inner][vc_row_inner][vc_column_inner width=\u00bb1\/6&#8243;][vc_column_text css=\u00bb.vc_custom_1710347825380{margin-bottom: 7px !important;}\u00bb]10.05 h[\/vc_column_text][\/vc_column_inner][vc_column_inner width=\u00bb5\/6&#8243;][vc_column_text css=\u00bb.vc_custom_1722595363571{margin-bottom: 7px !important;}\u00bb]<b>Joan Moreno &#8211; <\/b><a href=\"https:\/\/youtu.be\/_0WHKB5VJ6g\" target=\"_blank\" rel=\"noopener\">Ver presentaci\u00f3n<\/a><br \/>\n<em>Director de Estrategia de La Farga<\/em>[\/vc_column_text][\/vc_column_inner][\/vc_row_inner][vc_row_inner][vc_column_inner width=\u00bb1\/6&#8243;][\/vc_column_inner][vc_column_inner width=\u00bb5\/6&#8243;][vc_separator color=\u00bbcustom\u00bb css=\u00bb.vc_custom_1489051986868{margin-top: 3px !important;margin-bottom: 9px !important;}\u00bb accent_color=\u00bb#00a8b4&#8243;][\/vc_column_inner][\/vc_row_inner][vc_row_inner][vc_column_inner width=\u00bb1\/6&#8243;][vc_column_text css=\u00bb.vc_custom_1710347867163{margin-bottom: 7px !important;}\u00bb]10.20 h[\/vc_column_text][\/vc_column_inner][vc_column_inner width=\u00bb5\/6&#8243;][vc_column_text css=\u00bb.vc_custom_1722595385707{margin-bottom: 7px !important;}\u00bb]<b>Esther Carreras &#8211; <\/b><a href=\"https:\/\/youtu.be\/fxR2n7fQEY4\" target=\"_blank\" rel=\"noopener\">Ver presentaci\u00f3n<\/a><br \/>\n<em>Responsable de Comunicaci\u00f3n de La Fageda<\/em>[\/vc_column_text][\/vc_column_inner][\/vc_row_inner][vc_row_inner][vc_column_inner width=\u00bb1\/6&#8243;][\/vc_column_inner][vc_column_inner width=\u00bb5\/6&#8243;][vc_separator color=\u00bbcustom\u00bb css=\u00bb.vc_custom_1489051986868{margin-top: 3px !important;margin-bottom: 9px !important;}\u00bb accent_color=\u00bb#00a8b4&#8243;][\/vc_column_inner][\/vc_row_inner][vc_row_inner][vc_column_inner width=\u00bb1\/6&#8243;][vc_column_text css=\u00bb.vc_custom_1710347879193{margin-bottom: 7px !important;}\u00bb]10.35 h[\/vc_column_text][\/vc_column_inner][vc_column_inner width=\u00bb5\/6&#8243;][vc_column_text css=\u00bb.vc_custom_1722595405236{margin-bottom: 7px !important;}\u00bb]<b>Aldo Sollazzo &#8211; <\/b><a href=\"https:\/\/youtu.be\/kjw4qFTuiCk\" target=\"_blank\" rel=\"noopener\">Ver presentaci\u00f3n<\/a><br \/>\n<em> CEO de Noumena<\/em>[\/vc_column_text][\/vc_column_inner][\/vc_row_inner][vc_row_inner][vc_column_inner width=\u00bb1\/6&#8243;][\/vc_column_inner][vc_column_inner width=\u00bb5\/6&#8243;][vc_separator color=\u00bbcustom\u00bb css=\u00bb.vc_custom_1489051986868{margin-top: 3px !important;margin-bottom: 9px !important;}\u00bb accent_color=\u00bb#00a8b4&#8243;][\/vc_column_inner][\/vc_row_inner][vc_row_inner][vc_column_inner width=\u00bb1\/6&#8243;][vc_column_text css=\u00bb.vc_custom_1710347915536{margin-bottom: 7px !important;}\u00bb]10.50 h[\/vc_column_text][\/vc_column_inner][vc_column_inner width=\u00bb5\/6&#8243;][vc_column_text css=\u00bb.vc_custom_1722595424536{margin-bottom: 7px !important;}\u00bb]<b>Mario Rovirosa &#8211; <\/b><a href=\"https:\/\/youtu.be\/Q-4xuyTFHDA\" target=\"_blank\" rel=\"noopener\">Ver presentaci\u00f3n<\/a><br \/>\n<em>CEO de Ferrer<\/em>[\/vc_column_text][\/vc_column_inner][\/vc_row_inner][vc_separator color=\u00bbcustom\u00bb css=\u00bb.vc_custom_1489052203665{margin-top: 5px !important;margin-bottom: 16px !important;}\u00bb accent_color=\u00bb#00a8b4&#8243;][vc_row_inner][vc_column_inner width=\u00bb1\/6&#8243;][vc_column_text css=\u00bb.vc_custom_1710348086534{margin-bottom: 7px !important;}\u00bb]11.20 h[\/vc_column_text][\/vc_column_inner][vc_column_inner width=\u00bb5\/6&#8243;][vc_column_text css=\u00bb.vc_custom_1712088088516{margin-bottom: 7px !important;}\u00bb]<strong>Coffee Break con c\u00f3rner de libros del Club IND+I<\/strong>[\/vc_column_text][\/vc_column_inner][\/vc_row_inner][vc_separator color=\u00bbcustom\u00bb css=\u00bb.vc_custom_1489052203665{margin-top: 5px !important;margin-bottom: 16px !important;}\u00bb accent_color=\u00bb#00a8b4&#8243;][vc_row_inner][vc_column_inner width=\u00bb1\/6&#8243;][vc_column_text css=\u00bb.vc_custom_1681979790910{margin-bottom: 7px !important;}\u00bb]12.00 h[\/vc_column_text][\/vc_column_inner][vc_column_inner width=\u00bb5\/6&#8243;][vc_column_text css=\u00bb.vc_custom_1722595448949{margin-bottom: 7px !important;}\u00bb]<em><strong>IND+I Science<\/strong><\/em><br \/>\n<em>Modera <strong>Sergio Collado<\/strong>, Vocal de la Red Espa\u00f1ola del Pacto Mundial de Naciones Unidas<br \/>\n<\/em><\/p>\n<p>Conversaci\u00f3n entre <strong>Arnau Queralt<\/strong>, <em>Director del Consell Assessor per al Desenvolupament Sostenible<\/em> y <strong>Joana Tobella<\/strong>,\u00a0<em>Directora de Innovaci\u00f3n Aig\u00fces de Barcelona. <\/em><a href=\"https:\/\/youtu.be\/l70wZcmVpaM\" target=\"_blank\" rel=\"noopener\">Ver conversaci\u00f3n<\/a><em><br \/>\n<\/em>[\/vc_column_text][\/vc_column_inner][\/vc_row_inner][vc_row_inner][vc_column_inner width=\u00bb1\/6&#8243;][\/vc_column_inner][vc_column_inner width=\u00bb5\/6&#8243;][vc_separator color=\u00bbcustom\u00bb css=\u00bb.vc_custom_1489052203665{margin-top: 5px !important;margin-bottom: 16px !important;}\u00bb accent_color=\u00bb#00a8b4&#8243;][\/vc_column_inner][\/vc_row_inner][vc_row_inner][vc_column_inner width=\u00bb1\/6&#8243;][vc_column_text css=\u00bb.vc_custom_1710348252735{margin-bottom: 7px !important;}\u00bb]12.20 h[\/vc_column_text][\/vc_column_inner][vc_column_inner width=\u00bb5\/6&#8243;][vc_column_text css=\u00bb.vc_custom_1722595468908{margin-bottom: 7px !important;}\u00bb]<em>Modera\u00a0<strong>Roc\u00edo Hern\u00e1ndez<\/strong>, T\u00e9cnica de fertilizaci\u00f3n y suelos en ADV de Horta del Baix Llobregat<\/em><\/p>\n<p>Conversaci\u00f3n entre\u00a0<strong>Alejandro Dorado<\/strong>,\u00a0<em>Comisionado para la Econom\u00eda Circular del Ministerio para la Transici\u00f3n Ecol\u00f3gica y el Reto Demogr\u00e1fico<\/em> y <strong>Carles Vel\u00e1zquez<\/strong>, <em>Director de Sostenibilidad de Roca<\/em>. <a href=\"https:\/\/youtu.be\/oSM0ULb3m4M\" target=\"_blank\" rel=\"noopener\">Ver conversaci\u00f3n<\/a>[\/vc_column_text][\/vc_column_inner][\/vc_row_inner][vc_separator color=\u00bbcustom\u00bb css=\u00bb.vc_custom_1489052203665{margin-top: 5px !important;margin-bottom: 16px !important;}\u00bb accent_color=\u00bb#00a8b4&#8243;][vc_row_inner][vc_column_inner width=\u00bb1\/6&#8243;][vc_column_text css=\u00bb.vc_custom_1710348544184{margin-bottom: 7px !important;}\u00bb]12.45 h[\/vc_column_text][\/vc_column_inner][vc_column_inner width=\u00bb5\/6&#8243;][vc_column_text css=\u00bb.vc_custom_1722595486476{margin-bottom: 7px !important;}\u00bb]<em><strong>IND+I Insights<\/strong><\/em><\/p>\n<p><b>Daniel Wahl &#8211; <\/b><a href=\"https:\/\/youtu.be\/kv2HCTfVs5o\" target=\"_blank\" rel=\"noopener\">Ver presentaci\u00f3n<\/a><br \/>\n<em>Autor \u00abDise\u00f1ando Culturas Regenerativas\u00bb<\/em><\/p>\n<p>Preguntas por <b>Anna Pall\u00ed<\/b>, <em>Jefa de Vigilancia tecnol\u00f3gica y Garant\u00eda de Calidad del IRTA<\/em>.[\/vc_column_text][\/vc_column_inner][\/vc_row_inner][vc_separator color=\u00bbcustom\u00bb css=\u00bb.vc_custom_1489052203665{margin-top: 5px !important;margin-bottom: 16px !important;}\u00bb accent_color=\u00bb#00a8b4&#8243;][vc_row_inner][vc_column_inner width=\u00bb1\/6&#8243;][vc_column_text css=\u00bb.vc_custom_1710348558609{margin-bottom: 7px !important;}\u00bb]13.15 h[\/vc_column_text][\/vc_column_inner][vc_column_inner width=\u00bb5\/6&#8243;][vc_column_text css=\u00bb.vc_custom_1722595506505{margin-bottom: 7px !important;}\u00bb]<em><strong>IND+I 2025<\/strong><\/em><br \/>\n<em>Soberan\u00eda tecnol\u00f3gica e industrial<\/em><\/p>\n<p><strong>Antonio Hidalgo &#8211; <\/strong><a href=\"https:\/\/youtu.be\/VbpHV67qJ6Y\" target=\"_blank\" rel=\"noopener\">Ver presentaci\u00f3n<\/a><br \/>\n<em>Catedr\u00e1tico Pol\u00edtica Industrial Universidad Polit\u00e9cnica de Madrid<\/em><\/p>\n<p>Con <strong>Jordi Garcia Brustenga<\/strong>, <em>Director General de Estrategia Industrial y de la pyme, Ministerio de Industria y Turismo<\/em> y <strong>Oriol Alcoba<\/strong>, <em>Director General d\u2019Ind\u00fastria de la Generalitat<\/em>[\/vc_column_text][\/vc_column_inner][\/vc_row_inner][vc_separator color=\u00bbcustom\u00bb css=\u00bb.vc_custom_1489052203665{margin-top: 5px !important;margin-bottom: 16px !important;}\u00bb accent_color=\u00bb#00a8b4&#8243;][vc_row_inner][vc_column_inner width=\u00bb1\/6&#8243;][vc_column_text css=\u00bb.vc_custom_1712737042990{margin-bottom: 7px !important;}\u00bb]13.45 h[\/vc_column_text][\/vc_column_inner][vc_column_inner width=\u00bb5\/6&#8243;][vc_column_text css=\u00bb.vc_custom_1722595547947{margin-bottom: 7px !important;}\u00bb]<strong>CLAUSURA<\/strong> con <strong>Elisa Rivera<\/strong>, <em>Directora General de Planificaci\u00f3n, Coordinaci\u00f3n y Transferencia del Conocimiento Ministerio de Ciencia, Innovaci\u00f3n y Universidades. <\/em><a href=\"https:\/\/youtu.be\/WXVpiZr7m8Y\" target=\"_blank\" rel=\"noopener\">Ver clausura<\/a>[\/vc_column_text][\/vc_column_inner][\/vc_row_inner][vc_separator color=\u00bbcustom\u00bb css=\u00bb.vc_custom_1489052203665{margin-top: 5px !important;margin-bottom: 16px !important;}\u00bb accent_color=\u00bb#00a8b4&#8243;][vc_row_inner][vc_column_inner width=\u00bb1\/6&#8243;][vc_column_text css=\u00bb.vc_custom_1712088579568{margin-bottom: 7px !important;}\u00bb]13.55 h[\/vc_column_text][\/vc_column_inner][vc_column_inner width=\u00bb5\/6&#8243;][vc_column_text css=\u00bb.vc_custom_1712088588133{margin-bottom: 7px !important;}\u00bb]<em><strong>INDI+I EXPERIENCE<\/strong><\/em>[\/vc_column_text][\/vc_column_inner][\/vc_row_inner][vc_separator color=\u00bbcustom\u00bb css=\u00bb.vc_custom_1489052203665{margin-top: 5px !important;margin-bottom: 16px !important;}\u00bb accent_color=\u00bb#00a8b4&#8243;][vc_row_inner][vc_column_inner width=\u00bb1\/6&#8243;][vc_column_text css=\u00bb.vc_custom_1710348706931{margin-bottom: 7px !important;}\u00bb]14.00 h[\/vc_column_text][\/vc_column_inner][vc_column_inner width=\u00bb5\/6&#8243;][vc_column_text css=\u00bb.vc_custom_1712737152119{margin-bottom: 7px !important;}\u00bb]<em><strong>INDI+I LUNCH<\/strong><\/em><br \/>\nTrae tu libro y los autores <em>Daniel Wahl, Antoni Garrell, Albert Riba, Pere Condom, \u00c0urea Rodr\u00edguez, Blanca Espina<\/em> y <em>Jos\u00e9 Manuel Leceta<\/em>, entre otros, te lo firmar\u00e1n en el c\u00f3rner del <strong>IND+I CLUB<\/strong>[\/vc_column_text][\/vc_column_inner][\/vc_row_inner][vc_separator color=\u00bbcustom\u00bb css=\u00bb.vc_custom_1489052203665{margin-top: 5px !important;margin-bottom: 16px !important;}\u00bb accent_color=\u00bb#00a8b4&#8243;][vc_row_inner][vc_column_inner width=\u00bb1\/6&#8243;][vc_column_text css=\u00bb.vc_custom_1710348747793{margin-bottom: 7px !important;}\u00bb]15.00 h[\/vc_column_text][\/vc_column_inner][vc_column_inner width=\u00bb5\/6&#8243;][vc_column_text css=\u00bb.vc_custom_1712088662106{margin-bottom: 7px !important;}\u00bb]<strong>Actividad <em>IND+I REGENERATIVA<\/em><br \/>\n<\/strong>[\/vc_column_text][\/vc_column_inner][\/vc_row_inner][vc_separator color=\u00bbcustom\u00bb css=\u00bb.vc_custom_1489052203665{margin-top: 5px !important;margin-bottom: 16px !important;}\u00bb accent_color=\u00bb#00a8b4&#8243;][vc_row_inner][vc_column_inner width=\u00bb1\/6&#8243;][vc_column_text css=\u00bb.vc_custom_1710348772209{margin-bottom: 7px !important;}\u00bb]16.00 h[\/vc_column_text][\/vc_column_inner][vc_column_inner width=\u00bb5\/6&#8243;][vc_column_text css=\u00bb.vc_custom_1712088672981{margin-bottom: 7px !important;}\u00bb]<strong>Cierre del IND+I<\/strong>[\/vc_column_text][\/vc_column_inner][\/vc_row_inner][vc_separator color=\u00bbcustom\u00bb border_width=\u00bb5&#8243; css=\u00bb.vc_custom_1489053167640{margin-bottom: 16px !important;}\u00bb accent_color=\u00bb#00a8b4&#8243;][\/vc_column][vc_column width=\u00bb1\/6&#8243;][\/vc_column][\/vc_row][vc_row type=\u00bbvc_default\u00bb full_width=\u00bbstretch_row\u00bb content_placement=\u00bbmiddle\u00bb bg_type=\u00bbbg_color\u00bb css=\u00bb.vc_custom_1709046343541{margin-bottom: 5em !important;}\u00bb bg_color_value=\u00bb#000000&#8243;][vc_column][vc_column_text el_class=\u00bbblanc intro\u00bb]<\/p>\n<p style=\"text-align: center;\"><strong>\u00bfQuieres recibir m\u00e1s informaci\u00f3n?<\/strong><br \/>\nContacta con\u00a0<a href=\"mailto:secretaria@indi.cat\" target=\"_blank\" rel=\"noopener\">secretaria@indi.cat<\/a><\/p>\n<p>[\/vc_column_text][\/vc_column][\/vc_row][vc_row type=\u00bbvc_default\u00bb full_width=\u00bbstretch_row\u00bb content_placement=\u00bbmiddle\u00bb full_width_row=\u00bbtrue\u00bb css=\u00bb.vc_custom_1488973149464{background-color: #ffffff !important;}\u00bb][vc_column][vc_column_text el_class=\u00bbtitu-negre\u00bb]<\/p>\n<p style=\"text-align: center;\">Qu\u00e9 dicen del IND+I<\/p>\n<p>[\/vc_column_text][vc_single_image image=\u00bb1499&#8243; img_size=\u00bbfull\u00bb alignment=\u00bbcenter\u00bb css=\u00bb.vc_custom_1488970024704{margin-top: -20px !important;}\u00bb image_hovers=\u00bbfalse\u00bb][vc_row_inner][vc_column_inner width=\u00bb1\/2&#8243;][vc_column_text css=\u00bb.vc_custom_1578502695143{margin-top: 21px !important;margin-bottom: 10px !important;}\u00bb]<span style=\"font-size: 22px;\">\u00daltimas noticias<\/span>[\/vc_column_text][vc_separator color=\u00bbblack\u00bb][vc_column_text css=\u00bb.vc_custom_1491817089086{margin-bottom: 1px !important;}\u00bb]<\/p>\n<div style=\"height: 360px; overflow-y: scroll;\"><ul class=\"lcp_catlist\" id=\"lcp_instance_0\"><li><a href=\"https:\/\/indi.cat\/es\/indi-club-upc-27-de-marzo\/\">IND+I Club UPC: 27 de marzo<\/a><a href=\"https:\/\/indi.cat\/es\/indi-club-upc-27-de-marzo\/\" title=\"IND+I Club UPC: 27 de marzo\"><img decoding=\"async\" width=\"150\" height=\"150\" src=\"https:\/\/indi.cat\/wp-content\/uploads\/indi20171-150x150.gif\" class=\"lcp_thumbnail wp-post-image\" alt=\"IND+I Club UPC: 27 de marzo\" \/><\/a><div class=\"lcp_excerpt\">Nueva edici\u00f3n del IND+I Club en UPC organitzado conjuntamente con el la Universidad Polit\u00e9cnica de Catalu\u00f1a con una sesi\u00f3n h\u00edbrida, en la Biblioteca Rector Gabriel ...<\/div><\/li><li><a href=\"https:\/\/indi.cat\/es\/indi-club-ermua-9-abril\/\">IND+I Club Ermua: 9 de abril<\/a><a href=\"https:\/\/indi.cat\/es\/indi-club-ermua-9-abril\/\" title=\"IND+I Club Ermua: 9 de abril\"><img decoding=\"async\" width=\"150\" height=\"150\" src=\"https:\/\/indi.cat\/wp-content\/uploads\/indi20171-150x150.gif\" class=\"lcp_thumbnail wp-post-image\" alt=\"IND+I Club Ermua: 9 de abril\" \/><\/a><div class=\"lcp_excerpt\">Nueva edici\u00f3n del IND+I Club, por primera vez en Ermua organitzado conjuntamente con el Ayuntamiento de Ermua con una sesi\u00f3n h\u00edbrida, en el Izarra Centre, ...<\/div><\/li><li><a href=\"https:\/\/indi.cat\/es\/indi-club-aviles-18-de-marzo\/\">IND+I Club Avil\u00e9s: 18 de marzo<\/a><a href=\"https:\/\/indi.cat\/es\/indi-club-aviles-18-de-marzo\/\" title=\"IND+I Club Avil\u00e9s: 18 de marzo\"><img decoding=\"async\" width=\"150\" height=\"150\" src=\"https:\/\/indi.cat\/wp-content\/uploads\/indi20171-150x150.gif\" class=\"lcp_thumbnail wp-post-image\" alt=\"IND+I Club Avil\u00e9s: 18 de marzo\" \/><\/a><div class=\"lcp_excerpt\">Nueva edici\u00f3n del IND+I Club en Avil\u00e9s organitzado conjuntamente con el Ayuntamiento de Avil\u00e9s con una sesi\u00f3n h\u00edbrida, en el Espacio Maqua, C. de la ...<\/div><\/li><li><a href=\"https:\/\/indi.cat\/es\/indi-club-sagunto-18-de-febrero\/\">IND+I Club Sagunto: 18 de febrero<\/a><a href=\"https:\/\/indi.cat\/es\/indi-club-sagunto-18-de-febrero\/\" title=\"IND+I Club Sagunto: 18 de febrero\"><img decoding=\"async\" width=\"150\" height=\"150\" src=\"https:\/\/indi.cat\/wp-content\/uploads\/indi20171-150x150.gif\" class=\"lcp_thumbnail wp-post-image\" alt=\"IND+I Club Sagunto: 18 de febrero\" \/><\/a><div class=\"lcp_excerpt\">Nueva edici\u00f3n del IND+I Club en Sagunto organitzado conjuntamente con el Ayuntamiento de Sagunto con una sesi\u00f3n h\u00edbrida, en la Sede de la Fundaci\u00f3 Port ...<\/div><\/li><\/ul><\/div>\n<p>[\/vc_column_text][vc_separator color=\u00bbblack\u00bb css=\u00bb.vc_custom_1491816336139{margin-bottom: 18px !important;}\u00bb][vc_column_text]<a href=\"https:\/\/indi.cat\/veure-totes-les-noticies\/\">Veure totes les not\u00edcies<\/a>[\/vc_column_text][\/vc_column_inner][vc_column_inner width=\u00bb1\/2&#8243;][vc_raw_html]JTNDYSUyMGNsYXNzJTNEJTIydHdpdHRlci10aW1lbGluZSUyMiUyMGRhdGEtaGVpZ2h0JTNEJTIyNTAwJTIyJTIwaHJlZiUzRCUyMmh0dHBzJTNBJTJGJTJGdHdpdHRlci5jb20lMkZJTkRJdmlsYWRlY2FucyUzRnJlZl9zcmMlM0R0d3NyYyUyNTVFdGZ3JTIyJTNFVHdlZXRzJTIwZGUlMjBJTkRJX3ZpbGFkZWNhbnMlM0MlMkZhJTNFJTIwJTNDc2NyaXB0JTIwYXN5bmMlMjBzcmMlM0QlMjJodHRwcyUzQSUyRiUyRnBsYXRmb3JtLnR3aXR0ZXIuY29tJTJGd2lkZ2V0cy5qcyUyMiUyMGNoYXJzZXQlM0QlMjJ1dGYtOCUyMiUzRSUzQyUyRnNjcmlwdCUzRSUyMA==[\/vc_raw_html][\/vc_column_inner][\/vc_row_inner][\/vc_column][\/vc_row][vc_row type=\u00bbvc_default\u00bb full_width=\u00bbstretch_row_content_no_spaces\u00bb content_placement=\u00bbmiddle\u00bb full_width_row=\u00bbtrue\u00bb css=\u00bb.vc_custom_1618218179047{background-color: #000000 !important;}\u00bb][vc_column][vc_column_text css=\u00bb.vc_custom_1700136043928{margin-bottom: 5px !important;}\u00bb]<\/p>\n<div style=\"text-align: center; width: 100%;\"><a href=\"https:\/\/twitter.com\/INDIViladecans\" target=\"_blank\" rel=\"noopener noreferrer\"><img decoding=\"async\" class=\"wp-image-65 size-full\" style=\"margin-right: 3px;\" src=\"https:\/\/indi.cat\/wp-content\/uploads\/twi-b.png\" alt=\"\" width=\"32\" height=\"37\" \/><\/a><a href=\"https:\/\/www.linkedin.com\/in\/indi-viladecans-12a96813b\/\" target=\"_blank\" rel=\"noopener noreferrer\"><img decoding=\"async\" class=\"wp-image-63 size-full\" style=\"margin-right: 3px;\" src=\"https:\/\/indi.cat\/wp-content\/uploads\/link-b.png\" alt=\"\" width=\"32\" height=\"37\" \/><\/a><a href=\"https:\/\/www.youtube.com\/@canalindi7217\" target=\"_blank\" rel=\"noopener noreferrer\"><img decoding=\"async\" class=\"wp-image-68 size-full\" src=\"https:\/\/indi.cat\/wp-content\/uploads\/you-b-1.png\" alt=\"\" width=\"32\" height=\"37\" \/><\/a><\/div>\n<p>[\/vc_column_text][vc_column_text el_class=\u00bbblanc\u00bb]<\/p>\n<p style=\"text-align: center;\">#FENTLINDI<\/p>\n<p>[\/vc_column_text][\/vc_column][\/vc_row]<\/p>\n<\/div>","protected":false},"excerpt":{"rendered":"<p>[vc_row type=\u00bbvc_default\u00bb content_placement=\u00bbmiddle\u00bb css=\u00bb.vc_custom_1710350494382{margin-top: 5em !important;}\u00bb][vc_column][vc_single_image image=\u00bb111402&#8243; img_size=\u00bblarge\u00bb alignment=\u00bbcenter\u00bb onclick=\u00bbcustom_link\u00bb img_link_target=\u00bb_blank\u00bb css=\u00bb.vc_custom_1710350485571{padding-top: 15px !important;}\u00bb image_hovers=\u00bbfalse\u00bb el_class=\u00bbmanifest\u00bb link=\u00bbhttps:\/\/event.meetmaps.com\/3968656266\/es\/info?utm_source=IND%2BI_2022+%28CAST%29&amp;utm_campaign=edff8bc0f7-EMAIL_CAMPAIGN_2022_03_15_08_21_COPY_02&amp;utm_medium=email&amp;utm_term=0_8d6b91265b-edff8bc0f7-610066820&#8243;][vc_single_image image=\u00bb1539&#8243; img_size=\u00bbfull\u00bb alignment=\u00bbcenter\u00bb image_hovers=\u00bbfalse\u00bb][vc_single_image image=\u00bb1499&#8243; img_size=\u00bbfull\u00bb alignment=\u00bbcenter\u00bb image_hovers=\u00bbfalse\u00bb][\/vc_column][\/vc_row][vc_row type=\u00bbvc_default\u00bb full_width=\u00bbstretch_row\u00bb content_placement=\u00bbmiddle\u00bb bg_type=\u00bbbg_color\u00bb css=\u00bb.vc_custom_1709046221275{margin-bottom: 5em !important;}\u00bb bg_color_value=\u00bb#000000&#8243;][vc_column][vc_column_text el_class=\u00bbblanc intro\u00bb] \u00a1HAU! [\/vc_column_text][vc_column_text el_class=\u00bbblanc intro\u00bb] En la 8\u00aa edici\u00f3n del IND+I Day\u00a0desgranaremos la\u00a0industria regenerativa: aquella que busca contribuir positivamente a la&hellip;<\/p>\n","protected":false},"author":1,"featured_media":111402,"parent":112241,"menu_order":0,"comment_status":"closed","ping_status":"closed","template":"template-microsite.php","meta":{"footnotes":""},"class_list":["post-111752","page","type-page","status-publish","has-post-thumbnail","hentry","description-off"],"yoast_head":"<!-- This site is optimized with the Yoast SEO plugin v27.2 - https:\/\/yoast.com\/product\/yoast-seo-wordpress\/ -->\n<title>IND+I Day - Edici\u00f3n 2024 - IND+I 2025<\/title>\n<meta name=\"description\" content=\"En la 8\u00aa edici\u00f3n del IND+I Day\u00a0desgranaremos la\u00a0industria regenerativa: aquella que busca contribuir positivamente a la econom\u00eda y a su entorno, promoviendo la restauraci\u00f3n y la regeneraci\u00f3n de los recursos naturales y de la sociedad.\" \/>\n<meta name=\"robots\" content=\"index, follow, max-snippet:-1, max-image-preview:large, max-video-preview:-1\" \/>\n<link rel=\"canonical\" href=\"https:\/\/indi.cat\/es\/indi-day\/indi-day-edicion-2024\/\" \/>\n<meta property=\"og:locale\" content=\"es_ES\" \/>\n<meta property=\"og:type\" content=\"article\" \/>\n<meta property=\"og:title\" content=\"IND+I Day - Edici\u00f3n 2024 - IND+I 2025\" \/>\n<meta property=\"og:description\" content=\"En la 8\u00aa edici\u00f3n del IND+I Day\u00a0desgranaremos la\u00a0industria regenerativa: aquella que busca contribuir positivamente a la econom\u00eda y a su entorno, promoviendo la restauraci\u00f3n y la regeneraci\u00f3n de los recursos naturales y de la sociedad.\" \/>\n<meta property=\"og:url\" content=\"https:\/\/indi.cat\/es\/indi-day\/indi-day-edicion-2024\/\" \/>\n<meta property=\"og:site_name\" content=\"IND+I 2025\" \/>\n<meta property=\"article:modified_time\" content=\"2026-03-05T12:34:10+00:00\" \/>\n<meta property=\"og:image\" content=\"https:\/\/indi.cat\/wp-content\/uploads\/INDIDAY24_ESP.gif\" \/>\n\t<meta property=\"og:image:width\" content=\"1920\" \/>\n\t<meta property=\"og:image:height\" content=\"1080\" \/>\n\t<meta property=\"og:image:type\" content=\"image\/gif\" \/>\n<meta name=\"twitter:card\" content=\"summary_large_image\" \/>\n<meta name=\"twitter:title\" content=\"IND+I Day - Edici\u00f3n 2024 - IND+I 2025\" \/>\n<meta name=\"twitter:description\" content=\"Viladecans vol ser altra vegada el referent a Catalunya en l\u2019\u00e0mbit de la divulgaci\u00f3 i la discussi\u00f3 de tend\u00e8ncies i innovacions industrials i les pol\u00edtiques que les poden impulsar.\" \/>\n<meta name=\"twitter:image\" content=\"https:\/\/indi.cat\/wp-content\/uploads\/indi2021.png\" \/>\n<meta name=\"twitter:site\" content=\"@INDI_viladecans\" \/>\n<script type=\"application\/ld+json\" class=\"yoast-schema-graph\">{\"@context\":\"https:\/\/schema.org\",\"@graph\":[{\"@type\":\"WebPage\",\"@id\":\"https:\/\/indi.cat\/es\/indi-day\/indi-day-edicion-2024\/\",\"url\":\"https:\/\/indi.cat\/es\/indi-day\/indi-day-edicion-2024\/\",\"name\":\"IND+I Day - Edici\u00f3n 2024 - IND+I 2025\",\"isPartOf\":{\"@id\":\"https:\/\/indi.cat\/#website\"},\"primaryImageOfPage\":{\"@id\":\"https:\/\/indi.cat\/es\/indi-day\/indi-day-edicion-2024\/#primaryimage\"},\"image\":{\"@id\":\"https:\/\/indi.cat\/es\/indi-day\/indi-day-edicion-2024\/#primaryimage\"},\"thumbnailUrl\":\"https:\/\/indi.cat\/wp-content\/uploads\/INDIDAY24_ESP.gif\",\"datePublished\":\"2025-03-31T11:03:58+00:00\",\"dateModified\":\"2026-03-05T12:34:10+00:00\",\"description\":\"En la 8\u00aa edici\u00f3n del IND+I Day\u00a0desgranaremos la\u00a0industria regenerativa: aquella que busca contribuir positivamente a la econom\u00eda y a su entorno, promoviendo la restauraci\u00f3n y la regeneraci\u00f3n de los recursos naturales y de la sociedad.\",\"breadcrumb\":{\"@id\":\"https:\/\/indi.cat\/es\/indi-day\/indi-day-edicion-2024\/#breadcrumb\"},\"inLanguage\":\"es\",\"potentialAction\":[{\"@type\":\"ReadAction\",\"target\":[\"https:\/\/indi.cat\/es\/indi-day\/indi-day-edicion-2024\/\"]}]},{\"@type\":\"ImageObject\",\"inLanguage\":\"es\",\"@id\":\"https:\/\/indi.cat\/es\/indi-day\/indi-day-edicion-2024\/#primaryimage\",\"url\":\"https:\/\/indi.cat\/wp-content\/uploads\/INDIDAY24_ESP.gif\",\"contentUrl\":\"https:\/\/indi.cat\/wp-content\/uploads\/INDIDAY24_ESP.gif\",\"width\":1920,\"height\":1080},{\"@type\":\"BreadcrumbList\",\"@id\":\"https:\/\/indi.cat\/es\/indi-day\/indi-day-edicion-2024\/#breadcrumb\",\"itemListElement\":[{\"@type\":\"ListItem\",\"position\":1,\"name\":\"Home\",\"item\":\"https:\/\/indi.cat\/es\/\"},{\"@type\":\"ListItem\",\"position\":2,\"name\":\"IND+I Day\",\"item\":\"https:\/\/indi.cat\/es\/indi-day\/\"},{\"@type\":\"ListItem\",\"position\":3,\"name\":\"IND+I Day &#8211; Edici\u00f3n 2024\"}]},{\"@type\":\"WebSite\",\"@id\":\"https:\/\/indi.cat\/#website\",\"url\":\"https:\/\/indi.cat\/\",\"name\":\"IND+I 2025\",\"description\":\"Viladecans\",\"potentialAction\":[{\"@type\":\"SearchAction\",\"target\":{\"@type\":\"EntryPoint\",\"urlTemplate\":\"https:\/\/indi.cat\/?s={search_term_string}\"},\"query-input\":{\"@type\":\"PropertyValueSpecification\",\"valueRequired\":true,\"valueName\":\"search_term_string\"}}],\"inLanguage\":\"es\"}]}<\/script>\n<!-- \/ Yoast SEO plugin. -->","yoast_head_json":{"title":"IND+I Day - Edici\u00f3n 2024 - IND+I 2025","description":"En la 8\u00aa edici\u00f3n del IND+I Day\u00a0desgranaremos la\u00a0industria regenerativa: aquella que busca contribuir positivamente a la econom\u00eda y a su entorno, promoviendo la restauraci\u00f3n y la regeneraci\u00f3n de los recursos naturales y de la sociedad.","robots":{"index":"index","follow":"follow","max-snippet":"max-snippet:-1","max-image-preview":"max-image-preview:large","max-video-preview":"max-video-preview:-1"},"canonical":"https:\/\/indi.cat\/es\/indi-day\/indi-day-edicion-2024\/","og_locale":"es_ES","og_type":"article","og_title":"IND+I Day - Edici\u00f3n 2024 - IND+I 2025","og_description":"En la 8\u00aa edici\u00f3n del IND+I Day\u00a0desgranaremos la\u00a0industria regenerativa: aquella que busca contribuir positivamente a la econom\u00eda y a su entorno, promoviendo la restauraci\u00f3n y la regeneraci\u00f3n de los recursos naturales y de la sociedad.","og_url":"https:\/\/indi.cat\/es\/indi-day\/indi-day-edicion-2024\/","og_site_name":"IND+I 2025","article_modified_time":"2026-03-05T12:34:10+00:00","og_image":[{"width":1920,"height":1080,"url":"https:\/\/indi.cat\/wp-content\/uploads\/INDIDAY24_ESP.gif","type":"image\/gif"}],"twitter_card":"summary_large_image","twitter_title":"IND+I Day - Edici\u00f3n 2024 - IND+I 2025","twitter_description":"Viladecans vol ser altra vegada el referent a Catalunya en l\u2019\u00e0mbit de la divulgaci\u00f3 i la discussi\u00f3 de tend\u00e8ncies i innovacions industrials i les pol\u00edtiques que les poden impulsar.","twitter_image":"https:\/\/indi.cat\/wp-content\/uploads\/indi2021.png","twitter_site":"@INDI_viladecans","schema":{"@context":"https:\/\/schema.org","@graph":[{"@type":"WebPage","@id":"https:\/\/indi.cat\/es\/indi-day\/indi-day-edicion-2024\/","url":"https:\/\/indi.cat\/es\/indi-day\/indi-day-edicion-2024\/","name":"IND+I Day - Edici\u00f3n 2024 - IND+I 2025","isPartOf":{"@id":"https:\/\/indi.cat\/#website"},"primaryImageOfPage":{"@id":"https:\/\/indi.cat\/es\/indi-day\/indi-day-edicion-2024\/#primaryimage"},"image":{"@id":"https:\/\/indi.cat\/es\/indi-day\/indi-day-edicion-2024\/#primaryimage"},"thumbnailUrl":"https:\/\/indi.cat\/wp-content\/uploads\/INDIDAY24_ESP.gif","datePublished":"2025-03-31T11:03:58+00:00","dateModified":"2026-03-05T12:34:10+00:00","description":"En la 8\u00aa edici\u00f3n del IND+I Day\u00a0desgranaremos la\u00a0industria regenerativa: aquella que busca contribuir positivamente a la econom\u00eda y a su entorno, promoviendo la restauraci\u00f3n y la regeneraci\u00f3n de los recursos naturales y de la sociedad.","breadcrumb":{"@id":"https:\/\/indi.cat\/es\/indi-day\/indi-day-edicion-2024\/#breadcrumb"},"inLanguage":"es","potentialAction":[{"@type":"ReadAction","target":["https:\/\/indi.cat\/es\/indi-day\/indi-day-edicion-2024\/"]}]},{"@type":"ImageObject","inLanguage":"es","@id":"https:\/\/indi.cat\/es\/indi-day\/indi-day-edicion-2024\/#primaryimage","url":"https:\/\/indi.cat\/wp-content\/uploads\/INDIDAY24_ESP.gif","contentUrl":"https:\/\/indi.cat\/wp-content\/uploads\/INDIDAY24_ESP.gif","width":1920,"height":1080},{"@type":"BreadcrumbList","@id":"https:\/\/indi.cat\/es\/indi-day\/indi-day-edicion-2024\/#breadcrumb","itemListElement":[{"@type":"ListItem","position":1,"name":"Home","item":"https:\/\/indi.cat\/es\/"},{"@type":"ListItem","position":2,"name":"IND+I Day","item":"https:\/\/indi.cat\/es\/indi-day\/"},{"@type":"ListItem","position":3,"name":"IND+I Day &#8211; Edici\u00f3n 2024"}]},{"@type":"WebSite","@id":"https:\/\/indi.cat\/#website","url":"https:\/\/indi.cat\/","name":"IND+I 2025","description":"Viladecans","potentialAction":[{"@type":"SearchAction","target":{"@type":"EntryPoint","urlTemplate":"https:\/\/indi.cat\/?s={search_term_string}"},"query-input":{"@type":"PropertyValueSpecification","valueRequired":true,"valueName":"search_term_string"}}],"inLanguage":"es"}]}},"_links":{"self":[{"href":"https:\/\/indi.cat\/es\/wp-json\/wp\/v2\/pages\/111752","targetHints":{"allow":["GET"]}}],"collection":[{"href":"https:\/\/indi.cat\/es\/wp-json\/wp\/v2\/pages"}],"about":[{"href":"https:\/\/indi.cat\/es\/wp-json\/wp\/v2\/types\/page"}],"author":[{"embeddable":true,"href":"https:\/\/indi.cat\/es\/wp-json\/wp\/v2\/users\/1"}],"replies":[{"embeddable":true,"href":"https:\/\/indi.cat\/es\/wp-json\/wp\/v2\/comments?post=111752"}],"version-history":[{"count":0,"href":"https:\/\/indi.cat\/es\/wp-json\/wp\/v2\/pages\/111752\/revisions"}],"up":[{"embeddable":true,"href":"https:\/\/indi.cat\/es\/wp-json\/wp\/v2\/pages\/112241"}],"wp:featuredmedia":[{"embeddable":true,"href":"https:\/\/indi.cat\/es\/wp-json\/wp\/v2\/media\/111402"}],"wp:attachment":[{"href":"https:\/\/indi.cat\/es\/wp-json\/wp\/v2\/media?parent=111752"}],"curies":[{"name":"wp","href":"https:\/\/api.w.org\/{rel}","templated":true}]}}