{"id":111377,"date":"2024-02-27T12:17:59","date_gmt":"2024-02-27T12:17:59","guid":{"rendered":"https:\/\/indi.cat\/?page_id=111377"},"modified":"2026-03-05T13:34:10","modified_gmt":"2026-03-05T12:34:10","slug":"indi-day-edicion-2023","status":"publish","type":"page","link":"https:\/\/indi.cat\/es\/indi-day\/indi-day-edicion-2023\/","title":{"rendered":"IND+I Day &#8211; Edici\u00f3n 2023"},"content":{"rendered":"<div class=\"wpb-content-wrapper\"><p>[vc_row type=\u00bbvc_default\u00bb content_placement=\u00bbmiddle\u00bb full_width_row=\u00bbtrue\u00bb][vc_column][vc_single_image image=\u00bb111144&#8243; img_size=\u00bbfull\u00bb alignment=\u00bbcenter\u00bb image_hovers=\u00bbfalse\u00bb el_class=\u00bbmanifest\u00bb][vc_single_image image=\u00bb1539&#8243; img_size=\u00bbfull\u00bb alignment=\u00bbcenter\u00bb image_hovers=\u00bbfalse\u00bb][vc_single_image image=\u00bb1499&#8243; img_size=\u00bbfull\u00bb alignment=\u00bbcenter\u00bb image_hovers=\u00bbfalse\u00bb css=\u00bb.vc_custom_1488970024704{margin-top: -20px !important;}\u00bb][vc_row_inner equal_height=\u00bbyes\u00bb content_placement=\u00bbmiddle\u00bb el_class=\u00bbbotons-inscripcio\u00bb][vc_column_inner width=\u00bb1\/2&#8243;][vc_single_image image=\u00bb111138&#8243; img_size=\u00bbfull\u00bb alignment=\u00bbcenter\u00bb image_hovers=\u00bbfalse\u00bb][\/vc_column_inner][vc_column_inner width=\u00bb1\/2&#8243;][vc_single_image image=\u00bb1857&#8243; img_size=\u00bbfull\u00bb alignment=\u00bbcenter\u00bb image_hovers=\u00bbfalse\u00bb][\/vc_column_inner][\/vc_row_inner][\/vc_column][\/vc_row][vc_row type=\u00bbvc_default\u00bb full_width=\u00bbstretch_row\u00bb content_placement=\u00bbmiddle\u00bb full_width_row=\u00bbtrue\u00bb bg_type=\u00bbbg_color\u00bb css=\u00bb.vc_custom_1647428559923{padding-top: 0.5em !important;padding-bottom: 3em !important;background-color: #000000 !important;}\u00bb bg_color_value=\u00bb#000000&#8243;][vc_column][vc_column_text el_class=\u00bbtitu-blanc\u00bb]<\/p>\n<p style=\"text-align: center;\"><img decoding=\"async\" class=\"size-full wp-image-30 alignnone\" src=\"https:\/\/indi.cat\/wp-content\/uploads\/ma.png\" alt=\"\" width=\"31\" height=\"46\" \/> \u00a1HAU!<\/p>\n<p>[\/vc_column_text][vc_column_text el_class=\u00bbblanc intro\u00bb css=\u00bb.vc_custom_1679070622395{margin-bottom: 2.5em !important;}\u00bb]<\/p>\n<p style=\"text-align: center;\">\u00c0urea y Xavier tienen<strong>\u00a0un mensaje muy importante<\/strong>\u00a0para toda la\u00a0<strong>tribu IND+I<\/strong><\/p>\n<p>[\/vc_column_text][vc_row_inner][vc_column_inner width=\u00bb1\/3&#8243;][vc_video link=\u00bbhttps:\/\/www.youtube.com\/watch?v=PBykq6kp-wk\u00bb][vc_column_text el_class=\u00bbblanc intro\u00bb css=\u00bb.vc_custom_1679070707241{margin-bottom: 2.5em !important;}\u00bb]<\/p>\n<p style=\"text-align: center;\"><strong>\u00c0urea Rodr\u00edguez<\/strong><br \/>\n<em>L\u00edder<\/em> experta IND+I<\/p>\n<p>[\/vc_column_text][\/vc_column_inner][vc_column_inner width=\u00bb1\/3&#8243;][vc_video link=\u00bbhttps:\/\/www.youtube.com\/watch?v=ybHHDJxYs3s\u00bb][vc_column_text el_class=\u00bbblanc intro\u00bb css=\u00bb.vc_custom_1679070715514{margin-bottom: 2.5em !important;}\u00bb]<\/p>\n<p style=\"text-align: center;\"><strong>Xavier Ferr\u00e0s<\/strong><br \/>\nPresidente cient\u00edfico del Consejo IND+I<\/p>\n<p>[\/vc_column_text][\/vc_column_inner][vc_column_inner width=\u00bb1\/3&#8243;][vc_video link=\u00bbhttps:\/\/youtu.be\/qADWutz3M6Q\u00bb][vc_column_text el_class=\u00bbblanc intro\u00bb css=\u00bb.vc_custom_1683025722396{margin-bottom: 2.5em !important;}\u00bb]<\/p>\n<p style=\"text-align: center;\"><strong>Jos\u00e9 Manuel Zapata<\/strong><br \/>\nTenor<\/p>\n<p>[\/vc_column_text][\/vc_column_inner][\/vc_row_inner][vc_column_text el_class=\u00bbblanc intro\u00bb css=\u00bb.vc_custom_1679070732674{margin-bottom: 2.5em !important;}\u00bb]<\/p>\n<p style=\"text-align: center;\">Ya lo has o\u00eddo:\u00a0<strong>\u00a1Vuelve la 7\u00aa\u00a0edici\u00f3n del IND+I Day!<\/strong><\/p>\n<p style=\"text-align: center;\">Vuelve a reencontrarte con tu tribu para crear y conocer nuevas oportunidades en los<strong>\u00a0nuevos ecosistemas industriales\u00a0<\/strong>gracias a la innovaci\u00f3n, la ciberseguridad, los est\u00e1ndares internacionales y las alternativas a la escasez de recursos.<\/p>\n<p>[\/vc_column_text][vc_raw_html]JTNDJTIxLS0lMjBDb250ZW5pZG8lMjBOb3NjcmlwdCUyMHBhcmElMjBTRU8lMjBhZGljaW9uYWwlMjAtLSUzRSUwQSUzQ25vc2NyaXB0JTNFJTNDYSUyMGhyZWYlM0QlMjJodHRwcyUzQSUyRiUyRnd3dy5ldmVudGJyaXRlLmVzJTJGZSUyRmVudHJhZGFzLWluZGktZGF5LTIwMjMtNTY3NjE2NTE1Mjc3JTIyJTIwcmVsJTNEJTIybm9vcGVuZXIlMjBub3JlZmVycmVyJTIyJTIwdGFyZ2V0JTNEJTIyX2JsYW5rJTIyJTNFQ29tcHJhciUyMGVudHJhZGFzJTIwZW4lMjBFdmVudGJyaXRlJTNDJTJGYSUzRSUzQyUyRm5vc2NyaXB0JTNFJTBBJTNDJTIxLS0lMjBQdWVkZXMlMjBwZXJzb25hbGl6YXIlMjBlc3RlJTIwYm90JUMzJUIzbiUyMGNvbW8lMjBxdWllcmFzJTIwLS0lM0UlMEElM0NzY3JpcHQlMjBzcmMlM0QlMjJodHRwcyUzQSUyRiUyRnd3dy5ldmVudGJyaXRlLmVzJTJGc3RhdGljJTJGd2lkZ2V0cyUyRmViX3dpZGdldHMuanMlMjIlM0UlM0MlMkZzY3JpcHQlM0UlMEElMEElM0NzY3JpcHQlMjB0eXBlJTNEJTIydGV4dCUyRmphdmFzY3JpcHQlMjIlM0UlMEElMjAlMjAlMjAlMjB2YXIlMjBleGFtcGxlQ2FsbGJhY2slMjAlM0QlMjBmdW5jdGlvbiUyOCUyOSUyMCU3QiUwQSUyMCUyMCUyMCUyMCUyMCUyMCUyMCUyMGNvbnNvbGUubG9nJTI4JTI3UGVkaWRvJTIwY29tcGxldG8lMjclMjklM0IlMEElMjAlMjAlMjAlMjAlN0QlM0IlMEElMEElMjAlMjAlMjAlMjB3aW5kb3cuRUJXaWRnZXRzLmNyZWF0ZVdpZGdldCUyOCU3QiUwQSUyMCUyMCUyMCUyMCUyMCUyMCUyMCUyMHdpZGdldFR5cGUlM0ElMjAlMjdjaGVja291dCUyNyUyQyUwQSUyMCUyMCUyMCUyMCUyMCUyMCUyMCUyMGV2ZW50SWQlM0ElMjAlMjc1Njc2MTY1MTUyNzclMjclMkMlMEElMjAlMjAlMjAlMjAlMjAlMjAlMjAlMjBtb2RhbCUzQSUyMHRydWUlMkMlMEElMjAlMjAlMjAlMjAlMjAlMjAlMjAlMjBtb2RhbFRyaWdnZXJFbGVtZW50SWQlM0ElMjAlMjdldmVudGJyaXRlLXdpZGdldC1tb2RhbC10cmlnZ2VyLTU2NzYxNjUxNTI3NyUyNyUyQyUwQSUyMCUyMCUyMCUyMCUyMCUyMCUyMCUyMG9uT3JkZXJDb21wbGV0ZSUzQSUyMGV4YW1wbGVDYWxsYmFjayUwQSUyMCUyMCUyMCUyMCU3RCUyOSUzQiUwQSUzQyUyRnNjcmlwdCUzRQ==[\/vc_raw_html][vc_btn title=\u00bbINSCR\u00cdBETE\u00bb style=\u00bboutline\u00bb shape=\u00bbsquare\u00bb color=\u00bbturquoise\u00bb size=\u00bblg\u00bb align=\u00bbcenter\u00bb i_icon_fontawesome=\u00bbfas fa-ticket-alt\u00bb css_animation=\u00bbfadeIn\u00bb add_icon=\u00bbtrue\u00bb el_id=\u00bbeventbrite-widget-modal-trigger-567616515277&#8243; el_class=\u00bbbotons-inscripcio\u00bb][\/vc_column][\/vc_row][vc_row type=\u00bbvc_default\u00bb full_width=\u00bbstretch_row\u00bb content_placement=\u00bbmiddle\u00bb full_width_row=\u00bbtrue\u00bb css=\u00bb.vc_custom_1682936620682{background-color: #ffffff !important;}\u00bb][vc_column][vc_column_text css_animation=\u00bbfadeIn\u00bb el_class=\u00bbtitu-blau\u00bb]<\/p>\n<p style=\"text-align: center;\">IND+I UPDATE<\/p>\n<p>[\/vc_column_text][vc_row_inner][vc_column_inner width=\u00bb1\/6&#8243;][\/vc_column_inner][vc_column_inner width=\u00bb1\/3&#8243;][vc_single_image image=\u00bb111172&#8243; img_size=\u00bb300&#215;251&#8243; alignment=\u00bbcenter\u00bb css_animation=\u00bbfadeIn\u00bb][vc_column_text css_animation=\u00bbfadeIn\u00bb]<\/p>\n<h3 style=\"text-align: center;\"><strong>Xavier Ferr\u00e0s<\/strong><\/h3>\n<p style=\"text-align: center;\">Presidente cient\u00edfico del Consejo IND+I 2023 y profesor de ESADE<\/p>\n<p>[\/vc_column_text][\/vc_column_inner][vc_column_inner width=\u00bb1\/3&#8243;][vc_single_image image=\u00bb111156&#8243; img_size=\u00bb300&#215;251&#8243; alignment=\u00bbcenter\u00bb css_animation=\u00bbfadeIn\u00bb][vc_column_text css_animation=\u00bbfadeIn\u00bb]<\/p>\n<h3 style=\"text-align: center;\"><strong>Emma Fern\u00e1ndez<\/strong><\/h3>\n<p style=\"text-align: center;\">Consejera de empresas de alto componente tecnol\u00f3gico: Axway, Gigas, Metrovacesa y Openbank<\/p>\n<p>[\/vc_column_text][\/vc_column_inner][vc_column_inner width=\u00bb1\/6&#8243;][\/vc_column_inner][\/vc_row_inner][\/vc_column][\/vc_row][vc_row type=\u00bbvc_default\u00bb full_width=\u00bbstretch_row\u00bb content_placement=\u00bbmiddle\u00bb full_width_row=\u00bbtrue\u00bb css=\u00bb.vc_custom_1680187685394{background-color: #ffffff !important;}\u00bb][vc_column][vc_column_text css_animation=\u00bbfadeIn\u00bb el_class=\u00bbtitu-blau\u00bb]<\/p>\n<p style=\"text-align: center;\">IND+I TALKS<\/p>\n<p>[\/vc_column_text][vc_row_inner content_placement=\u00bbmiddle\u00bb][vc_column_inner width=\u00bb1\/6&#8243;][\/vc_column_inner][vc_column_inner width=\u00bb1\/3&#8243;][vc_single_image image=\u00bb111164&#8243; img_size=\u00bb300&#215;251&#8243; alignment=\u00bbcenter\u00bb css_animation=\u00bbfadeIn\u00bb][\/vc_column_inner][vc_column_inner width=\u00bb1\/3&#8243;][vc_column_text css_animation=\u00bbfadeIn\u00bb]<\/p>\n<h3 style=\"text-align: center;\"><strong>Manuel Morato<\/strong><\/h3>\n<p style=\"text-align: center;\">Coronel retirado del ej\u00e9rcito de tierra. Presidente del Instituto de Debate y An\u00e1lisis de Pol\u00edticas de Seguridad-IDAPS. Agregado de Defensa para Rusia, Ucrania, Bielorusia, Kazakhstan y Uzbekistan (2004-2008). Destinado a la Divisi\u00f3n de Asuntos Pol\u00edticos de OTAN (1994-1998)<\/p>\n<p>[\/vc_column_text][\/vc_column_inner][vc_column_inner width=\u00bb1\/6&#8243;][\/vc_column_inner][\/vc_row_inner][vc_row_inner][vc_column_inner width=\u00bb1\/6&#8243;][\/vc_column_inner][vc_column_inner width=\u00bb1\/3&#8243;][vc_single_image image=\u00bb111190&#8243; img_size=\u00bb300&#215;251&#8243; alignment=\u00bbcenter\u00bb css_animation=\u00bbfadeIn\u00bb][vc_column_text css_animation=\u00bbfadeIn\u00bb]<\/p>\n<h3 style=\"text-align: center;\"><strong>Josep Ram\u00f3n Freixanet<\/strong><\/h3>\n<p style=\"text-align: center;\">Chief Institutional Relations Officer en Ideaded<\/p>\n<p>[\/vc_column_text][\/vc_column_inner][vc_column_inner width=\u00bb1\/3&#8243;][vc_single_image image=\u00bb111158&#8243; img_size=\u00bb300&#215;251&#8243; alignment=\u00bbcenter\u00bb css_animation=\u00bbfadeIn\u00bb][vc_column_text css_animation=\u00bbfadeIn\u00bb]<\/p>\n<h3 style=\"text-align: center;\"><strong>Ezequiel Navarro<\/strong><\/h3>\n<p style=\"text-align: center;\">Consejero delegado del Grupo PREMO, miembro del comit\u00e9 ejecutivo de Ametic y presidente del Innova Instituto Ricardo Valle<\/p>\n<p>[\/vc_column_text][\/vc_column_inner][vc_column_inner width=\u00bb1\/6&#8243;][\/vc_column_inner][\/vc_row_inner][vc_row_inner][vc_column_inner width=\u00bb1\/6&#8243;][\/vc_column_inner][vc_column_inner width=\u00bb1\/3&#8243;][vc_single_image image=\u00bb111162&#8243; img_size=\u00bb300&#215;251&#8243; alignment=\u00bbcenter\u00bb css_animation=\u00bbfadeIn\u00bb][vc_column_text css_animation=\u00bbfadeIn\u00bb]<\/p>\n<h3 style=\"text-align: center;\"><strong>Josep Coll<\/strong><\/h3>\n<p style=\"text-align: center;\">Abogado\/Emprendedor. Fundador de Red Points. Ceo y Cofundador de Repscan (Empresa de detecci\u00f3n y eliminaci\u00f3n de reputaci\u00f3n negativa o ilegal)<\/p>\n<p>[\/vc_column_text][\/vc_column_inner][vc_column_inner width=\u00bb1\/3&#8243;][vc_single_image image=\u00bb111188&#8243; img_size=\u00bb300&#215;251&#8243; alignment=\u00bbcenter\u00bb css_animation=\u00bbfadeIn\u00bb][vc_column_text css_animation=\u00bbfadeIn\u00bb]<\/p>\n<h3 style=\"text-align: center;\"><strong>Joan Antoni Muns\u00f3<\/strong><\/h3>\n<p style=\"text-align: center;\">Director de Tecnolog\u00edas de la Informaci\u00f3n con m\u00e1s de 15 a\u00f1os de experiencia de los cuales, los 10 \u00faltimos, dedicados al sector eHealth y la Industria Farmac\u00e9utica. CIO en Mesoestetic Pharma Group<\/p>\n<p>[\/vc_column_text][\/vc_column_inner][vc_column_inner width=\u00bb1\/6&#8243;][\/vc_column_inner][\/vc_row_inner][\/vc_column][\/vc_row][vc_row type=\u00bbvc_default\u00bb full_width=\u00bbstretch_row\u00bb content_placement=\u00bbmiddle\u00bb full_width_row=\u00bbtrue\u00bb css=\u00bb.vc_custom_1680187761642{background-color: #ffffff !important;}\u00bb][vc_column][vc_column_text css_animation=\u00bbfadeIn\u00bb el_class=\u00bbtitu-blau\u00bb]<\/p>\n<p style=\"text-align: center;\">IND+I SCIENCE<\/p>\n<p>[\/vc_column_text][vc_row_inner][vc_column_inner width=\u00bb1\/6&#8243;][\/vc_column_inner][vc_column_inner width=\u00bb1\/3&#8243;][vc_single_image image=\u00bb111168&#8243; img_size=\u00bb300&#215;251&#8243; alignment=\u00bbcenter\u00bb css_animation=\u00bbfadeIn\u00bb][vc_column_text css_animation=\u00bbfadeIn\u00bb]<\/p>\n<h3 style=\"text-align: center;\"><strong>Montse Guardia<\/strong><\/h3>\n<p style=\"text-align: center;\">Directora de Estrategia de la MWC, presidenta del Consejo Social de la UPC. Con m\u00e1s de 30 a\u00f1os de experiencia en el sector tecnol\u00f3gico, es considerada como una de las principales referentes en blockchain a nivel europeo<\/p>\n<p>[\/vc_column_text][\/vc_column_inner][vc_column_inner width=\u00bb1\/3&#8243;][vc_single_image image=\u00bb111166&#8243; img_size=\u00bb300&#215;251&#8243; alignment=\u00bbcenter\u00bb css_animation=\u00bbfadeIn\u00bb][vc_column_text css_animation=\u00bbfadeIn\u00bb]<\/p>\n<h3 style=\"text-align: center;\"><strong>Mar\u00eda Luz Castilla<\/strong><\/h3>\n<p style=\"text-align: center;\">Consejera, experta en sostenibilidad y aspectos ESG para la Alta Direcci\u00f3n y el Consejo y fundadora del Grupo Espa\u00f1ol de Crecimiento Verde<\/p>\n<p>[\/vc_column_text][\/vc_column_inner][vc_column_inner width=\u00bb1\/6&#8243;][\/vc_column_inner][\/vc_row_inner][\/vc_column][\/vc_row][vc_row type=\u00bbvc_default\u00bb full_width=\u00bbstretch_row\u00bb content_placement=\u00bbmiddle\u00bb full_width_row=\u00bbtrue\u00bb css=\u00bb.vc_custom_1680187843162{background-color: #ffffff !important;}\u00bb][vc_column][vc_column_text css_animation=\u00bbfadeIn\u00bb el_class=\u00bbtitu-blau\u00bb]<\/p>\n<p style=\"text-align: center;\">PON\u00c8NCIA<\/p>\n<p>[\/vc_column_text][vc_row_inner][vc_column_inner width=\u00bb1\/6&#8243;][\/vc_column_inner][vc_column_inner width=\u00bb1\/3&#8243;][vc_single_image image=\u00bb111154&#8243; img_size=\u00bb300&#215;251&#8243; alignment=\u00bbcenter\u00bb css_animation=\u00bbfadeIn\u00bb][vc_column_text css_animation=\u00bbfadeIn\u00bb]<\/p>\n<h3 style=\"text-align: center;\"><strong>Carme Poveda<\/strong><\/h3>\n<p style=\"text-align: center;\">Directora de An\u00e1lisis Econ\u00f3mico de la C\u00e1mara de Comercio de Barcelona, profesora de la UAB y miembro del Consejo IND+I<\/p>\n<p>[\/vc_column_text][\/vc_column_inner][vc_column_inner width=\u00bb1\/3&#8243;][vc_single_image image=\u00bb111192&#8243; img_size=\u00bb300&#215;251&#8243; alignment=\u00bbcenter\u00bb css_animation=\u00bbfadeIn\u00bb][vc_column_text css_animation=\u00bbfadeIn\u00bb]<\/p>\n<h3 style=\"text-align: center;\"><strong>Oriol Alcoba<\/strong><\/h3>\n<p style=\"text-align: center;\">Director General de Industria<\/p>\n<p>[\/vc_column_text][\/vc_column_inner][vc_column_inner width=\u00bb1\/6&#8243;][\/vc_column_inner][\/vc_row_inner][\/vc_column][\/vc_row][vc_row type=\u00bbvc_default\u00bb full_width=\u00bbstretch_row\u00bb content_placement=\u00bbmiddle\u00bb full_width_row=\u00bbtrue\u00bb css=\u00bb.vc_custom_1680187843162{background-color: #ffffff !important;}\u00bb][vc_column][vc_column_text css_animation=\u00bbfadeIn\u00bb el_class=\u00bbtitu-blau\u00bb]<\/p>\n<p style=\"text-align: center;\">IND+I FUTURO<\/p>\n<p>[\/vc_column_text][vc_row_inner content_placement=\u00bbmiddle\u00bb][vc_column_inner width=\u00bb1\/6&#8243;][\/vc_column_inner][vc_column_inner width=\u00bb1\/3&#8243;][vc_single_image image=\u00bb111170&#8243; img_size=\u00bb300&#215;251&#8243; alignment=\u00bbcenter\u00bb css_animation=\u00bbfadeIn\u00bb][\/vc_column_inner][vc_column_inner width=\u00bb1\/3&#8243;][vc_column_text css_animation=\u00bbfadeIn\u00bb]<\/p>\n<h3 style=\"text-align: center;\"><strong>Dra. Pilar Mateo<\/strong><\/h3>\n<p style=\"text-align: center;\">Fundadora y presidenta de Inesfly.<br \/>\nCient\u00edfica reconocida internacionalmente en el campo de la qu\u00edmica<\/p>\n<p>[\/vc_column_text][\/vc_column_inner][vc_column_inner width=\u00bb1\/6&#8243;][\/vc_column_inner][\/vc_row_inner][\/vc_column][\/vc_row][vc_row type=\u00bbvc_default\u00bb full_width=\u00bbstretch_row\u00bb content_placement=\u00bbmiddle\u00bb full_width_row=\u00bbtrue\u00bb css=\u00bb.vc_custom_1680187843162{background-color: #ffffff !important;}\u00bb][vc_column width=\u00bb2\/3&#8243;][vc_column_text css_animation=\u00bbfadeIn\u00bb el_class=\u00bbtitu-blau\u00bb]<\/p>\n<p style=\"text-align: center;\">PRESENTA EL<br \/>\nIND+I SCIENCE<\/p>\n<p>[\/vc_column_text][\/vc_column][vc_column width=\u00bb1\/3&#8243;][vc_column_text css_animation=\u00bbfadeIn\u00bb el_class=\u00bbtitu-blau\u00bb]<\/p>\n<p style=\"text-align: center;\">PRESENTA LA JORNADA<\/p>\n<p>[\/vc_column_text][\/vc_column][\/vc_row][vc_row type=\u00bbvc_default\u00bb full_width=\u00bbstretch_row\u00bb content_placement=\u00bbmiddle\u00bb full_width_row=\u00bbtrue\u00bb css=\u00bb.vc_custom_1680187843162{background-color: #ffffff !important;}\u00bb][vc_column width=\u00bb1\/3&#8243;][vc_single_image image=\u00bb111196&#8243; img_size=\u00bb300&#215;251&#8243; alignment=\u00bbcenter\u00bb css_animation=\u00bbfadeIn\u00bb][vc_column_text css_animation=\u00bbfadeIn\u00bb]<\/p>\n<h3 style=\"text-align: center;\"><strong>Carlos Velazquez<\/strong><\/h3>\n<p style=\"text-align: center;\">Director Sostenibilidad Roca Group<\/p>\n<p>[\/vc_column_text][\/vc_column][vc_column width=\u00bb1\/3&#8243;][vc_single_image image=\u00bb111198&#8243; img_size=\u00bb300&#215;251&#8243; alignment=\u00bbcenter\u00bb css_animation=\u00bbfadeIn\u00bb][vc_column_text css_animation=\u00bbfadeIn\u00bb]<\/p>\n<h3 style=\"text-align: center;\"><strong>Jordi Garcia<\/strong><\/h3>\n<p style=\"text-align: center;\">Secretario del IND+I<\/p>\n<p>[\/vc_column_text][\/vc_column][vc_column width=\u00bb1\/3&#8243;][vc_single_image image=\u00bb111200&#8243; img_size=\u00bb300&#215;251&#8243; alignment=\u00bbcenter\u00bb css_animation=\u00bbfadeIn\u00bb][vc_column_text css_animation=\u00bbfadeIn\u00bb]<\/p>\n<h3 style=\"text-align: center;\"><strong>Jos\u00e9 Manuel Zapata<\/strong><\/h3>\n<p style=\"text-align: center;\">Tenor<\/p>\n<p>[\/vc_column_text][\/vc_column][\/vc_row][vc_row][vc_column][vc_column_text el_class=\u00bbtitu-negre\u00bb]<\/p>\n<p style=\"text-align: center;\">Programa<\/p>\n<p>[\/vc_column_text][vc_single_image image=\u00bb1499&#8243; img_size=\u00bbfull\u00bb alignment=\u00bbcenter\u00bb][\/vc_column][\/vc_row][vc_row type=\u00bbvc_default\u00bb][vc_column width=\u00bb1\/6&#8243;][\/vc_column][vc_column width=\u00bb2\/3&#8243;][vc_separator color=\u00bbcustom\u00bb border_width=\u00bb5&#8243; accent_color=\u00bb#00a8b4&#8243; css=\u00bb.vc_custom_1489053167640{margin-bottom: 16px !important;}\u00bb][vc_row_inner][vc_column_inner width=\u00bb1\/6&#8243;][vc_column_text css=\u00bb.vc_custom_1651135886052{margin-bottom: 7px !important;}\u00bb]8.30 h[\/vc_column_text][\/vc_column_inner][vc_column_inner width=\u00bb5\/6&#8243;][vc_column_text css=\u00bb.vc_custom_1651135875172{margin-bottom: 7px !important;}\u00bb]Acreditaciones[\/vc_column_text][\/vc_column_inner][\/vc_row_inner][vc_separator color=\u00bbcustom\u00bb accent_color=\u00bb#00a8b4&#8243; css=\u00bb.vc_custom_1553098603451{margin-bottom: 16px !important;}\u00bb][vc_row_inner][vc_column_inner width=\u00bb1\/6&#8243;][vc_column_text css=\u00bb.vc_custom_1648727961712{margin-bottom: 7px !important;}\u00bb]9.00 h[\/vc_column_text][\/vc_column_inner][vc_column_inner width=\u00bb5\/6&#8243;][vc_column_text css=\u00bb.vc_custom_1680103517892{margin-bottom: 7px !important;}\u00bb]Presenta la jornada: <strong>Jos\u00e9 Manuel Zapata<\/strong>[\/vc_column_text][\/vc_column_inner][\/vc_row_inner][vc_separator color=\u00bbcustom\u00bb accent_color=\u00bb#00a8b4&#8243; css=\u00bb.vc_custom_1553098603451{margin-bottom: 16px !important;}\u00bb][vc_row_inner][vc_column_inner width=\u00bb1\/6&#8243;][vc_column_text css=\u00bb.vc_custom_1617724236749{margin-bottom: 7px !important;}\u00bb]9.00 h[\/vc_column_text][\/vc_column_inner][vc_column_inner width=\u00bb5\/6&#8243;][vc_column_text css=\u00bb.vc_custom_1682680993940{margin-bottom: 7px !important;}\u00bb]<strong><em>Bienvenida IND+I<\/em><br \/>\n<\/strong><\/p>\n<p><strong>Carles Ruiz<\/strong>, <em>Ajuntament de Viladecans<\/em><br \/>\n<strong>Eva Menor<\/strong>, <em>Diputaci\u00f3 de Barcelona<\/em><br \/>\n<strong>Montserrat Ballar\u00edn<\/strong>, <em>Vicepresidencia del \u00c1rea de Desarrollo Social y Econ\u00f3mico, AMB<\/em><br \/>\n<strong>Llu\u00eds Junc\u00e0<\/strong>, <em>Departament d\u2019Empresa i treball, Generalitat<\/em><br \/>\n<strong>Felipe Campos<\/strong>, <em>Director Acci\u00f3n Social AGBAR<\/em>[\/vc_column_text][\/vc_column_inner][\/vc_row_inner][vc_separator color=\u00bbcustom\u00bb accent_color=\u00bb#00a8b4&#8243; css=\u00bb.vc_custom_1489052187577{margin-top: 5px !important;margin-bottom: 16px !important;}\u00bb][vc_row_inner][vc_column_inner width=\u00bb1\/6&#8243;][vc_column_text css=\u00bb.vc_custom_1680103584884{margin-bottom: 7px !important;}\u00bb]9.30 h[\/vc_column_text][\/vc_column_inner][vc_column_inner width=\u00bb5\/6&#8243;][vc_column_text css=\u00bb.vc_custom_1648729451172{margin-bottom: 7px !important;}\u00bb]<em><strong>IND+I Update<\/strong><\/em><\/p>\n<p><strong>Xavier Ferr\u00e0s Hern\u00e1ndez<\/strong><br \/>\n<em>Profesor ESADE<\/em>[\/vc_column_text][\/vc_column_inner][\/vc_row_inner][vc_row_inner][vc_column_inner width=\u00bb1\/6&#8243;][\/vc_column_inner][vc_column_inner width=\u00bb5\/6&#8243;][vc_separator color=\u00bbcustom\u00bb accent_color=\u00bb#00a8b4&#8243; css=\u00bb.vc_custom_1489051986868{margin-top: 3px !important;margin-bottom: 9px !important;}\u00bb][\/vc_column_inner][\/vc_row_inner][vc_row_inner][vc_column_inner width=\u00bb1\/6&#8243;][vc_column_text css=\u00bb.vc_custom_1680103630579{margin-bottom: 7px !important;}\u00bb]9.50 h[\/vc_column_text][\/vc_column_inner][vc_column_inner width=\u00bb5\/6&#8243;][vc_column_text css=\u00bb.vc_custom_1680103621880{margin-bottom: 7px !important;}\u00bb]<strong>Emma Fern\u00e1ndez<\/strong><br \/>\n<em>Directiva de empresas de alta tecnolog\u00eda<\/em>[\/vc_column_text][\/vc_column_inner][\/vc_row_inner][vc_separator color=\u00bbcustom\u00bb accent_color=\u00bb#00a8b4&#8243; css=\u00bb.vc_custom_1489052195958{margin-top: 5px !important;margin-bottom: 16px !important;}\u00bb][vc_row_inner][vc_column_inner width=\u00bb1\/6&#8243;][vc_column_text css=\u00bb.vc_custom_1680103725163{margin-bottom: 7px !important;}\u00bb]10.10 h[\/vc_column_text][\/vc_column_inner][vc_column_inner width=\u00bb5\/6&#8243;][vc_column_text css=\u00bb.vc_custom_1681983682933{margin-bottom: 7px !important;}\u00bb]<em><strong>IND+I Talks<br \/>\n<\/strong><\/em><\/p>\n<p><strong>Josep Ramon Freixanet<\/strong><br \/>\n<em>Chief Institutional Relations Officer en Ideaded<\/em>[\/vc_column_text][\/vc_column_inner][\/vc_row_inner][vc_row_inner][vc_column_inner width=\u00bb1\/6&#8243;][\/vc_column_inner][vc_column_inner width=\u00bb5\/6&#8243;][vc_separator color=\u00bbcustom\u00bb accent_color=\u00bb#00a8b4&#8243; css=\u00bb.vc_custom_1489051986868{margin-top: 3px !important;margin-bottom: 9px !important;}\u00bb][\/vc_column_inner][\/vc_row_inner][vc_row_inner][vc_column_inner width=\u00bb1\/6&#8243;][vc_column_text css=\u00bb.vc_custom_1682433023209{margin-bottom: 7px !important;}\u00bb]10.20 h[\/vc_column_text][\/vc_column_inner][vc_column_inner width=\u00bb5\/6&#8243;][vc_column_text css=\u00bb.vc_custom_1681983694481{margin-bottom: 7px !important;}\u00bb]<em><strong>IND+I Talks<br \/>\n<\/strong><\/em><\/p>\n<p><b>Manuel Morato<br \/>\n<\/b><em>Coronel retirado del Ej\u00e9rcito de Tierra<\/em>[\/vc_column_text][\/vc_column_inner][\/vc_row_inner][vc_row_inner][vc_column_inner width=\u00bb1\/6&#8243;][\/vc_column_inner][vc_column_inner width=\u00bb5\/6&#8243;][vc_separator color=\u00bbcustom\u00bb accent_color=\u00bb#00a8b4&#8243; css=\u00bb.vc_custom_1489051986868{margin-top: 3px !important;margin-bottom: 9px !important;}\u00bb][\/vc_column_inner][\/vc_row_inner][vc_row_inner][vc_column_inner width=\u00bb1\/6&#8243;][vc_column_text css=\u00bb.vc_custom_1682433031882{margin-bottom: 7px !important;}\u00bb]10.35 h[\/vc_column_text][\/vc_column_inner][vc_column_inner width=\u00bb5\/6&#8243;][vc_column_text css=\u00bb.vc_custom_1681983723712{margin-bottom: 7px !important;}\u00bb]<em><strong>IND+I Talks<br \/>\n<\/strong><\/em><\/p>\n<p><b>Ezequiel Navarro<\/b><br \/>\n<em>CEO Grupo Premo y representante del Foro de Empresas Innovadoras<\/em>[\/vc_column_text][\/vc_column_inner][\/vc_row_inner][vc_row_inner][vc_column_inner width=\u00bb1\/6&#8243;][\/vc_column_inner][vc_column_inner width=\u00bb5\/6&#8243;][vc_separator color=\u00bbcustom\u00bb accent_color=\u00bb#00a8b4&#8243; css=\u00bb.vc_custom_1489051986868{margin-top: 3px !important;margin-bottom: 9px !important;}\u00bb][\/vc_column_inner][\/vc_row_inner][vc_row_inner][vc_column_inner width=\u00bb1\/6&#8243;][vc_column_text css=\u00bb.vc_custom_1682433057756{margin-bottom: 7px !important;}\u00bb]10.50 h[\/vc_column_text][\/vc_column_inner][vc_column_inner width=\u00bb5\/6&#8243;][vc_column_text css=\u00bb.vc_custom_1680104753637{margin-bottom: 7px !important;}\u00bb]<em><strong>IND+I Talks<br \/>\n<\/strong><\/em><\/p>\n<p><b>Josep Coll<br \/>\n<\/b><em>CEO Repscan<\/em>[\/vc_column_text][\/vc_column_inner][\/vc_row_inner][vc_row_inner][vc_column_inner width=\u00bb1\/6&#8243;][\/vc_column_inner][vc_column_inner width=\u00bb5\/6&#8243;][vc_separator color=\u00bbcustom\u00bb accent_color=\u00bb#00a8b4&#8243; css=\u00bb.vc_custom_1489051986868{margin-top: 3px !important;margin-bottom: 9px !important;}\u00bb][\/vc_column_inner][\/vc_row_inner][vc_row_inner][vc_column_inner width=\u00bb1\/6&#8243;][vc_column_text css=\u00bb.vc_custom_1680103863448{margin-bottom: 7px !important;}\u00bb]11.05 h[\/vc_column_text][\/vc_column_inner][vc_column_inner width=\u00bb5\/6&#8243;][vc_column_text css=\u00bb.vc_custom_1682433085913{margin-bottom: 7px !important;}\u00bb]<em><strong>IND+I Talks<br \/>\n<\/strong><\/em><\/p>\n<p><b>Joan Antoni Muns\u00f3<br \/>\n<\/b><em>CTO en Mesostetic<\/em>[\/vc_column_text][\/vc_column_inner][\/vc_row_inner][vc_separator color=\u00bbcustom\u00bb accent_color=\u00bb#00a8b4&#8243; css=\u00bb.vc_custom_1489052203665{margin-top: 5px !important;margin-bottom: 16px !important;}\u00bb][vc_row_inner][vc_column_inner width=\u00bb1\/6&#8243;][vc_column_text css=\u00bb.vc_custom_1681983738864{margin-bottom: 7px !important;}\u00bb]11.15 h[\/vc_column_text][\/vc_column_inner][vc_column_inner width=\u00bb5\/6&#8243;][vc_column_text css=\u00bb.vc_custom_1648728325797{margin-bottom: 7px !important;}\u00bb]<strong>Break<\/strong>[\/vc_column_text][\/vc_column_inner][\/vc_row_inner][vc_separator color=\u00bbcustom\u00bb accent_color=\u00bb#00a8b4&#8243; css=\u00bb.vc_custom_1489052203665{margin-top: 5px !important;margin-bottom: 16px !important;}\u00bb][vc_row_inner][vc_column_inner width=\u00bb1\/6&#8243;][vc_column_text css=\u00bb.vc_custom_1681983775461{margin-bottom: 7px !important;}\u00bb]12.00 h[\/vc_column_text][\/vc_column_inner][vc_column_inner width=\u00bb5\/6&#8243;][vc_column_text css=\u00bb.vc_custom_1680104458589{margin-bottom: 7px !important;}\u00bb]<em><strong>IND+I Science<\/strong><\/em><br \/>\n<em>modera <strong>Carlos Velazquez<\/strong>, Director Sostenibilidad Roca Group<\/em><\/p>\n<p>Conversaci\u00f3n entre <strong>Montse Guardia<\/strong>, <em>Chief Strategy Officer MWC<\/em> y <strong>Maria Luz Castilla<\/strong>, <em>Grupo Espa\u00f1ol para el Crecimiento Verde<\/em>[\/vc_column_text][\/vc_column_inner][\/vc_row_inner][vc_separator color=\u00bbcustom\u00bb accent_color=\u00bb#00a8b4&#8243; css=\u00bb.vc_custom_1489052203665{margin-top: 5px !important;margin-bottom: 16px !important;}\u00bb][vc_row_inner][vc_column_inner width=\u00bb1\/6&#8243;][vc_column_text css=\u00bb.vc_custom_1681983768557{margin-bottom: 7px !important;}\u00bb]12.30 h[\/vc_column_text][\/vc_column_inner][vc_column_inner width=\u00bb5\/6&#8243;][vc_column_text css=\u00bb.vc_custom_1681984802943{margin-bottom: 7px !important;}\u00bb]<b><i>IND+I 2024<\/i><\/b><\/p>\n<p><strong>Dra. Pilar Mateo<\/strong><br \/>\n<em>Fundadora y Presidenta Inesfly<\/em>[\/vc_column_text][\/vc_column_inner][\/vc_row_inner][vc_row_inner][vc_column_inner width=\u00bb1\/6&#8243;][\/vc_column_inner][vc_column_inner width=\u00bb5\/6&#8243;][vc_separator color=\u00bbcustom\u00bb accent_color=\u00bb#00a8b4&#8243; css=\u00bb.vc_custom_1489051986868{margin-top: 3px !important;margin-bottom: 9px !important;}\u00bb][\/vc_column_inner][\/vc_row_inner][vc_row_inner][vc_column_inner width=\u00bb1\/6&#8243;][vc_column_text css=\u00bb.vc_custom_1681984813790{margin-bottom: 7px !important;}\u00bb]13.00 h[\/vc_column_text][\/vc_column_inner][vc_column_inner width=\u00bb5\/6&#8243;][vc_column_text css=\u00bb.vc_custom_1682434155789{margin-bottom: 7px !important;}\u00bb]<em><strong>IND+I Science<\/strong><\/em><br \/>\n<em>modera <strong>Jordi Garcia<\/strong>, secretario del IND+I<\/em><\/p>\n<p>Ponencia sobre nuevos ecosistemas industriales de<b>\u00a0Carme Poveda, <\/b><i>Directora de An\u00e1lisis Econ\u00f3mico de la Cambra de Comer\u00e7 de Barcelona y<\/i> <strong>Oriol Alcoba<\/strong><em>, Director General d\u2019Ind\u00fastria<\/em>[\/vc_column_text][\/vc_column_inner][\/vc_row_inner][vc_separator color=\u00bbcustom\u00bb accent_color=\u00bb#00a8b4&#8243; css=\u00bb.vc_custom_1489052203665{margin-top: 5px !important;margin-bottom: 16px !important;}\u00bb][vc_row_inner][vc_column_inner width=\u00bb1\/6&#8243;][vc_column_text css=\u00bb.vc_custom_1681984826217{margin-bottom: 7px !important;}\u00bb]13.30 h[\/vc_column_text][\/vc_column_inner][vc_column_inner width=\u00bb5\/6&#8243;][vc_column_text css=\u00bb.vc_custom_1680104783887{margin-bottom: 7px !important;}\u00bb]<strong>Comida<\/strong>[\/vc_column_text][\/vc_column_inner][\/vc_row_inner][vc_separator color=\u00bbcustom\u00bb accent_color=\u00bb#00a8b4&#8243; css=\u00bb.vc_custom_1489052203665{margin-top: 5px !important;margin-bottom: 16px !important;}\u00bb][vc_row_inner][vc_column_inner width=\u00bb1\/6&#8243;][vc_column_text css=\u00bb.vc_custom_1651135939251{margin-bottom: 7px !important;}\u00bb]15.00 h[\/vc_column_text][\/vc_column_inner][vc_column_inner width=\u00bb5\/6&#8243;][vc_column_text css=\u00bb.vc_custom_1682433375942{margin-bottom: 7px !important;}\u00bb]<b>Actividad colectiva <\/b><em>\u00bfHackeamos el futuro?<\/em>[\/vc_column_text][\/vc_column_inner][\/vc_row_inner][vc_separator color=\u00bbcustom\u00bb accent_color=\u00bb#00a8b4&#8243; css=\u00bb.vc_custom_1489052203665{margin-top: 5px !important;margin-bottom: 16px !important;}\u00bb][vc_row_inner][vc_column_inner width=\u00bb1\/6&#8243;][vc_column_text css=\u00bb.vc_custom_1682077717305{margin-bottom: 7px !important;}\u00bb]16.30 h[\/vc_column_text][\/vc_column_inner][vc_column_inner width=\u00bb5\/6&#8243;][vc_column_text css=\u00bb.vc_custom_1648814900827{margin-bottom: 7px !important;}\u00bb]<strong>Despedida del IND+I<\/strong>[\/vc_column_text][\/vc_column_inner][\/vc_row_inner][vc_separator color=\u00bbcustom\u00bb border_width=\u00bb5&#8243; accent_color=\u00bb#00a8b4&#8243; css=\u00bb.vc_custom_1489053167640{margin-bottom: 16px !important;}\u00bb][\/vc_column][vc_column width=\u00bb1\/6&#8243;][\/vc_column][\/vc_row][vc_row type=\u00bbvc_default\u00bb full_width=\u00bbstretch_row\u00bb content_placement=\u00bbmiddle\u00bb full_width_row=\u00bbtrue\u00bb css=\u00bb.vc_custom_1488973149464{background-color: #ffffff !important;}\u00bb el_id=\u00bbnoticies\u00bb][vc_column][vc_column_text el_class=\u00bbtitu-negre\u00bb]<\/p>\n<p style=\"text-align: center;\">Qu\u00e9 dicen del IND+I<\/p>\n<p>[\/vc_column_text][vc_single_image image=\u00bb1499&#8243; img_size=\u00bbfull\u00bb alignment=\u00bbcenter\u00bb image_hovers=\u00bbfalse\u00bb css=\u00bb.vc_custom_1488970024704{margin-top: -20px !important;}\u00bb][vc_row_inner][vc_column_inner width=\u00bb1\/2&#8243;][vc_column_text css=\u00bb.vc_custom_1578502695143{margin-top: 21px !important;margin-bottom: 10px !important;}\u00bb]<span style=\"font-size: 22px;\">\u00daltimas noticias<\/span>[\/vc_column_text][vc_separator color=\u00bbblack\u00bb][vc_column_text css=\u00bb.vc_custom_1491817089086{margin-bottom: 1px !important;}\u00bb]<\/p>\n<div style=\"height: 360px; overflow-y: scroll;\"><ul class=\"lcp_catlist\" id=\"lcp_instance_0\"><li><a href=\"https:\/\/indi.cat\/es\/indi-club-upc-27-de-marzo\/\">IND+I Club UPC: 27 de marzo<\/a><a href=\"https:\/\/indi.cat\/es\/indi-club-upc-27-de-marzo\/\" title=\"IND+I Club UPC: 27 de marzo\"><img decoding=\"async\" width=\"150\" height=\"150\" src=\"https:\/\/indi.cat\/wp-content\/uploads\/indi20171-150x150.gif\" class=\"lcp_thumbnail wp-post-image\" alt=\"IND+I Club UPC: 27 de marzo\" \/><\/a><div class=\"lcp_excerpt\">Nueva edici\u00f3n del IND+I Club en UPC organitzado conjuntamente con el la Universidad Polit\u00e9cnica de Catalu\u00f1a con una sesi\u00f3n h\u00edbrida, en la Biblioteca Rector Gabriel ...<\/div><\/li><li><a href=\"https:\/\/indi.cat\/es\/indi-club-ermua-9-abril\/\">IND+I Club Ermua: 9 de abril<\/a><a href=\"https:\/\/indi.cat\/es\/indi-club-ermua-9-abril\/\" title=\"IND+I Club Ermua: 9 de abril\"><img decoding=\"async\" width=\"150\" height=\"150\" src=\"https:\/\/indi.cat\/wp-content\/uploads\/indi20171-150x150.gif\" class=\"lcp_thumbnail wp-post-image\" alt=\"IND+I Club Ermua: 9 de abril\" \/><\/a><div class=\"lcp_excerpt\">Nueva edici\u00f3n del IND+I Club, por primera vez en Ermua organitzado conjuntamente con el Ayuntamiento de Ermua con una sesi\u00f3n h\u00edbrida, en el Izarra Centre, ...<\/div><\/li><li><a href=\"https:\/\/indi.cat\/es\/indi-club-aviles-18-de-marzo\/\">IND+I Club Avil\u00e9s: 18 de marzo<\/a><a href=\"https:\/\/indi.cat\/es\/indi-club-aviles-18-de-marzo\/\" title=\"IND+I Club Avil\u00e9s: 18 de marzo\"><img decoding=\"async\" width=\"150\" height=\"150\" src=\"https:\/\/indi.cat\/wp-content\/uploads\/indi20171-150x150.gif\" class=\"lcp_thumbnail wp-post-image\" alt=\"IND+I Club Avil\u00e9s: 18 de marzo\" \/><\/a><div class=\"lcp_excerpt\">Nueva edici\u00f3n del IND+I Club en Avil\u00e9s organitzado conjuntamente con el Ayuntamiento de Avil\u00e9s con una sesi\u00f3n h\u00edbrida, en el Espacio Maqua, C. de la ...<\/div><\/li><li><a href=\"https:\/\/indi.cat\/es\/indi-club-sagunto-18-de-febrero\/\">IND+I Club Sagunto: 18 de febrero<\/a><a href=\"https:\/\/indi.cat\/es\/indi-club-sagunto-18-de-febrero\/\" title=\"IND+I Club Sagunto: 18 de febrero\"><img decoding=\"async\" width=\"150\" height=\"150\" src=\"https:\/\/indi.cat\/wp-content\/uploads\/indi20171-150x150.gif\" class=\"lcp_thumbnail wp-post-image\" alt=\"IND+I Club Sagunto: 18 de febrero\" \/><\/a><div class=\"lcp_excerpt\">Nueva edici\u00f3n del IND+I Club en Sagunto organitzado conjuntamente con el Ayuntamiento de Sagunto con una sesi\u00f3n h\u00edbrida, en la Sede de la Fundaci\u00f3 Port ...<\/div><\/li><\/ul><\/div>\n<p>[\/vc_column_text][vc_separator color=\u00bbblack\u00bb css=\u00bb.vc_custom_1491816336139{margin-bottom: 18px !important;}\u00bb][vc_column_text]<a href=\"https:\/\/indi.cat\/veure-totes-les-noticies\/\">Veure totes les not\u00edcies<\/a>[\/vc_column_text][\/vc_column_inner][vc_column_inner width=\u00bb1\/2&#8243;][vc_raw_html]JTNDYSUyMGNsYXNzJTNEJTIydHdpdHRlci10aW1lbGluZSUyMiUyMGRhdGEtaGVpZ2h0JTNEJTIyNTAwJTIyJTIwaHJlZiUzRCUyMmh0dHBzJTNBJTJGJTJGdHdpdHRlci5jb20lMkZJTkRJdmlsYWRlY2FucyUzRnJlZl9zcmMlM0R0d3NyYyUyNTVFdGZ3JTIyJTNFVHdlZXRzJTIwZGUlMjBJTkRJX3ZpbGFkZWNhbnMlM0MlMkZhJTNFJTIwJTNDc2NyaXB0JTIwYXN5bmMlMjBzcmMlM0QlMjJodHRwcyUzQSUyRiUyRnBsYXRmb3JtLnR3aXR0ZXIuY29tJTJGd2lkZ2V0cy5qcyUyMiUyMGNoYXJzZXQlM0QlMjJ1dGYtOCUyMiUzRSUzQyUyRnNjcmlwdCUzRSUyMA==[\/vc_raw_html][\/vc_column_inner][\/vc_row_inner][\/vc_column][\/vc_row][vc_row type=\u00bbvc_default\u00bb full_width=\u00bbstretch_row_content_no_spaces\u00bb content_placement=\u00bbmiddle\u00bb full_width_row=\u00bbtrue\u00bb css=\u00bb.vc_custom_1618218179047{background-color: #000000 !important;}\u00bb][vc_column][vc_column_text css=\u00bb.vc_custom_1700137594870{margin-bottom: 5px !important;}\u00bb]<\/p>\n<div style=\"text-align: center; width: 100%;\"><a href=\"https:\/\/twitter.com\/INDIViladecans\" target=\"_blank\" rel=\"noopener noreferrer\"><img decoding=\"async\" class=\"wp-image-65 size-full\" style=\"margin-right: 3px;\" src=\"https:\/\/indi.cat\/wp-content\/uploads\/twi-b.png\" alt=\"\" width=\"32\" height=\"37\" \/><\/a><a href=\"https:\/\/www.linkedin.com\/in\/indi-viladecans-12a96813b\/\" target=\"_blank\" rel=\"noopener noreferrer\"><img decoding=\"async\" class=\"wp-image-63 size-full\" style=\"margin-right: 3px;\" src=\"https:\/\/indi.cat\/wp-content\/uploads\/link-b.png\" alt=\"\" width=\"32\" height=\"37\" \/><\/a><a href=\"https:\/\/www.youtube.com\/@canalindi7217\" target=\"_blank\" rel=\"noopener noreferrer\"><img decoding=\"async\" class=\"wp-image-68 size-full\" src=\"https:\/\/indi.cat\/wp-content\/uploads\/you-b-1.png\" alt=\"\" width=\"32\" height=\"37\" \/><\/a><\/div>\n<p>[\/vc_column_text][vc_column_text el_class=\u00bbblanc\u00bb]<\/p>\n<p style=\"text-align: center;\">#FENTLINDI<\/p>\n<p>[\/vc_column_text][\/vc_column][\/vc_row]<\/p>\n<\/div>","protected":false},"excerpt":{"rendered":"<p>[vc_row type=\u00bbvc_default\u00bb content_placement=\u00bbmiddle\u00bb full_width_row=\u00bbtrue\u00bb][vc_column][vc_single_image image=\u00bb111144&#8243; img_size=\u00bbfull\u00bb alignment=\u00bbcenter\u00bb image_hovers=\u00bbfalse\u00bb el_class=\u00bbmanifest\u00bb][vc_single_image image=\u00bb1539&#8243; img_size=\u00bbfull\u00bb alignment=\u00bbcenter\u00bb image_hovers=\u00bbfalse\u00bb][vc_single_image image=\u00bb1499&#8243; img_size=\u00bbfull\u00bb alignment=\u00bbcenter\u00bb image_hovers=\u00bbfalse\u00bb css=\u00bb.vc_custom_1488970024704{margin-top: -20px !important;}\u00bb][vc_row_inner equal_height=\u00bbyes\u00bb content_placement=\u00bbmiddle\u00bb el_class=\u00bbbotons-inscripcio\u00bb][vc_column_inner width=\u00bb1\/2&#8243;][vc_single_image image=\u00bb111138&#8243; img_size=\u00bbfull\u00bb alignment=\u00bbcenter\u00bb image_hovers=\u00bbfalse\u00bb][\/vc_column_inner][vc_column_inner width=\u00bb1\/2&#8243;][vc_single_image image=\u00bb1857&#8243; img_size=\u00bbfull\u00bb alignment=\u00bbcenter\u00bb image_hovers=\u00bbfalse\u00bb][\/vc_column_inner][\/vc_row_inner][\/vc_column][\/vc_row][vc_row type=\u00bbvc_default\u00bb full_width=\u00bbstretch_row\u00bb content_placement=\u00bbmiddle\u00bb full_width_row=\u00bbtrue\u00bb bg_type=\u00bbbg_color\u00bb css=\u00bb.vc_custom_1647428559923{padding-top: 0.5em !important;padding-bottom: 3em !important;background-color: #000000 !important;}\u00bb bg_color_value=\u00bb#000000&#8243;][vc_column][vc_column_text el_class=\u00bbtitu-blanc\u00bb] \u00a1HAU! [\/vc_column_text][vc_column_text el_class=\u00bbblanc intro\u00bb css=\u00bb.vc_custom_1679070622395{margin-bottom: 2.5em !important;}\u00bb] \u00c0urea&hellip;<\/p>\n","protected":false},"author":1,"featured_media":111144,"parent":112241,"menu_order":0,"comment_status":"closed","ping_status":"closed","template":"template-microsite.php","meta":{"footnotes":""},"class_list":["post-111377","page","type-page","status-publish","has-post-thumbnail","hentry","description-off"],"yoast_head":"<!-- This site is optimized with the Yoast SEO plugin v27.2 - https:\/\/yoast.com\/product\/yoast-seo-wordpress\/ -->\n<title>IND+I Day - Edici\u00f3n 2023 - IND+I 2025<\/title>\n<meta name=\"description\" content=\"Viladecans vol ser altra vegada el referent a Catalunya en l\u2019\u00e0mbit de la divulgaci\u00f3 i la discussi\u00f3 de tend\u00e8ncies i innovacions industrials i les pol\u00edtiques que les poden impulsar.\" \/>\n<meta name=\"robots\" content=\"index, follow, max-snippet:-1, max-image-preview:large, max-video-preview:-1\" \/>\n<link rel=\"canonical\" href=\"https:\/\/indi.cat\/es\/indi-day\/indi-day-edicion-2023\/\" \/>\n<meta property=\"og:locale\" content=\"es_ES\" \/>\n<meta property=\"og:type\" content=\"article\" \/>\n<meta property=\"og:title\" content=\"IND+I Day - Edici\u00f3n 2023 - IND+I 2025\" \/>\n<meta property=\"og:description\" content=\"Viladecans vol ser altra vegada el referent a Catalunya en l\u2019\u00e0mbit de la divulgaci\u00f3 i la discussi\u00f3 de tend\u00e8ncies i innovacions industrials i les pol\u00edtiques que les poden impulsar.\" \/>\n<meta property=\"og:url\" content=\"https:\/\/indi.cat\/es\/indi-day\/indi-day-edicion-2023\/\" \/>\n<meta property=\"og:site_name\" content=\"IND+I 2025\" \/>\n<meta property=\"article:modified_time\" content=\"2026-03-05T12:34:10+00:00\" \/>\n<meta property=\"og:image\" content=\"https:\/\/indi.cat\/wp-content\/uploads\/indi2021.png\" \/>\n\t<meta property=\"og:image:width\" content=\"1025\" \/>\n\t<meta property=\"og:image:height\" content=\"506\" \/>\n\t<meta property=\"og:image:type\" content=\"image\/png\" \/>\n<meta name=\"twitter:card\" content=\"summary_large_image\" \/>\n<meta name=\"twitter:title\" content=\"IND+I Day - Edici\u00f3n 2023 - IND+I 2025\" \/>\n<meta name=\"twitter:description\" content=\"Viladecans vol ser altra vegada el referent a Catalunya en l\u2019\u00e0mbit de la divulgaci\u00f3 i la discussi\u00f3 de tend\u00e8ncies i innovacions industrials i les pol\u00edtiques que les poden impulsar.\" \/>\n<meta name=\"twitter:image\" content=\"https:\/\/indi.cat\/wp-content\/uploads\/indi2021.png\" \/>\n<meta name=\"twitter:site\" content=\"@INDI_viladecans\" \/>\n<script type=\"application\/ld+json\" class=\"yoast-schema-graph\">{\"@context\":\"https:\/\/schema.org\",\"@graph\":[{\"@type\":\"WebPage\",\"@id\":\"https:\/\/indi.cat\/es\/indi-day\/indi-day-edicion-2023\/\",\"url\":\"https:\/\/indi.cat\/es\/indi-day\/indi-day-edicion-2023\/\",\"name\":\"IND+I Day - Edici\u00f3n 2023 - IND+I 2025\",\"isPartOf\":{\"@id\":\"https:\/\/indi.cat\/#website\"},\"primaryImageOfPage\":{\"@id\":\"https:\/\/indi.cat\/es\/indi-day\/indi-day-edicion-2023\/#primaryimage\"},\"image\":{\"@id\":\"https:\/\/indi.cat\/es\/indi-day\/indi-day-edicion-2023\/#primaryimage\"},\"thumbnailUrl\":\"https:\/\/indi.cat\/wp-content\/uploads\/indiday2023-cast-1.jpg\",\"datePublished\":\"2024-02-27T12:17:59+00:00\",\"dateModified\":\"2026-03-05T12:34:10+00:00\",\"description\":\"Viladecans vol ser altra vegada el referent a Catalunya en l\u2019\u00e0mbit de la divulgaci\u00f3 i la discussi\u00f3 de tend\u00e8ncies i innovacions industrials i les pol\u00edtiques que les poden impulsar.\",\"breadcrumb\":{\"@id\":\"https:\/\/indi.cat\/es\/indi-day\/indi-day-edicion-2023\/#breadcrumb\"},\"inLanguage\":\"es\",\"potentialAction\":[{\"@type\":\"ReadAction\",\"target\":[\"https:\/\/indi.cat\/es\/indi-day\/indi-day-edicion-2023\/\"]}]},{\"@type\":\"ImageObject\",\"inLanguage\":\"es\",\"@id\":\"https:\/\/indi.cat\/es\/indi-day\/indi-day-edicion-2023\/#primaryimage\",\"url\":\"https:\/\/indi.cat\/wp-content\/uploads\/indiday2023-cast-1.jpg\",\"contentUrl\":\"https:\/\/indi.cat\/wp-content\/uploads\/indiday2023-cast-1.jpg\",\"width\":1188,\"height\":645},{\"@type\":\"BreadcrumbList\",\"@id\":\"https:\/\/indi.cat\/es\/indi-day\/indi-day-edicion-2023\/#breadcrumb\",\"itemListElement\":[{\"@type\":\"ListItem\",\"position\":1,\"name\":\"Home\",\"item\":\"https:\/\/indi.cat\/es\/\"},{\"@type\":\"ListItem\",\"position\":2,\"name\":\"IND+I Day\",\"item\":\"https:\/\/indi.cat\/es\/indi-day\/\"},{\"@type\":\"ListItem\",\"position\":3,\"name\":\"IND+I Day &#8211; Edici\u00f3n 2023\"}]},{\"@type\":\"WebSite\",\"@id\":\"https:\/\/indi.cat\/#website\",\"url\":\"https:\/\/indi.cat\/\",\"name\":\"IND+I 2025\",\"description\":\"Viladecans\",\"potentialAction\":[{\"@type\":\"SearchAction\",\"target\":{\"@type\":\"EntryPoint\",\"urlTemplate\":\"https:\/\/indi.cat\/?s={search_term_string}\"},\"query-input\":{\"@type\":\"PropertyValueSpecification\",\"valueRequired\":true,\"valueName\":\"search_term_string\"}}],\"inLanguage\":\"es\"}]}<\/script>\n<!-- \/ Yoast SEO plugin. -->","yoast_head_json":{"title":"IND+I Day - Edici\u00f3n 2023 - IND+I 2025","description":"Viladecans vol ser altra vegada el referent a Catalunya en l\u2019\u00e0mbit de la divulgaci\u00f3 i la discussi\u00f3 de tend\u00e8ncies i innovacions industrials i les pol\u00edtiques que les poden impulsar.","robots":{"index":"index","follow":"follow","max-snippet":"max-snippet:-1","max-image-preview":"max-image-preview:large","max-video-preview":"max-video-preview:-1"},"canonical":"https:\/\/indi.cat\/es\/indi-day\/indi-day-edicion-2023\/","og_locale":"es_ES","og_type":"article","og_title":"IND+I Day - Edici\u00f3n 2023 - IND+I 2025","og_description":"Viladecans vol ser altra vegada el referent a Catalunya en l\u2019\u00e0mbit de la divulgaci\u00f3 i la discussi\u00f3 de tend\u00e8ncies i innovacions industrials i les pol\u00edtiques que les poden impulsar.","og_url":"https:\/\/indi.cat\/es\/indi-day\/indi-day-edicion-2023\/","og_site_name":"IND+I 2025","article_modified_time":"2026-03-05T12:34:10+00:00","og_image":[{"width":1025,"height":506,"url":"https:\/\/indi.cat\/wp-content\/uploads\/indi2021.png","type":"image\/png"}],"twitter_card":"summary_large_image","twitter_title":"IND+I Day - Edici\u00f3n 2023 - IND+I 2025","twitter_description":"Viladecans vol ser altra vegada el referent a Catalunya en l\u2019\u00e0mbit de la divulgaci\u00f3 i la discussi\u00f3 de tend\u00e8ncies i innovacions industrials i les pol\u00edtiques que les poden impulsar.","twitter_image":"https:\/\/indi.cat\/wp-content\/uploads\/indi2021.png","twitter_site":"@INDI_viladecans","schema":{"@context":"https:\/\/schema.org","@graph":[{"@type":"WebPage","@id":"https:\/\/indi.cat\/es\/indi-day\/indi-day-edicion-2023\/","url":"https:\/\/indi.cat\/es\/indi-day\/indi-day-edicion-2023\/","name":"IND+I Day - Edici\u00f3n 2023 - IND+I 2025","isPartOf":{"@id":"https:\/\/indi.cat\/#website"},"primaryImageOfPage":{"@id":"https:\/\/indi.cat\/es\/indi-day\/indi-day-edicion-2023\/#primaryimage"},"image":{"@id":"https:\/\/indi.cat\/es\/indi-day\/indi-day-edicion-2023\/#primaryimage"},"thumbnailUrl":"https:\/\/indi.cat\/wp-content\/uploads\/indiday2023-cast-1.jpg","datePublished":"2024-02-27T12:17:59+00:00","dateModified":"2026-03-05T12:34:10+00:00","description":"Viladecans vol ser altra vegada el referent a Catalunya en l\u2019\u00e0mbit de la divulgaci\u00f3 i la discussi\u00f3 de tend\u00e8ncies i innovacions industrials i les pol\u00edtiques que les poden impulsar.","breadcrumb":{"@id":"https:\/\/indi.cat\/es\/indi-day\/indi-day-edicion-2023\/#breadcrumb"},"inLanguage":"es","potentialAction":[{"@type":"ReadAction","target":["https:\/\/indi.cat\/es\/indi-day\/indi-day-edicion-2023\/"]}]},{"@type":"ImageObject","inLanguage":"es","@id":"https:\/\/indi.cat\/es\/indi-day\/indi-day-edicion-2023\/#primaryimage","url":"https:\/\/indi.cat\/wp-content\/uploads\/indiday2023-cast-1.jpg","contentUrl":"https:\/\/indi.cat\/wp-content\/uploads\/indiday2023-cast-1.jpg","width":1188,"height":645},{"@type":"BreadcrumbList","@id":"https:\/\/indi.cat\/es\/indi-day\/indi-day-edicion-2023\/#breadcrumb","itemListElement":[{"@type":"ListItem","position":1,"name":"Home","item":"https:\/\/indi.cat\/es\/"},{"@type":"ListItem","position":2,"name":"IND+I Day","item":"https:\/\/indi.cat\/es\/indi-day\/"},{"@type":"ListItem","position":3,"name":"IND+I Day &#8211; Edici\u00f3n 2023"}]},{"@type":"WebSite","@id":"https:\/\/indi.cat\/#website","url":"https:\/\/indi.cat\/","name":"IND+I 2025","description":"Viladecans","potentialAction":[{"@type":"SearchAction","target":{"@type":"EntryPoint","urlTemplate":"https:\/\/indi.cat\/?s={search_term_string}"},"query-input":{"@type":"PropertyValueSpecification","valueRequired":true,"valueName":"search_term_string"}}],"inLanguage":"es"}]}},"_links":{"self":[{"href":"https:\/\/indi.cat\/es\/wp-json\/wp\/v2\/pages\/111377","targetHints":{"allow":["GET"]}}],"collection":[{"href":"https:\/\/indi.cat\/es\/wp-json\/wp\/v2\/pages"}],"about":[{"href":"https:\/\/indi.cat\/es\/wp-json\/wp\/v2\/types\/page"}],"author":[{"embeddable":true,"href":"https:\/\/indi.cat\/es\/wp-json\/wp\/v2\/users\/1"}],"replies":[{"embeddable":true,"href":"https:\/\/indi.cat\/es\/wp-json\/wp\/v2\/comments?post=111377"}],"version-history":[{"count":0,"href":"https:\/\/indi.cat\/es\/wp-json\/wp\/v2\/pages\/111377\/revisions"}],"up":[{"embeddable":true,"href":"https:\/\/indi.cat\/es\/wp-json\/wp\/v2\/pages\/112241"}],"wp:featuredmedia":[{"embeddable":true,"href":"https:\/\/indi.cat\/es\/wp-json\/wp\/v2\/media\/111144"}],"wp:attachment":[{"href":"https:\/\/indi.cat\/es\/wp-json\/wp\/v2\/media?parent=111377"}],"curies":[{"name":"wp","href":"https:\/\/api.w.org\/{rel}","templated":true}]}}